{"id":11933,"date":"2025-08-06T10:31:03","date_gmt":"2025-08-06T08:31:03","guid":{"rendered":"https:\/\/alltagsmedien.ftmk.uni-mainz.de\/?page_id=11933"},"modified":"2026-02-19T08:29:42","modified_gmt":"2026-02-19T07:29:42","slug":"laura-muecke","status":"publish","type":"page","link":"https:\/\/alltagsmedien.ftmk.uni-mainz.de\/en\/laura-muecke\/","title":{"rendered":"Laura M\u00fccke"},"content":{"rendered":"<jgu-base-section react-props=\"{&quot;translatedWithWPMLTM&quot;:&quot;1&quot;,&quot;color&quot;:&quot;dark&quot;,&quot;align&quot;:&quot;wide&quot;,&quot;padding&quot;:&quot;medium&quot;}\">\n<div class=\"jgu-bgsection bg bg-dark\"><div class=\"content padding-medium\"><jgu-base-heading react-props=\"{\n    &quot;index&quot;: &quot;Scientific collaboration&quot;,\n    &quot;color&quot;: &quot;default&quot;,\n    &quot;tags&quot;: {\n        &quot;htmlTag&quot;: &quot;h2&quot;,\n        &quot;classTag&quot;: &quot;&quot;,\n        &quot;tag&quot;: &quot;h2&quot;\n    },\n    &quot;heading&quot;: &quot;Dr. Laura Katharina M\\u00fccke&lt;br&gt;&quot;,\n    &quot;textAlign&quot;: &quot;left&quot;,\n    &quot;anchor&quot;: &quot;&quot;\n}\"><\/jgu-base-heading>\n\n\n\n<div class=\"wp-block-columns is-layout-flex wp-container-core-columns-is-layout-9d6595d7 wp-block-columns-is-layout-flex\">\n<div class=\"wp-block-column is-layout-flow wp-block-column-is-layout-flow\" style=\"flex-basis:100%\">\n<div class=\"wp-block-columns is-layout-flex wp-container-core-columns-is-layout-9d6595d7 wp-block-columns-is-layout-flex\">\n<div class=\"wp-block-column is-layout-flow wp-block-column-is-layout-flow\" style=\"flex-basis:20%\"><jgu-base-image react-props=\"{\n    &quot;align&quot;: &quot;left&quot;,\n    &quot;image&quot;: {\n        &quot;url&quot;: &quot;https:\\\/\\\/cms.zdv.uni-mainz.de\\\/fb05-ftmk-alltagsmedien\\\/wp-content\\\/uploads\\\/sites\\\/882\\\/2025\\\/10\\\/muecke_foto_3x4.jpg&quot;,\n        &quot;id&quot;: 11418,\n        &quot;title&quot;: &quot;m\\u00fccke_foto_3x4&quot;,\n        &quot;width&quot;: 1125,\n        &quot;height&quot;: 1500,\n        &quot;srcset&quot;: &quot;https:\\\/\\\/cms.zdv.uni-mainz.de\\\/fb05-ftmk-alltagsmedien\\\/wp-content\\\/uploads\\\/sites\\\/882\\\/2025\\\/10\\\/muecke_foto_3x4.jpg 1125w, https:\\\/\\\/cms.zdv.uni-mainz.de\\\/fb05-ftmk-alltagsmedien\\\/wp-content\\\/uploads\\\/sites\\\/882\\\/2025\\\/10\\\/muecke_foto_3x4-225x300.jpg 225w, https:\\\/\\\/cms.zdv.uni-mainz.de\\\/fb05-ftmk-alltagsmedien\\\/wp-content\\\/uploads\\\/sites\\\/882\\\/2025\\\/10\\\/muecke_foto_3x4-768x1024.jpg 768w&quot;\n    },\n    &quot;width&quot;: 437,\n    &quot;hasLightbox&quot;: false,\n    &quot;caption&quot;: &quot;&quot;,\n    &quot;imgWidth&quot;: 0,\n    &quot;link&quot;: {\n        &quot;url&quot;: &quot;&quot;,\n        &quot;target&quot;: &quot;&quot;,\n        &quot;rel&quot;: &quot;&quot;\n    }\n}\" class=\"align-left\">\n    \n<\/jgu-base-image><\/div>\n\n\n\n<div class=\"wp-block-column is-layout-flow wp-block-column-is-layout-flow\" style=\"flex-basis:70%\">\n<p class=\"has-small-font-size\"><strong>Dr.<\/strong> <strong>Laura Katharina M\u00fccke<\/strong>, academic staff member (100%) in the research unit &#8220;Everyday Media and Digital Cultures&#8221;. Doctorate 2025 with &#8220;Medien-Immersionen und die Anderen. Feministische, kritisch-ph\u00e4nomenologische Perspektiven&#8221;&#8221; at the University of Vienna. Further academic affiliations: 2019-2022 University assistant PraeDoc at the professorship &#8220;Theory of Film&#8221;, University of Vienna. 2016-2019 academic employee in film studies, University of Mainz. M\u00fccke is a member of the editorial board of the journal <a href=\"https:\/\/www.montage-av.de\/\">Montage AV<\/a> and co-founded the initiative (FTMK) Mainz Unbefristet.      <\/p>\n\n\n\n<p><\/p>\n\n\n<jgu-base-tabs react-props=\"{\n    &quot;stackMobile&quot;: true,\n    &quot;hasAllOpenButton&quot;: false,\n    &quot;onlyOne&quot;: true,\n    &quot;enableSearch&quot;: true,\n    &quot;layout&quot;: {\n        &quot;type&quot;: &quot;flex&quot;,\n        &quot;flexWrap&quot;: &quot;nowrap&quot;,\n        &quot;justifyContent&quot;: &quot;left&quot;,\n        &quot;orientation&quot;: &quot;vertical&quot;\n    },\n    &quot;align&quot;: &quot;wide&quot;,\n    &quot;selected&quot;: 1,\n    &quot;ratio&quot;: 0,\n    &quot;autoRatio&quot;: true,\n    &quot;initAllClosed&quot;: true\n}\">\n    \n<jgu-base-tabsitem react-props=\"{\n    &quot;title&quot;: &quot;Contact&quot;,\n    &quot;slug&quot;: &quot;contact&quot;,\n    &quot;align&quot;: &quot;wide&quot;,\n    &quot;customSlug&quot;: false\n}\">\n    \n\n<p class=\"has-small-font-size\"><strong>Laura Katharina M\u00fccke, M.A.<\/strong><br \/>Academic Staff Member<br \/>Johannes Gutenberg University Mainz<br \/>Faculty 05<br \/>Institute for Film, Theater, Media and Cultural Studies<br \/>Everyday Media and Digital Cultures<br \/>Wallstra\u00dfe 11, Office: Room -01-246 (UG)<\/p>\n\n\n\n<p class=\"has-small-font-size\">E-mail: <a href=\"mailto:lamuecke@uni-mainz.de\">lamuecke@uni-mainz.de<\/a><\/p>\n\n\n<\/jgu-base-tabsitem>\n\n<jgu-base-tabsitem react-props=\"{\n    &quot;title&quot;: &quot;Research&quot;,\n    &quot;slug&quot;: &quot;main-research-areas&quot;,\n    &quot;align&quot;: &quot;wide&quot;,\n    &quot;customSlug&quot;: false\n}\">\n    \n\n<ul class=\"wp-block-list\">\n<li>Critical phenomenology and the politics of marginalized bodies<\/li>\n\n\n\n<li>Theories of social items, esp. TikTok <\/li>\n\n\n\n<li>Subject theories of gender and queer studies<\/li>\n\n\n\n<li>Digital citizenship, migration and postcolonial theory<\/li>\n\n\n\n<li>Everyday life and aesthetic theory (19th, 20th and 21st centuries)  <\/li>\n<\/ul>\n\n\n<\/jgu-base-tabsitem>\n\n<jgu-base-tabsitem react-props=\"{\n    &quot;title&quot;: &quot;Teaching&quot;,\n    &quot;slug&quot;: &quot;teaching&quot;,\n    &quot;align&quot;: &quot;wide&quot;,\n    &quot;customSlug&quot;: false\n}\">\n    \n\t<ol class=\"wp-block-list has-big-font-size\">\n\t\t\t\t\t<li>\n\t\t\t<a href=\"?event_id=395857929075359&amp;skip_groups=false\">\n\t\t\t\tMA S. FTMK interdisziplin\u00e4r I: Verr\u00e4terische Figuren? Feministische Archivpraxis in der Theater- und Medienwissenschaft<\/a><br>\n\t\t\t\tInstructor: Laura Katharina M\u00fccke M.A.\t\t\t\t\t\t<\/li>\n\t\t\t\t\t<li>\n\t\t\t<a href=\"?event_id=395857929109382&amp;skip_groups=false\">\n\t\t\t\tMA S. FTMK interdisziplin\u00e4r II: Verr\u00e4terische Figuren? Feministische Archivpraxis in der Theater- und Medienwissenschaft<\/a><br>\n\t\t\t\tInstructor: Laura Katharina M\u00fccke M.A.\t\t\t\t\t\t<\/li>\n\t\t\t\t\t<li>\n\t\t\t<a href=\"?event_id=395856879452440&amp;skip_groups=false\">\n\t\t\t\t\u00dcbung zur Vorlesung (Sommer): Tik Tok<\/a><br>\n\t\t\t\tInstructor: Laura Katharina M\u00fccke M.A.\t\t\t\t\t\t<\/li>\n\t\t<\/ol>\n\t<hr>\n<p>\n\tSoSe 2026\t<\/p>\n\n\n\n<\/jgu-base-tabsitem>\n\n<jgu-base-tabsitem react-props=\"{\n    &quot;title&quot;: &quot;Consultation Hour&quot;,\n    &quot;slug&quot;: &quot;consultation hour&quot;,\n    &quot;align&quot;: &quot;wide&quot;,\n    &quot;customSlug&quot;: false\n}\">\n    \n\n<p class=\"has-small-font-size\">Consultation hours in winter semester 2025\/26: <strong>Tue 12-13 h<\/strong><\/p>\n\n\n\n<p class=\"has-small-font-size\">The consultation hours take place in my office during the lecture period in presence and online outside the lecture period. Please log in for a consultation hour <a href=\"https:\/\/nuudel.digitalcourage.de\/y8ePH1EwbXGm425u\" data-type=\"link\" data-id=\"https:\/\/nuudel.digitalcourage.de\/y8ePH1EwbXGm425u\" target=\"_blank\" rel=\"noreferrer noopener\">here<\/a> (an additional email is not necessary). For shorter requests please block 15 minutes, for longer requests 30 or max. 60 minutes.   <\/p>\n\n\n\n<p class=\"has-small-font-size\"><\/p>\n\n\n<\/jgu-base-tabsitem>\n\n<jgu-base-tabsitem react-props=\"{\n    &quot;title&quot;: &quot;News&quot;,\n    &quot;slug&quot;: &quot;news&quot;,\n    &quot;align&quot;: &quot;wide&quot;,\n    &quot;customSlug&quot;: false\n}\">\n    \n\n<p>Current lectures<\/p>\n\n\n\n<ul class=\"wp-block-list\">\n<li>\u201eKunsterfahrung, Reflexivit\u00e4t, Vernunftsubjekt? Eine Kritik an medialen Immersionstheorien als Allmachtsphantasien zwischen Dolf Sternberger (1938) und Anna Kornbluh (2023)\u201c Vortrag auf dem Workshop<em> Visualisierte Bilder. Bildende Kunst im (post-)modernen Film <\/em>. University of Luxembourg, December 4-5, 2025. <\/li>\n\n\n\n<li>\u201eM\u00e4nner hassen\u201c. With Sebastian Althoff during the Workshop \u201e(Kein) Mann sein. trans- &amp; queere M\u00e4nnlichkeiten in Zeiten der Faschisierung\u201c of the <em>AG Gender-\/Queer Studies und Medienwissenschaft, <\/em>University of Vienna, October 9-10 2025. <\/li>\n\n\n\n<li>\u201eInwieweit ist Hausarbeit strukturell benachteiligend? Lecture as part of the panel \u201eMacht.Sauber\u201c during the<em> Jahrestagung der Gesellschaft f\u00fcr Medienwissenschaft<\/em>, University of Paderborn, September 16-19 2025.<\/li>\n\n\n\n<li>\u201eQueerfeministische(s) Gegen\/Arbeiten zu Theorien \u00c4sthetischer Erfahrung. Lu M\u00e4rten und Vernon Lee.\u201c Lecture as part of the lecture series  <em>Arbeit. Kunst- und medienhistorische Aushandlungen seit dem 19. Jahrhundert <\/em>  by Kristina K\u00f6hler, University of Cologne, July 10, 2025.<\/li>\n<\/ul>\n\n\n\n<p>Current Publications<\/p>\n\n\n\n<p><em>Article  <\/em><\/p>\n\n\n\n<ul class=\"wp-block-list\">\n<li>Konrad, Melanie \/ M\u00fccke, Laura Katharina \/ Seibert, Katharina (2025): &#8220;Widerst\u00e4nde gegen systematische Angriffe auf sozialkritische Forschung an Universit\u00e4ten? Der Fall Gender Studies&#8221;. <em>Berliner Gazette<\/em> (02.06.2025). <a href=\"https:\/\/berlinergazette.de\/de\/widerstaende-gegen-systematische-angriffe-auf-sozialkritische-forschung-an-universitaeten-der-fall-der-gender-studies\/\">https:\/\/berlinergazette.de\/de\/widerstaende-gegen-systematische-angriffe-auf-sozialkritische-forschung-an-universitaeten-der-fall-der-gender-studies\/<\/a> <\/li>\n\n\n\n<li>Poljan\u0161ek, Tom \/ M\u00fccke, Laura Katharina (2025): &#8220;Immersive Situativity. (Anthropological) Perspectives on Being in\/out of Sync&#8221;. In: Philippe B\u00e9dard, Philippe \/ Thain, Alanna, Therrien, Carl (eds.): <em>States of Immersion: Bodies, Media Technologies.<\/em> Amsterdam: Amsterdam University Press, pp. 33-54.   <\/li>\n\n\n\n<li>Wolf, Deborah \/ M\u00fccke, Laura Katharina M\u00fccke \/ Althoff, Sebastian (2025): &#8220;(All-)Tage im Internet. Unzuverl\u00e4ssige Erz\u00e4hlungen&#8221;. <em>ffk journal<\/em> (10\/2025), pp.1\u201314. <\/li>\n\n\n\n<li>M\u00fccke, Laura Katharina (2024): &#8220;#belarus2020. Kollaborative Bilder und weibliche* Verteilungsstrategien auf TikTok&#8221;. In: Moskatova, Olga \/ M\u00fccke, Laura Katharina. (eds.): B   <em>ild | Kan\u00e4le. Zur Theorie und \u00c4sthetik vernetzter Medienkultur. <\/em>  W\u00fcrzburg: K\u00f6nigshausen &amp; Neumann, pp. 215-246.<\/li>\n<\/ul>\n\n\n\n<p><em>Publishers<\/em><\/p>\n\n\n\n<ul class=\"wp-block-list\">\n<li>Freitag, Florian \/ M\u00fccke, Laura Katharina \/ Niederm\u00fcller, Peter (eds.) (2025):  <em>Silence, Sounds, Music. Acoustic Dimensions of Immersion.   <\/em>London: Routledge.<\/li>\n\n\n\n<li>Moskatova, Olga \/ M\u00fccke, Laura Katharina (eds.) (2024):  <em>Image | Channels. On the theory and aesthetics of networked media culture.   <\/em>W\u00fcrzburg: K\u00f6nigshausen &amp; Neumann.<\/li>\n<\/ul>\n\n\n\n<p>Other news<\/p>\n\n\n\n<ul class=\"wp-block-list\">\n<li>Laura Katharina M\u00fccke is offering a seminar on the topic of &#8220;Critical Masculinity&#8221; at Mainz University of Applied Sciences in the time-based media degree program in the winter semester 2025\/26.<\/li>\n\n\n\n<li>Laura Katharina M\u00fccke was awarded the Karsten Witte Prize of the AG Filmwissenschaft in September 2025.<\/li>\n<\/ul>\n\n\n\n<p><\/p>\n\n\n<\/jgu-base-tabsitem>\n\n<jgu-base-tabsitem react-props=\"{\n    &quot;title&quot;: &quot;CV&quot;,\n    &quot;slug&quot;: &quot;CV&quot;,\n    &quot;align&quot;: &quot;wide&quot;,\n    &quot;customSlug&quot;: false\n}\">\n    \n\n<p class=\"has-small-font-size\">The full CV of Laura Katharina M\u00fccke can be downloaded here:<\/p>\n\n\n\n<div data-wp-interactive=\"core\/file\" class=\"wp-block-file\"><object data-wp-bind--hidden=\"!state.hasPdfPreview\" hidden class=\"wp-block-file__embed\" data=\"https:\/\/alltagsmedien.ftmk.uni-mainz.de\/wp-content\/uploads\/sites\/882\/2025\/10\/Muecke_CV_2025b.pdf\" type=\"application\/pdf\" style=\"width:100%;height:600px\" aria-label=\"Embed of M\u00fccke_CV_2025b.\"><\/object><a id=\"wp-block-file--media-32caa05b-75fa-4a60-a338-be0552151207\" href=\"https:\/\/alltagsmedien.ftmk.uni-mainz.de\/wp-content\/uploads\/sites\/882\/2025\/10\/Muecke_CV_2025b.pdf\">M\u00fccke_CV_2025b<\/a><a href=\"https:\/\/alltagsmedien.ftmk.uni-mainz.de\/wp-content\/uploads\/sites\/882\/2025\/10\/Muecke_CV_2025b.pdf\" class=\"wp-block-file__button wp-element-button\" aria-describedby=\"wp-block-file--media-32caa05b-75fa-4a60-a338-be0552151207\">Download<\/a><\/div>\n\n\n<\/jgu-base-tabsitem>\n\n<\/jgu-base-tabs><\/div>\n<\/div>\n<\/div>\n<\/div>\n\n\n\n<div class=\"wp-block-group is-layout-constrained wp-block-group-is-layout-constrained\" \/>\n<\/div><\/div>\n<\/jgu-base-section>    <div style=\"display: none\">\n        \n    <\/div>","protected":false},"excerpt":{"rendered":"","protected":false},"author":2184,"featured_media":0,"parent":0,"menu_order":0,"comment_status":"closed","ping_status":"closed","template":"","meta":{"footnotes":""},"categories":[],"tags":[],"class_list":["post-11933","page","type-page","status-publish","hentry"],"content_raw":"<!-- wp:jgu\/section {\"translatedWithWPMLTM\":\"1\",\"color\":\"dark\"} -->\n<div class=\"jgu-bgsection bg bg-dark\"><div class=\"content padding-medium\"><!-- wp:jgu\/heading {\"index\":\"Scientific collaboration\",\"color\":\"default\",\"tags\":{\"htmlTag\":\"h2\",\"classTag\":\"\",\"tag\":\"h2\"},\"heading\":\"Dr. Laura Katharina M\u00fccke\\u003cbr\\u003e\"} \/-->\n\n<!-- wp:columns -->\n<div class=\"wp-block-columns\"><!-- wp:column {\"width\":\"100%\"} -->\n<div class=\"wp-block-column\" style=\"flex-basis:100%\"><!-- wp:columns -->\n<div class=\"wp-block-columns\"><!-- wp:column {\"width\":\"20%\"} -->\n<div class=\"wp-block-column\" style=\"flex-basis:20%\"><!-- wp:jgu\/image {\"align\":\"left\",\"image\":{\"url\":null,\"id\":11418},\"width\":437} \/--><\/div>\n<!-- \/wp:column -->\n\n<!-- wp:column {\"width\":\"70%\"} -->\n<div class=\"wp-block-column\" style=\"flex-basis:70%\"><!-- wp:paragraph {\"fontSize\":\"small\",\"translatedWithWPMLTM\":\"1\"} -->\n<p class=\"has-small-font-size\"><strong>Dr.<\/strong> <strong>Laura Katharina M\u00fccke<\/strong>, academic staff member (100%) in the research unit \"Everyday Media and Digital Cultures\". Doctorate 2025 with \"Medien-Immersionen und die Anderen. Feministische, kritisch-ph\u00e4nomenologische Perspektiven\"\" at the University of Vienna. Further academic affiliations: 2019-2022 University assistant PraeDoc at the professorship \"Theory of Film\", University of Vienna. 2016-2019 academic employee in film studies, University of Mainz. M\u00fccke is a member of the editorial board of the journal <a href=\"https:\/\/www.montage-av.de\/\">Montage AV<\/a> and co-founded the initiative (FTMK) Mainz Unbefristet.      <\/p>\n<!-- \/wp:paragraph -->\n\n<!-- wp:paragraph -->\n<p><\/p>\n<!-- \/wp:paragraph -->\n\n<!-- wp:jgu\/tabs {\"stackMobile\":true,\"hasAllOpenButton\":false,\"onlyOne\":true,\"enableSearch\":true,\"layout\":{\"type\":\"flex\",\"flexWrap\":\"nowrap\",\"justifyContent\":\"left\",\"orientation\":\"vertical\"}} -->\n<!-- wp:jgu\/tabs-item {\"title\":\"Contact\",\"slug\":\"contact\"} -->\n<!-- wp:paragraph {\"fontSize\":\"small\",\"translatedWithWPMLTM\":\"1\"} -->\n<p class=\"has-small-font-size\"><strong>Laura Katharina M\u00fccke, M.A.<\/strong><br \/>Academic Staff Member<br \/>Johannes Gutenberg University Mainz<br \/>Faculty 05<br \/>Institute for Film, Theater, Media and Cultural Studies<br \/>Everyday Media and Digital Cultures<br \/>Wallstra\u00dfe 11, Office: Room -01-246 (UG)<\/p>\n<!-- \/wp:paragraph -->\n\n<!-- wp:paragraph {\"fontSize\":\"small\",\"translatedWithWPMLTM\":\"1\"} -->\n<p class=\"has-small-font-size\">E-mail: <a href=\"mailto:lamuecke@uni-mainz.de\">lamuecke@uni-mainz.de<\/a><\/p>\n<!-- \/wp:paragraph -->\n<!-- \/wp:jgu\/tabs-item -->\n\n<!-- wp:jgu\/tabs-item {\"title\":\"Research\",\"slug\":\"main-research-areas\"} -->\n<!-- wp:list -->\n<ul><!-- wp:list-item {\"translatedWithWPMLTM\":\"1\"} -->\n<li>Critical phenomenology and the politics of marginalized bodies<\/li>\n<!-- \/wp:list-item -->\n\n<!-- wp:list-item {\"translatedWithWPMLTM\":\"1\"} -->\n<li>Theories of social items, esp. TikTok <\/li>\n<!-- \/wp:list-item -->\n\n<!-- wp:list-item {\"translatedWithWPMLTM\":\"1\"} -->\n<li>Subject theories of gender and queer studies<\/li>\n<!-- \/wp:list-item -->\n\n<!-- wp:list-item {\"translatedWithWPMLTM\":\"1\"} -->\n<li>Digital citizenship, migration and postcolonial theory<\/li>\n<!-- \/wp:list-item -->\n\n<!-- wp:list-item {\"translatedWithWPMLTM\":\"1\"} -->\n<li>Everyday life and aesthetic theory (19th, 20th and 21st centuries)  <\/li>\n<!-- \/wp:list-item --><\/ul>\n<!-- \/wp:list -->\n<!-- \/wp:jgu\/tabs-item -->\n\n<!-- wp:jgu\/tabs-item {\"title\":\"Teaching\",\"slug\":\"teaching\"} -->\n<!-- wp:jgu\/jogustine {\"instructor\":\"M\u00fccke\"} \/-->\n<!-- \/wp:jgu\/tabs-item -->\n\n<!-- wp:jgu\/tabs-item {\"title\":\"Consultation Hour\",\"slug\":\"consultation hour\"} -->\n<!-- wp:paragraph {\"fontSize\":\"small\",\"translatedWithWPMLTM\":\"1\"} -->\n<p class=\"has-small-font-size\">Consultation hours in winter semester 2025\/26: <strong>Tue 12-13 h<\/strong><\/p>\n<!-- \/wp:paragraph -->\n\n<!-- wp:paragraph {\"fontSize\":\"small\",\"translatedWithWPMLTM\":\"1\"} -->\n<p class=\"has-small-font-size\">The consultation hours take place in my office during the lecture period in presence and online outside the lecture period. Please log in for a consultation hour <a href=\"https:\/\/nuudel.digitalcourage.de\/y8ePH1EwbXGm425u\" data-type=\"link\" data-id=\"https:\/\/nuudel.digitalcourage.de\/y8ePH1EwbXGm425u\" target=\"_blank\" rel=\"noreferrer noopener\">here<\/a> (an additional email is not necessary). For shorter requests please block 15 minutes, for longer requests 30 or max. 60 minutes.   <\/p>\n<!-- \/wp:paragraph -->\n\n<!-- wp:paragraph {\"fontSize\":\"small\"} -->\n<p class=\"has-small-font-size\"><\/p>\n<!-- \/wp:paragraph -->\n<!-- \/wp:jgu\/tabs-item -->\n\n<!-- wp:jgu\/tabs-item {\"title\":\"News\",\"slug\":\"news\"} -->\n<!-- wp:paragraph {\"translatedWithWPMLTM\":\"1\"} -->\n<p>Current lectures<\/p>\n<!-- \/wp:paragraph -->\n\n<!-- wp:list -->\n<ul><!-- wp:list-item {\"translatedWithWPMLTM\":\"1\"} -->\n<li>\u201eKunsterfahrung, Reflexivit\u00e4t, Vernunftsubjekt? Eine Kritik an medialen Immersionstheorien als Allmachtsphantasien zwischen Dolf Sternberger (1938) und Anna Kornbluh (2023)\u201c Vortrag auf dem Workshop<em> Visualisierte Bilder. Bildende Kunst im (post-)modernen Film <\/em>. University of Luxembourg, December 4-5, 2025. <\/li>\n<!-- \/wp:list-item -->\n\n<!-- wp:list-item {\"translatedWithWPMLTM\":\"1\"} -->\n<li>\u201eM\u00e4nner hassen\u201c. With Sebastian Althoff during the Workshop \u201e(Kein) Mann sein. trans- &amp; queere M\u00e4nnlichkeiten in Zeiten der Faschisierung\u201c of the <em>AG Gender-\/Queer Studies und Medienwissenschaft, <\/em>University of Vienna, October 9-10 2025. <\/li>\n<!-- \/wp:list-item -->\n\n<!-- wp:list-item {\"translatedWithWPMLTM\":\"1\"} -->\n<li>\u201eInwieweit ist Hausarbeit strukturell benachteiligend? Lecture as part of the panel \u201eMacht.Sauber\u201c during the<em> Jahrestagung der Gesellschaft f\u00fcr Medienwissenschaft<\/em>, University of Paderborn, September 16-19 2025.<\/li>\n<!-- \/wp:list-item -->\n\n<!-- wp:list-item {\"translatedWithWPMLTM\":\"1\"} -->\n<li>\u201eQueerfeministische(s) Gegen\/Arbeiten zu Theorien \u00c4sthetischer Erfahrung. Lu M\u00e4rten und Vernon Lee.\u201c Lecture as part of the lecture series  <em>Arbeit. Kunst- und medienhistorische Aushandlungen seit dem 19. Jahrhundert <\/em>  by Kristina K\u00f6hler, University of Cologne, July 10, 2025.<\/li>\n<!-- \/wp:list-item --><\/ul>\n<!-- \/wp:list -->\n\n<!-- wp:paragraph {\"translatedWithWPMLTM\":\"1\"} -->\n<p>Current Publications<\/p>\n<!-- \/wp:paragraph -->\n\n<!-- wp:paragraph {\"translatedWithWPMLTM\":\"1\"} -->\n<p><em>Article  <\/em><\/p>\n<!-- \/wp:paragraph -->\n\n<!-- wp:list -->\n<ul><!-- wp:list-item {\"translatedWithWPMLTM\":\"1\"} -->\n<li>Konrad, Melanie \/ M\u00fccke, Laura Katharina \/ Seibert, Katharina (2025): \"Widerst\u00e4nde gegen systematische Angriffe auf sozialkritische Forschung an Universit\u00e4ten? Der Fall Gender Studies\". <em>Berliner Gazette<\/em> (02.06.2025). <a href=\"https:\/\/berlinergazette.de\/de\/widerstaende-gegen-systematische-angriffe-auf-sozialkritische-forschung-an-universitaeten-der-fall-der-gender-studies\/\">https:\/\/berlinergazette.de\/de\/widerstaende-gegen-systematische-angriffe-auf-sozialkritische-forschung-an-universitaeten-der-fall-der-gender-studies\/<\/a> <\/li>\n<!-- \/wp:list-item -->\n\n<!-- wp:list-item {\"translatedWithWPMLTM\":\"1\"} -->\n<li>Poljan\u0161ek, Tom \/ M\u00fccke, Laura Katharina (2025): \"Immersive Situativity. (Anthropological) Perspectives on Being in\/out of Sync\". In: Philippe B\u00e9dard, Philippe \/ Thain, Alanna, Therrien, Carl (eds.): <em>States of Immersion: Bodies, Media Technologies.<\/em> Amsterdam: Amsterdam University Press, pp. 33-54.   <\/li>\n<!-- \/wp:list-item -->\n\n<!-- wp:list-item {\"translatedWithWPMLTM\":\"1\"} -->\n<li>Wolf, Deborah \/ M\u00fccke, Laura Katharina M\u00fccke \/ Althoff, Sebastian (2025): \"(All-)Tage im Internet. Unzuverl\u00e4ssige Erz\u00e4hlungen\". <em>ffk journal<\/em> (10\/2025), pp.1\u201314. <\/li>\n<!-- \/wp:list-item -->\n\n<!-- wp:list-item {\"translatedWithWPMLTM\":\"1\"} -->\n<li>M\u00fccke, Laura Katharina (2024): \"#belarus2020. Kollaborative Bilder und weibliche* Verteilungsstrategien auf TikTok\". In: Moskatova, Olga \/ M\u00fccke, Laura Katharina. (eds.): B   <em>ild | Kan\u00e4le. Zur Theorie und \u00c4sthetik vernetzter Medienkultur. <\/em>  W\u00fcrzburg: K\u00f6nigshausen &amp; Neumann, pp. 215-246.<\/li>\n<!-- \/wp:list-item --><\/ul>\n<!-- \/wp:list -->\n\n<!-- wp:paragraph {\"translatedWithWPMLTM\":\"1\"} -->\n<p><em>Publishers<\/em><\/p>\n<!-- \/wp:paragraph -->\n\n<!-- wp:list -->\n<ul><!-- wp:list-item {\"translatedWithWPMLTM\":\"1\"} -->\n<li>Freitag, Florian \/ M\u00fccke, Laura Katharina \/ Niederm\u00fcller, Peter (eds.) (2025):  <em>Silence, Sounds, Music. Acoustic Dimensions of Immersion.   <\/em>London: Routledge.<\/li>\n<!-- \/wp:list-item -->\n\n<!-- wp:list-item {\"translatedWithWPMLTM\":\"1\"} -->\n<li>Moskatova, Olga \/ M\u00fccke, Laura Katharina (eds.) (2024):  <em>Image | Channels. On the theory and aesthetics of networked media culture.   <\/em>W\u00fcrzburg: K\u00f6nigshausen &amp; Neumann.<\/li>\n<!-- \/wp:list-item --><\/ul>\n<!-- \/wp:list -->\n\n<!-- wp:paragraph {\"translatedWithWPMLTM\":\"1\"} -->\n<p>Other news<\/p>\n<!-- \/wp:paragraph -->\n\n<!-- wp:list -->\n<ul><!-- wp:list-item {\"translatedWithWPMLTM\":\"1\"} -->\n<li>Laura Katharina M\u00fccke is offering a seminar on the topic of \"Critical Masculinity\" at Mainz University of Applied Sciences in the time-based media degree program in the winter semester 2025\/26.<\/li>\n<!-- \/wp:list-item -->\n\n<!-- wp:list-item {\"translatedWithWPMLTM\":\"1\"} -->\n<li>Laura Katharina M\u00fccke was awarded the Karsten Witte Prize of the AG Filmwissenschaft in September 2025.<\/li>\n<!-- \/wp:list-item --><\/ul>\n<!-- \/wp:list -->\n\n<!-- wp:paragraph -->\n<p><\/p>\n<!-- \/wp:paragraph -->\n<!-- \/wp:jgu\/tabs-item -->\n\n<!-- wp:jgu\/tabs-item {\"title\":\"CV\",\"slug\":\"CV\"} -->\n<!-- wp:paragraph {\"fontSize\":\"small\",\"translatedWithWPMLTM\":\"1\"} -->\n<p class=\"has-small-font-size\">The full CV of Laura Katharina M\u00fccke can be downloaded here:<\/p>\n<!-- \/wp:paragraph -->\n\n<!-- wp:file {\"id\":11265,\"href\":\"https:\/\/cms.zdv.uni-mainz.de\/fb05-ftmk-alltagsmedien\/wp-content\/uploads\/sites\/882\/2025\/10\/Muecke_CV_2025b.pdf\",\"displayPreview\":true,\"translatedWithWPMLTM\":\"1\"} -->\n<div class=\"wp-block-file\"><object class=\"wp-block-file__embed\" data=\"https:\/\/cms.zdv.uni-mainz.de\/fb05-ftmk-alltagsmedien\/wp-content\/uploads\/sites\/882\/2025\/10\/Muecke_CV_2025b.pdf\" type=\"application\/pdf\" style=\"width:100%;height:600px\" aria-label=\"M&#xFC;cke_CV_2025b\"><\/object><a id=\"wp-block-file--media-32caa05b-75fa-4a60-a338-be0552151207\" href=\"https:\/\/cms.zdv.uni-mainz.de\/fb05-ftmk-alltagsmedien\/wp-content\/uploads\/sites\/882\/2025\/10\/Muecke_CV_2025b.pdf\">M\u00fccke_CV_2025b<\/a><a href=\"https:\/\/cms.zdv.uni-mainz.de\/fb05-ftmk-alltagsmedien\/wp-content\/uploads\/sites\/882\/2025\/10\/Muecke_CV_2025b.pdf\" class=\"wp-block-file__button wp-element-button\" aria-describedby=\"wp-block-file--media-32caa05b-75fa-4a60-a338-be0552151207\">Download<\/a><\/div>\n<!-- \/wp:file -->\n<!-- \/wp:jgu\/tabs-item -->\n<!-- \/wp:jgu\/tabs --><\/div>\n<!-- \/wp:column --><\/div>\n<!-- \/wp:columns --><\/div>\n<!-- \/wp:column --><\/div>\n<!-- \/wp:columns -->\n\n<!-- wp:group {\"layout\":{\"type\":\"constrained\"},\"translatedWithWPMLTM\":\"1\"} -->\n<div class=\"wp-block-group\" \/>\n<!-- \/wp:group --><\/div><\/div>\n<!-- \/wp:jgu\/section -->","_links":{"self":[{"href":"https:\/\/alltagsmedien.ftmk.uni-mainz.de\/en\/wp-json\/wp\/v2\/pages\/11933","targetHints":{"allow":["GET"]}}],"collection":[{"href":"https:\/\/alltagsmedien.ftmk.uni-mainz.de\/en\/wp-json\/wp\/v2\/pages"}],"about":[{"href":"https:\/\/alltagsmedien.ftmk.uni-mainz.de\/en\/wp-json\/wp\/v2\/types\/page"}],"author":[{"embeddable":true,"href":"https:\/\/alltagsmedien.ftmk.uni-mainz.de\/en\/wp-json\/wp\/v2\/users\/2184"}],"replies":[{"embeddable":true,"href":"https:\/\/alltagsmedien.ftmk.uni-mainz.de\/en\/wp-json\/wp\/v2\/comments?post=11933"}],"version-history":[{"count":4,"href":"https:\/\/alltagsmedien.ftmk.uni-mainz.de\/en\/wp-json\/wp\/v2\/pages\/11933\/revisions"}],"predecessor-version":[{"id":12025,"href":"https:\/\/alltagsmedien.ftmk.uni-mainz.de\/en\/wp-json\/wp\/v2\/pages\/11933\/revisions\/12025"}],"wp:attachment":[{"href":"https:\/\/alltagsmedien.ftmk.uni-mainz.de\/en\/wp-json\/wp\/v2\/media?parent=11933"}],"wp:term":[{"taxonomy":"category","embeddable":true,"href":"https:\/\/alltagsmedien.ftmk.uni-mainz.de\/en\/wp-json\/wp\/v2\/categories?post=11933"},{"taxonomy":"post_tag","embeddable":true,"href":"https:\/\/alltagsmedien.ftmk.uni-mainz.de\/en\/wp-json\/wp\/v2\/tags?post=11933"}],"curies":[{"name":"wp","href":"https:\/\/api.w.org\/{rel}","templated":true}]}}