{"id":11866,"date":"2025-07-28T21:06:31","date_gmt":"2025-07-28T19:06:31","guid":{"rendered":"https:\/\/alltagsmedien.ftmk.uni-mainz.de\/?page_id=11866"},"modified":"2026-04-10T10:02:37","modified_gmt":"2026-04-10T08:02:37","slug":"chris-tedjasukmana","status":"publish","type":"page","link":"https:\/\/alltagsmedien.ftmk.uni-mainz.de\/en\/chris-tedjasukmana\/","title":{"rendered":"Chris Tedjasukmana"},"content":{"rendered":"\n<div class=\"wp-block-columns is-layout-flex wp-container-core-columns-is-layout-9d6595d7 wp-block-columns-is-layout-flex\">\n<div class=\"wp-block-column is-layout-flow wp-block-column-is-layout-flow\" style=\"flex-basis:100%\"><jgu-base-section react-props=\"{&quot;color&quot;:&quot;dark&quot;,&quot;align&quot;:&quot;wide&quot;,&quot;padding&quot;:&quot;medium&quot;}\">\n<div class=\"jgu-bgsection bg bg-dark \"><div class=\"content padding-medium\"><jgu-base-heading react-props=\"{\n    &quot;index&quot;: &quot;Professor for Everyday Media and Digital Cultures&quot;,\n    &quot;color&quot;: &quot;default&quot;,\n    &quot;tags&quot;: {\n        &quot;htmlTag&quot;: &quot;h2&quot;,\n        &quot;classTag&quot;: &quot;&quot;,\n        &quot;tag&quot;: &quot;h2&quot;\n    },\n    &quot;heading&quot;: &quot;Prof. Dr. Chris Tedjasukmana&lt;br&gt;&quot;,\n    &quot;textAlign&quot;: &quot;left&quot;,\n    &quot;anchor&quot;: &quot;&quot;\n}\"><\/jgu-base-heading>\n\n\n\n<div class=\"wp-block-columns is-layout-flex wp-container-core-columns-is-layout-9d6595d7 wp-block-columns-is-layout-flex\">\n<div class=\"wp-block-column is-layout-flow wp-block-column-is-layout-flow\" style=\"flex-basis:100%\">\n<div class=\"wp-block-columns is-layout-flex wp-container-core-columns-is-layout-9d6595d7 wp-block-columns-is-layout-flex\">\n<div class=\"wp-block-column is-layout-constrained wp-block-column-is-layout-constrained\" style=\"flex-basis:20%\"><jgu-base-image react-props=\"{\n    &quot;align&quot;: &quot;left&quot;,\n    &quot;image&quot;: {\n        &quot;url&quot;: &quot;https:\\\/\\\/cms.zdv.uni-mainz.de\\\/fb05-ftmk-alltagsmedien\\\/wp-content\\\/uploads\\\/sites\\\/882\\\/2025\\\/10\\\/tedjasukmana_foto_3x4.png&quot;,\n        &quot;id&quot;: 11412,\n        &quot;title&quot;: &quot;tedjasukmana_foto_3x4&quot;,\n        &quot;width&quot;: 1125,\n        &quot;height&quot;: 1500,\n        &quot;srcset&quot;: &quot;https:\\\/\\\/cms.zdv.uni-mainz.de\\\/fb05-ftmk-alltagsmedien\\\/wp-content\\\/uploads\\\/sites\\\/882\\\/2025\\\/10\\\/tedjasukmana_foto_3x4.png 1125w, https:\\\/\\\/cms.zdv.uni-mainz.de\\\/fb05-ftmk-alltagsmedien\\\/wp-content\\\/uploads\\\/sites\\\/882\\\/2025\\\/10\\\/tedjasukmana_foto_3x4-225x300.png 225w, https:\\\/\\\/cms.zdv.uni-mainz.de\\\/fb05-ftmk-alltagsmedien\\\/wp-content\\\/uploads\\\/sites\\\/882\\\/2025\\\/10\\\/tedjasukmana_foto_3x4-768x1024.png 768w&quot;\n    },\n    &quot;width&quot;: 0,\n    &quot;hasLightbox&quot;: false,\n    &quot;caption&quot;: &quot;&quot;,\n    &quot;imgWidth&quot;: 0,\n    &quot;link&quot;: {\n        &quot;url&quot;: &quot;&quot;,\n        &quot;target&quot;: &quot;&quot;,\n        &quot;rel&quot;: &quot;&quot;\n    }\n}\" class=\"align-left\">\n    \n<\/jgu-base-image><\/div>\n\n\n\n<div class=\"wp-block-column is-layout-flow wp-block-column-is-layout-flow\" style=\"flex-basis:70%\">\n<p class=\"has-big-font-size\"><strong>Chris Tedjasukmana (Dr. phil.)<\/strong> is Professor of Everyday Media and Digital Cultures at Johannes Gutenberg University Mainz and Director for Research Training Group 3064 \u201cTechnologies of Witnessing: Media and Cultural Practices\u201d. He is a member of the faculty council 05: Philosophy and Philology and one of the ombudspersons for BIPOC, FLINTA* and LGBTQIA+ as well as for disabled, neurodivergent and chronically ill students at the FTMK. <\/p>\n\n\n\n<div style=\"height:90px\" aria-hidden=\"true\" class=\"wp-block-spacer\"><\/div>\n\n\n<jgu-base-tabs react-props=\"{\n    &quot;stackMobile&quot;: true,\n    &quot;hasAllOpenButton&quot;: false,\n    &quot;onlyOne&quot;: true,\n    &quot;enableSearch&quot;: true,\n    &quot;layout&quot;: {\n        &quot;type&quot;: &quot;flex&quot;,\n        &quot;flexWrap&quot;: &quot;nowrap&quot;,\n        &quot;justifyContent&quot;: &quot;left&quot;,\n        &quot;orientation&quot;: &quot;vertical&quot;\n    },\n    &quot;align&quot;: &quot;wide&quot;,\n    &quot;selected&quot;: 1,\n    &quot;ratio&quot;: 0,\n    &quot;autoRatio&quot;: true,\n    &quot;initAllClosed&quot;: true\n}\">\n    \n<jgu-base-tabsitem react-props=\"{\n    &quot;title&quot;: &quot;CV&quot;,\n    &quot;slug&quot;: &quot;CV&quot;,\n    &quot;align&quot;: &quot;wide&quot;,\n    &quot;customSlug&quot;: false\n}\">\n    \n\n<p class=\"has-big-font-size\">CV<\/p>\n\n\n\n<p class=\"has-small-font-size\">2026: Spokesperson of the Research Training Group &#8220;Technics of Witnessing: Witnessing as a Media and Cultural Practice&#8221;<\/p>\n\n\n\n<p class=\"has-small-font-size\">Since 2020\/21: Professor of Everyday Media and Digital Cultures at the Institute for Film, Theater, Media and Cultural Studies at Johannes Gutenberg University Mainz<\/p>\n\n\n\n<p class=\"has-small-font-size\">2018-2023: Principal Investigator of the research group <a href=\"http:\/\/videoactivism.net\">&#8220;Attention Strategies of Video Activism on the Social Web&#8221;;<\/a> funded by the Volkswagen Foundation<\/p>\n\n\n\n<p class=\"has-small-font-size\">2018-2019: Visiting professor for Media Philosophy at the Department of Philosophy at the University of Vienna<\/p>\n\n\n\n<p class=\"has-small-font-size\">2016-2018: Principal Investigator of the research group &#8220;Bewegungsbilder 2.0: Videoaktivismus zwischen Social Media und Social Movements&#8221;; FU Berlin, Uni Bonn, Filmuni Babelsberg; Grant: Volkswagen Foundation<\/p>\n\n\n\n<p class=\"has-small-font-size\">2017-2018: Guest of the Director at the International Research Center for Cultural Studies (IFK), University of Art and Design Linz in Vienna<\/p>\n\n\n\n<p class=\"has-small-font-size\">2016-2017: Visiting professor for media theories at the University of Art and Design Linz (interim professorship and head of department)<\/p>\n\n\n\n<p class=\"has-small-font-size\">2016-2017: Research Fellow at the IFK in Vienna (did not attend)<\/p>\n\n\n\n<p class=\"has-small-font-size\">2015-2016: Part-time adjunct lecturer for media theory at the Institute for Theater, Film and Media Studies, University of Vienna<\/p>\n\n\n\n<p class=\"has-small-font-size\">2011-2019: Academic staff member at the Seminar for Film Studies, FU Berlin<\/p>\n\n\n\n<p class=\"has-small-font-size\">2009-2014: Academic staff member at the Collaborative Research Center 626 &#8220;\u00c4sthetosche Erfahrung im Zeichen der Entgrenzung der K\u00fcnste&#8221;, Subproject B3 &#8220;Zur Illusion und Fiktion in der Film\u00e4sthetik&#8221;; Subproject &#8220;Zur perspektivischen Entgrenzung im Experimentalfilm und Post-Cinema&#8221;, FU Berlin<\/p>\n\n\n\n<p class=\"has-small-font-size\">2009: Guest Researcher at the Copenhagen Doctoral School in Cultural Studies<\/p>\n\n\n\n<p class=\"has-small-font-size\">2008: Visiting Scholar at the Pratt Institute, New York City<\/p>\n\n\n\n<p class=\"has-small-font-size\">2006-2009: Doctoral scholarship at the International Research Training Group &#8220;InterArt&#8221;, FU Berlin<\/p>\n\n\n\n<p class=\"has-small-font-size\">2006: Doctoral scholarship at the Research Training Group &#8220;Bild &#8211; K\u00f6rper &#8211; Medium. Eine anthropologische Perspektive&#8221;, Karlsruhe University of Arts and Design (did not attend)<\/p>\n\n\n\n<p class=\"has-small-font-size\">2005-2006: Student assistant for Prof. Dr. Martin Seel, Institute for Philosophy, University of Frankfurt a.M.<\/p>\n\n\n\n<p class=\"has-small-font-size\">2004-2006: Student assistant at the Research Training Group &#8220;Zeiterfahrung und \u00e4sthetische Wahrnehmung&#8221;, University of Frankfurt a.M.<\/p>\n\n\n\n<p class=\"has-small-font-size\">2003-2004: Student research scholarship at the Research Training Group &#8220;Zeiterfahrung und \u00e4sthetische Wahrnehmung&#8221;, University of Frankfurt a.M.<\/p>\n\n\n\n<p class=\"has-small-font-size\">2000-2006: Study scholarship from the Rosa Luxemburg Foundation<\/p>\n\n\n\n<p class=\"has-small-font-size\">2003: Student assistant for Prof. Dr. Axel Honneth and Prof. Dr. Gary Gutting, Institute of Philosophy, University of Frankfurt a.M.<\/p>\n\n\n\n<p class=\"has-small-font-size\">2001: Student assistant at the Academic (University) Senate of the University of Frankfurt a.M.<br \/><\/p>\n\n\n\n<p class=\"has-big-font-size\"><\/p>\n\n\n\n<p class=\"has-big-font-size\"><\/p>\n\n\n\n<p class=\"has-big-font-size\">Stays abroad<\/p>\n\n\n\n<p class=\"has-small-font-size\">2017-2018: Guest of the Director at the International Research Center for Cultural Studies (IFK), University of Art and Design Linz in Vienna<\/p>\n\n\n\n<p class=\"has-small-font-size\">2009: Guest Researcher at the Copenhagen Doctoral School in Cultural Studies<\/p>\n\n\n\n<p class=\"has-small-font-size\">2008: Visiting Scholar at the Pratt Institute, New York City<br \/><\/p>\n\n\n\n<p class=\"has-big-font-size\"><\/p>\n\n\n\n<p class=\"has-big-font-size\"><\/p>\n\n\n\n<p class=\"has-big-font-size\">Awards<\/p>\n\n\n\n<p class=\"has-small-font-size\">2014: Karsten Witte Prize of the Society for Media Studies (GfM) for the best film studies essay of the year<\/p>\n\n\n\n<p class=\"has-big-font-size\"><br \/><\/p>\n\n\n\n<p class=\"has-big-font-size\">Functions in scientific societies<\/p>\n\n\n\n<p class=\"has-small-font-size\">2015-2018: Founding spokesperson of the commission for good work in science at the board of the Society for Media Studies (GfM)<\/p>\n\n\n\n<p class=\"has-small-font-size\">2016-2018: Spokesperson of the work group Political Theory and Media Studies (GfM)<\/p>\n\n\n\n<p class=\"has-small-font-size\">Since 2015: Expert reviewer and liaison lecturer for the Rosa Luxemburg Foundation in the field of arts, cultural and media studies<\/p>\n\n\n\n<p class=\"has-small-font-size\">2014-2020: Co-editor of Montage AV: Zeitschrift f\u00fcr Theorie und Geschichte audiovisueller Kommunikation<br \/><\/p>\n\n\n\n<p class=\"has-big-font-size\"><\/p>\n\n\n\n<p class=\"has-big-font-size\">Memberships<\/p>\n\n\n\n<p class=\"has-small-font-size\">Since 2013: Society for Cinema and Media Studies (SCMS)<\/p>\n\n\n\n<p class=\"has-small-font-size\">Since 2011: Society for Media Studies (GfM):<\/p>\n\n\n\n<ul class=\"wp-block-list\">\n<li>Since 2015 Commission for Good Work in Science<\/li>\n\n\n\n<li>Since 2015 AG Gender\/Queer Studies and Media Studies<\/li>\n\n\n\n<li>Since 2014 Working Group Data and Networks<\/li>\n\n\n\n<li>Since 2013 AG Film Studies<\/li>\n\n\n\n<li>Since 2012 Working Group Political Theory and Media Studies<\/li>\n<\/ul>\n\n\n\n<p class=\"has-small-font-size\">Since 2008: Network for European Cinema and Media Studies (NECS)<\/p>\n\n\n<\/jgu-base-tabsitem>\n\n<jgu-base-tabsitem react-props=\"{\n    &quot;title&quot;: &quot;Research&quot;,\n    &quot;slug&quot;: &quot;research&quot;,\n    &quot;align&quot;: &quot;wide&quot;,\n    &quot;customSlug&quot;: false\n}\">\n    \n\n<p class=\"has-big-font-size\">Ongoing research projects:<\/p>\n\n\n\n<ul class=\"wp-block-list\">\n<li>Spokesperson of Research Training Group &#8220;Technologies of Witnessing: Media and Cultural Practices\u201c &#8220;; funded by the German Research Foundation (DFG)<\/li>\n<\/ul>\n\n\n\n<p class=\"has-big-font-size\"><\/p>\n\n\n\n<p class=\"has-big-font-size\">Completed research projects:<\/p>\n\n\n\n<ul class=\"wp-block-list\">\n<li>Project manager of the research group <a href=\"http:\/\/videoactivism.net\">&#8220;Attention Strategies of Video Activism on the Social Web&#8221;;<\/a> funded by the Volkswagen Foundation<\/li>\n\n\n\n<li>Project manager of the research group &#8220;Movement Images 2.0: Video Activism between Social Media and Social Movements&#8221;; funded by the Volkswagen Foundation<\/li>\n\n\n\n<li>Academic staff member in Collaborative Research Center 626 &#8220;Aesthetic Experience in the Context of the Dissolution of Boundaries in the Arts&#8221;, subproject B3 &#8220;On Illusion and Fiction in Film Aesthetics&#8221;; subproject &#8220;On the Dissolution of Perspective in Experimental Film and Post-Cinema&#8221;, Freie Universit\u00e4t Berlin; funded by the German Research Foundation (DFG)<\/li>\n<\/ul>\n\n\n\n<p class=\"has-big-font-size\"><\/p>\n\n\n\n<p class=\"has-big-font-size\">Main research areas:<\/p>\n\n\n\n<ul class=\"wp-block-list\">\n<li>Medial witnessing<\/li>\n\n\n\n<li>Video activism on social media<\/li>\n\n\n\n<li>Food as an item of the diaspora<\/li>\n<\/ul>\n\n\n\n<p class=\"has-big-font-size\"><\/p>\n\n\n\n<p class=\"has-big-font-size\">Further focal points:  <\/p>\n\n\n\n<ul class=\"wp-block-list\">\n<li>Film theory<\/li>\n\n\n\n<li>Fitness and mindfulness apps<\/li>\n\n\n\n<li>Gender\/Queer Studies<\/li>\n\n\n\n<li>Critical theory<\/li>\n\n\n\n<li>Critical phenomenology<\/li>\n\n\n\n<li>Media memory cultures<\/li>\n\n\n\n<li>Platform research<\/li>\n\n\n\n<li>Political aesthetics<\/li>\n\n\n\n<li>Social Media \/ Social Videos<\/li>\n\n\n\n<li>Theories of the public sphere<\/li>\n\n\n\n<li>Theories of the body<\/li>\n<\/ul>\n\n\n\n<p class=\"has-big-font-size\"><\/p>\n\n\n\n<p class=\"has-big-font-size\">Other academic functions:<\/p>\n\n\n\n<ul class=\"wp-block-list\">\n<li>Since 2024: Member of the Georg Forster Forum, core research area Humanities and Social Sciences at Johannes Gutenberg University Mainz (JGU)<\/li>\n\n\n\n<li>2024: Head organizer of the 2024 annual conference of the Society for Media Studies (GfM) at JGU Mainz<\/li>\n\n\n\n<li>2023-2025: Managing director of the Institute for Film, Theater, Media and Cultural Studies (FTMK), JGU Mainz<\/li>\n\n\n\n<li>2023-2024: Member of the selection jury in the Volkswagen Foundation&#8217;s funding line &#8220;Aufbruch &#8211; New Research Spaces for the Humanities and Cultural Studies&#8221;<\/li>\n\n\n\n<li>Since 2023: Member of the Philosophy and Philology faculty council, JGU Mainz<\/li>\n\n\n\n<li>Since 2021: Member of the executive committee of the FTMK Institute, JGU Mainz<\/li>\n\n\n\n<li>2015-2018: Founding spokesperson of the commission for good work in science at the board of the Society for Media Studies (GfM)<\/li>\n\n\n\n<li>2016-2018: Spokesperson of the work group Political Theory and Media Studies (GfM)<\/li>\n\n\n\n<li>2014-2023: Co-editor of Montage AV: Journal for Theory and History of Audiovisual Communication<\/li>\n<\/ul>\n\n\n<\/jgu-base-tabsitem>\n\n<jgu-base-tabsitem react-props=\"{\n    &quot;title&quot;: &quot;Publications&quot;,\n    &quot;slug&quot;: &quot;publications&quot;,\n    &quot;align&quot;: &quot;wide&quot;,\n    &quot;customSlug&quot;: false\n}\">\n    \n\n<p class=\"has-big-font-size\">Books<\/p>\n\n\n\n<ol class=\"wp-block-list\">\n<li>Jens Eder, Britta Hartmann, Chris Tedjasukmana: Understanding Video Activism on Social Media, London 2025. <a href=\"https:\/\/intellectdiscover.com\/content\/books\/9781835950821\">[Open Access.]<\/a><\/li>\n\n\n\n<li>Guido Kirsten, Chris Tedjasukmana (eds.): Klassische Filmtheorien, Mainz 2021.<\/li>\n\n\n\n<li>Jens Eder, Britta Hartmann, Chris Tedjasukmana: Bewegungsbilder: Politische Videos in Sozialen Medien, Berlin 2020. <a href=\"https:\/\/www.bertz-fischer.de\/Bewegungsbilder\">[https:\/\/www.bertz-fischer.de\/Bewegungsbilder]<\/a>.<\/li>\n\n\n\n<li><a href=\"https:\/\/montage-av.de\/25-2-2016\/\" data-type=\"link\" data-id=\"https:\/\/montage-av.de\/25-2-2016\/\">Themenheft 1992, Montage AV<\/a>: Zeitschrift f\u00fcr Theorie und Geschichte audiovisueller Kommunikation, Vol. 25, No. 2, 2016; ed. by Stephen Lowry, Chris Tedjasukmana.  <\/li>\n\n\n\n<li>Adina Lauenburger, Chris Tedjasukmana, Lisa \u00c5kervall, Sulgi Lie (eds.): Waking Life. Kino zwischen Technik und Leben, Berlin 2016. <\/li>\n\n\n\n<li>Chris Tedjasukmana: Mechanische Verlebendigung: \u00c4sthetische Erfahrung im Kino, Film Denken series, Paderborn 2014.<\/li>\n\n\n\n<li><a href=\"https:\/\/montage-av.de\/23-2-2014\/\" data-type=\"link\" data-id=\"https:\/\/montage-av.de\/23-2-2014\/\">Themenheft Politik, Montage AV<\/a>: Zeitschrift f\u00fcr Theorie und Geschichte audiovisueller Kommunikation, Vol. 23, No. 2, 2014; ed. by Guido Kirsten, Chris Tedjasukmana, Julia Zutavern.  <\/li>\n<\/ol>\n\n\n\n<p class=\"has-big-font-size\"><\/p>\n\n\n\n<p class=\"has-big-font-size\">Essays<\/p>\n\n\n\n<ol class=\"wp-block-list\">\n<li>Guido Kirsten, Chris Tedjasukmana: Film und Ideologie, in: Britta Hartmann, Ursula von Keitz, Markus Kuhn, Thomas Schick, Michael Wedel (eds.): Handbuch Filmwissenschaft, Stuttgart 2021 [article submitted and edited].<\/li>\n\n\n\n<li>Chris Tedjasukmana: Soziologische Filmtheorien, in: Guido Kirsten, Chris Tedjasukmana (eds.): Klassische Filmtheorie, Mainz 2021<a href=\"https:\/\/www.ventil-verlag.de\/titel\/1885\/klassische-filmtheorie\">[https:\/\/www.ventil-verlag.de\/titel\/1885\/klassische-filmtheorie]<\/a>.<\/li>\n\n\n\n<li>Chris Tedjasukmana: Metropolis (D 1927, Fritz Lang), in: Klassische Filmtheorie, Mainz 2021.<\/li>\n\n\n\n<li>Chris Tedjasukmana: Klassische Filmtheorien \u2013 Eine Einleitung, in: Klassische Filmtheorie, Mainz 2021.<\/li>\n\n\n\n<li>Chris Tedjasukmana, Jens Eder: Video Activism on the Social Web, in: Steve Presence, Mike Wayne, Jack Newsinger (eds.): Contemporary Radical Film Culture: Networks, Organizations and Activists, London, New York 2020.<\/li>\n\n\n\n<li>Julia Leyda, Chris Tedjasukmana: <a href=\"https:\/\/necsus-ejms.org\/film-studies-feminism-and-film-curating-in-germany-an-interview-with-heide-schlupmann-and-karola-gramann\/\">Film studies, feminism, and film curating in Germany: An interview with Heide Schl\u00fcpmann and Karola Gramann<\/a>, in: NECSUS. European Journal of Media Studies, 1, 2020. <\/li>\n\n\n\n<li>Jens Eder, Britta Hartmann, Chris Tedjasukmana: Bewegungsbilder 2.0: Videoaktivismus zwischen Social Media und Social Movements. A work report, in: Augenblick.  Konstanzer Hefte zur Medienwissenschaft, No. 72, 2018.<\/li>\n\n\n\n<li>Chris Tedjasukmana: Das Netzvideo als Flaschenpost: Sylvia Rivera und queere Filmgeschichte, in: Simon Dickel, Dagmar Brunow (eds.): Queer Cinema, Mainz 2018.<\/li>\n\n\n\n<li>Chris Tedjasukmana: Double-edged visibility. Race, Camera Publicity and The Bodyguard, in: <a href=\"https:\/\/montage-av.de\/25-2-2016\/\" data-type=\"link\" data-id=\"https:\/\/montage-av.de\/25-2-2016\/\">Montage AV: 1992<\/a>, Vol. 25, No. 2, 2016.  <\/li>\n\n\n\n<li>Chris Tedjasukmana: Queere Theorie und Filmtheorie in: Bernhard Gro\u00df, Thomas Morsch (eds.): Handbuch Filmtheorie, Wiesbaden 2016.<\/li>\n\n\n\n<li>Chris Tedjasukmana: Bergson, das Kino und der Postvitalismus, in: Maria Muhle, Christiane Voss (eds.): Black Box Leben: Zwischen Materialismus und Vitalismus, Berlin 2016.<\/li>\n\n\n\n<li>Chris Tedjasukmana: Kino, Leben, Melancholie, in: Chris Tedjasukmana, Adina Lauenburger, Lisa \u00c5kervall, Sulgi Lie (Hg.): Waking Life: Kino zwischen Technik und Leben, Berlin 2016.<\/li>\n\n\n\n<li>Chris Tedjasukmana: Negative Solidarit\u00e4t: Zur Aktualit\u00e4t Rainer Werner Fassbinders, in: Text + Kritik. Zeitschrift f\u00fcr Literatur: Rainer Werner Fassbinder, Nr. 103, second edition. New version 2015.  <\/li>\n\n\n\n<li>Chris Tedjasukmana: Camp Realismus: Affekt, Wiederholung und die Politik des Melodrams in Todd Haynes\u2019 Mildred Pierce, in: Thomas Morsch (Hg.): Genre und Serie, Paderborn 2015.<\/li>\n\n\n\n<li>Chris Tedjasukmana: Feel Bad Movement: Affekt, Aktivismus und queere Gegen\u00f6ffentlichkeit, in: K\u00e4the von Bose, Ulrike Kl\u00f6ppel, Katrin K\u00f6ppert, Karin Michalski, Pat Treusch (eds.): I is for Impasse. Affektive Queerverbindungen in Theorie_Aktivismus_Kunst, Berlin 2015. <\/li>\n\n\n\n<li>Chris Tedjasukmana: The Public Sphere of Cinema: Political Aesthetics in Times of Turmoil, in <a href=\"https:\/\/montage-av.de\/23-2-2014\/\">Montage AV: Politics<\/a>, Vol. 23, No. 2, 2014.   <\/li>\n\n\n\n<li>Guido Kirsten, Chris Tedjasukmana, Julia Zutavern: Editorial, in: <a href=\"https:\/\/montage-av.de\/23-2-2014\/\" data-type=\"link\" data-id=\"https:\/\/montage-av.de\/23-2-2014\/\">Montage AV: Politics<\/a>, Vol. 23, No. 2, 2014. <\/li>\n\n\n\n<li>Chris Tedjasukmana: Rauschen und Rotation. Phantasmagorien der Geschichte, in: Jeronimo Voss (Hg.): Phantasmagorical Horizon, Berlin 2014. <\/li>\n\n\n\n<li>Chris Tedjasukmana: Noise and Rotation. Phantasmagorias of History, in: Jeronimo Voss (ed.): Phantasmagorical Horizon, Berlin 2014. <\/li>\n\n\n\n<li>Chris Tedjasukmana: Mechanische Verlebendigung: Eine Genealogie des Kinos, in: Annette Brauerhoch, Nobert Otto Eke, Renate Wieser, Anke Zechner (Hg.): Entautomatisierung, Munich 2014.<\/li>\n\n\n\n<li>Chris Tedjasukmana: Die Erfahrung verlorener M\u00f6glichkeiten: Kracauer, Benjamin und die queere Geschichtsschreibung des Kinos, in: Drehli Robnik, Am\u00e1lia Kerekes, Katalin Teller (eds.): Film als Loch in der Wand. Kino und Geschichte bei Siegfried Kracauer, Wien, Berlin 2013. <\/li>\n\n\n\n<li>Chris Tedjasukmana: How bad are the bad feelings in cinema? Political Emotions, Negative Affects and Aesthetic Experience, in: <a href=\"https:\/\/montage-av.de\/21-2-2012\/\">Montage AV: Bad Feelings<\/a>, Vol. 21, No. 2, 2012.  <\/li>\n\n\n\n<li>Bini Adamczak, Mike Laufenberg, Felicita Reuschling, Sarah Speck, Chris Tedjasukmana: Einleitung, in Silvia Federici: Aufstand aus der K\u00fcche. Reproduktionsarbeit im globalen Kapitalismus und die unvollendete feministische Revolution, volume 1 in the series Kitchen Politics \u2013 Queerfeministische Interventionen, M\u00fcnster 2012. <\/li>\n\n\n\n<li>Christian Tedjasukmana: Postvitalism and Cinematic Experience: Cinema, Life, Melancholia, in: Stefanie Kiwi Menrath, Alexander Schwinghammer (eds.): What does a Chameleon Look Like? Topographies of Immersion, Cologne 2011. <\/li>\n\n\n\n<li>Christian Tedjasukmana: Queer Life in Dark Rooms: AIDS, Melancholie und die \u00f6ffentliche Intimit\u00e4t des Kinos, in: Doris Kern \/ Sabine Nessel (eds.): Unerh\u00f6rte Erfahrung. Texte zum Kino, Basel, Frankfurt am Main 2008. <\/li>\n\n\n\n<li>Chris Tedjasukmana: Unter die Haut gehen, zur Welt sein und anders werden: Die Politik der K\u00f6rper bei Claire Denis, Maurice Merleau-Ponty und Michel Foucault, in: Nach dem Film: Kino zwischen Text und K\u00f6rper, Nr. 10, 2008. [<a href=\"https:\/\/www.nachdemfilm.de\/issues\/text\/unter-die-haut-gehen-zur-welt-sein-und-anders-werden\">https:\/\/www.nachdemfilm.de\/issues\/text\/unter-die-haut-gehen-zur-welt-sein-und-anders-werden<\/a>]<\/li>\n<\/ol>\n\n\n\n<p class=\"has-big-font-size\"><\/p>\n\n\n\n<p class=\"has-big-font-size\">Smaller works<\/p>\n\n\n\n<ol class=\"wp-block-list\">\n<li>Chris Tedjasukmana: Videos in Close Up: Planka.nu, available at: <a href=\"http:\/\/videoactivism.net\/planka-nu\/\">http:\/\/videoactivism.net\/planka-nu\/ (English and German)<\/a><\/li>\n\n\n\n<li>Chris Tedjasukmana: Videos in Close Up: Y&#8217;All Better Quiet Down, available at: <a href=\"http:\/\/videoactivism.net\/yall-better-quiet\/\">http:\/\/videoactivism.net\/yall-better-quiet\/ (English and German)<\/a><\/li>\n\n\n\n<li>Maja Figge, Guido Kirsten, Chris Tedjasukmana, Julia Zutavern: Exzellenz und Elend: F\u00fcr gute Arbeit in der Wissenschaft, in: Zeitschrift f\u00fcr Medienwissenschaft, No. 14, 1\/2016.<\/li>\n\n\n\n<li>Chris Tedjasukmana: Kaugummi, in: Marius B\u00f6ttcher, Dennis G\u00f6ttel, Friederike Horstmann, Jan Philip M\u00fcller, Volker Pantenburg, Linda Waack, Regina Wuzella (eds.): W\u00f6rterbuch kinematographischer Objekte, Berlin 2014.<\/li>\n\n\n\n<li>Chris Tedjasukmana: \u201eCansei de ser sexy\u201c. Queere R\u00e4ume zwischen Ereignis und Alltag im Film Shortbus, in: diskus, Nr. 1, Jg. 55, 2007, also: online archive under <a href=\"http:\/\/www.copyriot.com\/diskus\/07-1\/cdss.pdf\">http:\/\/www.copyriot.com\/diskus\/07-1\/cdss.pdf<\/a> [05\/2011].  <\/li>\n\n\n\n<li>Chris Tedjasukmana, Johannes Wilhelm: Sur l\u2019eau et surplus. Utopie bei Adorno und Hardt\/Negri, in: UNLiKE, Nr. 01, 2006. <\/li>\n\n\n\n<li>Chris Tedjasukmana: X Machina and the World of Tomorrow: Kino Kommunismus Wunschmaschinen, in: diskus, No. 02, Vol. 54, 2005 (with Dennis G\u00f6ttel). <\/li>\n<\/ol>\n\n\n\n<p class=\"has-big-font-size\"><\/p>\n\n\n\n<p class=\"has-big-font-size\">Book Reviews<\/p>\n\n\n\n<ol class=\"wp-block-list\">\n<li>Serjoscha Wiemer: Das ge\u00f6ffnete Intervall: Medientheorie und \u00c4sthetik des Videospiels, Paderborn: Wilhelm Fink 2014, in: Zeitschrift f\u00fcr Medienwissenschaft Online.<\/li>\n<\/ol>\n\n\n\n<p class=\"has-big-font-size\"><\/p>\n\n\n\n<p class=\"has-big-font-size\">Translations<\/p>\n\n\n\n<ol class=\"wp-block-list\">\n<li>Hongwei Bao: Guerilla-Taktiken: Das Beijing Queer Film Festival und radikale Filmkultur, in: Montage AV: N\u00e4he und Distanz, Vol. 28, Nr. 2, 2019; with Stephen Lowery. [<a href=\"https:\/\/montage-av.de\/a_2019_2_28.html\">https:\/\/montage-av.de\/a_2019_2_28.html<\/a>]<\/li>\n\n\n\n<li>Jonas Mekas: Cinedance, in: Montage AV: Choreographie, Vol. 24, No. 2, 2015.<a href=\"https:\/\/montage-av.de\/a_2015_2_24.html\">[https:\/\/montage-av.de\/a_2015_2_24.html]<\/a><\/li>\n\n\n\n<li>Olga Kourelou, Mariana Liz und Bel\u00e9n Vidal: Krise und Kreativit\u00e4t: Zum Neuen Kino in Portugal, Griechenland und Spanien, in: Montage AV: Politik, Jg. 23, Nr. 2, 2014; with Guido Kirsten. [<a href=\"https:\/\/montage-av.de\/a_2014_2_23.html\">https:\/\/montage-av.de\/a_2014_2_23.html<\/a>]<\/li>\n<\/ol>\n\n\n\n<p class=\"has-big-font-size\"><\/p>\n\n\n\n<p class=\"has-big-font-size\">Other editorships and editorial employees<\/p>\n\n\n\n<ol class=\"wp-block-list\">\n<li>Melinda Cooper, Catherine Waldby, Felicita Reuschling, Susanne Schultz (Hg.): Sie nennen es Leben, wir nennen es Arbeit: Biotechnologie, Reproduktion und Familie im 21. Jahrhundert, volume 3 in the series Kitchen Politics: Queerfeministische Interventionen, M\u00fcnster 2015.<\/li>\n\n\n\n<li>Silvia Federici: Aufstand aus der K\u00fcche: Reproduktionsarbeit im globalen Kapitalismus und die unvollendete feministische Revolution, volume 1 in the series Kitchen Politics: Queerfeministische Interventionen, M\u00fcnster 2012.<\/li>\n\n\n\n<li>Martin Seel: Die Macht des Erscheinens, Frankfurt a.M. 2007.<\/li>\n\n\n\n<li>Andreas Becker et al (Hg.): Mimikry | Mimese: Gef\u00e4hrlicher Luxus zwischen Natur und Kultur, Schliengen 2006.<\/li>\n\n\n\n<li>Georg Bertram et al (eds.): Die Artikulation der Welt, Berlin 2006.<\/li>\n\n\n\n<li>Martin Seel: Paradoxien der Erf\u00fcllung, Frankfurt a.M. 2006.<\/li>\n\n\n\n<li>Andreas Becker et al (eds.): Reste: Zum Umgang mit einem Randph\u00e4nomen, Bielefeld 2005.<\/li>\n\n\n\n<li>Nikolaus M\u00fcller-Sch\u00f6ll, Saskia Reither (Hg.): Aisthesis: Zur Erfahrung von Raum, Zeit, Text und Kunst, Schliengen 2004.<\/li>\n<\/ol>\n\n\n<\/jgu-base-tabsitem>\n\n<jgu-base-tabsitem react-props=\"{\n    &quot;title&quot;: &quot;Presentations&quot;,\n    &quot;slug&quot;: &quot;lecture&quot;,\n    &quot;align&quot;: &quot;wide&quot;,\n    &quot;customSlug&quot;: false\n}\">\n    \n\n<p class=\"has-big-font-size\">Keynotes and invited talks<\/p>\n\n\n\n<ol class=\"wp-block-list\">\n<li>&#8220;From ICE Raids to #DeportationTok: Media Witnessing as Embodied Critique in the Age of AI Authoritarianism&#8221;, Conference &#8220;The Power and Norms of Critique&#8221;, Freie Universit\u00e4t Berlin, Ufer Studios Berlin, February 11-13, 2026.<\/li>\n\n\n\n<li>&#8220;Bezeugende Bilder im Tech-Autoritarismus&#8221;, Final Conference of the Priority Programme &#8220;Das digitale Bild: Digitale Bilder und der Authoritarian Turn. Visualization, Manipulation, Control&#8221;, University of Marburg, 12-14.11.2025.<\/li>\n\n\n\n<li>\u201eDe\/Familiarisierungen des Wissens: Zeugenschaft im digitalen Wandel\u201c, lecture series \u201eDe\/Familiarizing: Intimit\u00e4t, Archive und \u00e4sthetische Praktiken\u201c, University of Zurich, 05.11.2025.<\/li>\n\n\n\n<li>&#8220;Unordentliche Wissenspraktiken &#8211; Wie ver\u00e4ndert sich der Umgang mit Wissen?&#8221;, Keynote at the <a href=\"https:\/\/www.wikimedia.de\/zukunftskongress\/aufzeichnungen\/was-braucht-die-welt-von-uns\/\">Wikipedia Future Congress 2024<\/a>, Nuremberg, 07 &#8211; 09.06.2024. <\/li>\n\n\n\n<li>&#8220;Outside Eyes&#8221;, roundtable discussion with Omar Kasmani and M. Ty as part of the workshop <a href=\"https:\/\/blogs.hu-berlin.de\/todo\/events\/anyone-anywhere-all-the-time\/\">&#8220;Anyone Anywhere All the Time: Simultaneity, Disconnect, and the Queer Diasporic Ordinary&#8221;,<\/a> Humboldt University, Berlin, 06 &#8211; 07.10.2023. <\/li>\n\n\n\n<li>&#8220;Aufmerksamkeitsstrategien des Videoaktivismus im Social Web&#8221;, joint talk with Jens Eder and Britta Hartmann at the &#8220;Forum Originalit\u00e4tsverdacht&#8221; of the Volkswagen Foundation, Hanover, November 8-9, 2022.<\/li>\n\n\n\n<li>&#8220;Kritische Ph\u00e4nomenologie &#8211; Neue Perspektiven f\u00fcr die Medienwissenschaft?&#8221;, talk at the workshop &#8220;Kritik&#8221; of the AG Political Theory und Media Studies, Film University Babelsberg Konrad Wolf (online), August 15-16, 2022.<\/li>\n\n\n\n<li>&#8220;AIDS Crisis Revisitation&#8221;, short talk and discussion with Alexandra Juhasz at the international conference &#8220;Jean Carlomusto Made Me Queer&#8221;, Johann Wolfgang Goethe University Frankfurt a.M., 14-16.07.2022.<\/li>\n\n\n\n<li>Response at the workshop &#8220;Future as Catastrophe: Trust and Conflict under Conditions of Disastrous Future Expectations&#8221;, Johann Wolfgang Goethe University Frankfurt a.M., 07.-08.07.2022.<\/li>\n\n\n\n<li>&#8220;&#8216;Celebrating Unity, Solidarity, Health, and Wellness&#8217;: Neoliberal Diversity als Farce bei Apple Fitness+&#8221;, joint talk with Leopold Lippert at the conference &#8220;Pop und Post. Feminismus im Zeitalter der Digitalisierung&#8221;, Fernuniversit\u00e4t Hagen, Campus Berlin, 02.-03.06.2022.<\/li>\n\n\n\n<li>&#8220;&#8216;Let&#8217;s Honor the Latinx Community by Working Hard&#8217;: K\u00f6rpersynchronisierung, Diversit\u00e4t und neoliberale Farce bei Apple Fitness+&#8221;, joint talk with Leopold Lippert at the international conference &#8220;(Neu-)Aufteilungen des Sinnlichen? \u00dcber die Politik der Sinne im Kontext (digitaler) Medien&#8221;, Heinrich Heine University D\u00fcsseldorf, 20-21 May 2022.<\/li>\n\n\n\n<li>&#8220;Politische Performances: Digitaler Videoaktivismus auf TikTok&#8221;, Institute of Musicology, University of Vienna (online), 12.05.2022.<\/li>\n\n\n\n<li>&#8220;Fragile Practices of Witnessing&#8221;, talk as part of &#8220;Imagining the Situation: How Knowledge is Re\/Produced, Witnessed, and Performed. A Workshop with Walid Raad&#8221;, together with Benjamin Whistutz, Kunsthalle Mainz, 09.05.2022.<\/li>\n\n\n\n<li>&#8220;Political Videos on Social Media: Strategies and Challenges&#8221;, joint talk with Jens Eder and Britta Hartmann at the international conference &#8220;Activating Attention: Political Videos on Social Media&#8221;, online, January 20-21, 2022.<\/li>\n\n\n\n<li>&#8220;Aktivistische Videos und Black Lives Matter&#8221;, guest talk in the master seminar &#8220;Inszenierung von Politik&#8221; by Benjamin Whistutz, Johannes Gutenberg University Mainz (online), 15.06.2021.<\/li>\n\n\n\n<li>&#8220;\u00dcberall wo&#8217;s stinkt: Fassbender und die Cancel Culture&#8221;, Masterclass &#8220;B\u00fchnenbesetzungen. Die Aff\u00e4re(n) um Rainer Werner Fassbinders St\u00fcck Der M\u00fcll, die Stadt und der Tod&#8221; of the Theater Studies at Goethe University Frankfurt a.M. in cooperation with the Jewish Museum, the Fritz Bauer Institute, the Schauspiel Frankfurt and the Deutsches Filmmuseum, 23.04.2021.<\/li>\n\n\n\n<li>&#8220;Open Table: Filmwissenschaftliche Fachzeitschriften&#8221;, roundtable discussion with Annette Brauerhoch, Rasmus Greiner, Laura Katharina M\u00fccke, Linda Waack, Alexander Zons at the 34th Film- und Fernsehwissenschaftliches Kolloquium (FFK), Bauhaus-Universit\u00e4t Weiomar (online), 25.03.2021.<\/li>\n\n\n\n<li>&#8220;Videoaktivismus&#8221;, lecture series &#8220;Bildkulturen des Digitalen&#8221;, University of Dresden, 11.01.2021.<a href=\"https:\/\/www.youtube.com\/watch?v=3Cdq53VR0Wo\">[https:\/\/www.youtube.com\/watch?v=3Cdq53VR0Wo]<\/a>.<\/li>\n\n\n\n<li>&#8220;Grausame \u00d6ffentlichkeiten: Von Whitney Houston zu Black Lives Matter&#8221;, symposium &#8220;Intime \u00d6ffentlichekeiten: Klatsch und Skandal in Celebrity Cultures&#8221;, Heinrich Heine University D\u00fcsseldorf, 02.07.2019.<\/li>\n\n\n\n<li>&#8220;Lob des Eskapismus: Kino als Befreiung vom Identit\u00e4tszwang&#8221;, conference &#8220;Kinophilosophie und Kinopraxis&#8221;, Freie Universit\u00e4t Berlin, 28.06.2019.<\/li>\n\n\n\n<li>&#8220;Attention Strategies of Video Activism on the Social Web&#8221;, together with Jens Eder and Britta Hartmann, Radical Film Network Meeting, Kulturquartier Silent Green, Berlin, 04.05.2019.<\/li>\n\n\n\n<li>&#8220;Visual Strategies in Online Activism&#8221;, together with Jens Eder and Britta Hartmann, Institute for Protest and Movement Research, Technical University Berlin, 15.04.2019.<\/li>\n\n\n\n<li>&#8220;Aufmerksamkeitsstrategien des Videoaktivimus im Social Web&#8221;, NDR Webvideo Days, Hamburg, 05.12.2018.<\/li>\n\n\n\n<li>&#8220;On Social Reproduction: Gender and Sexual Politics&#8221;, with Kalindi Vora, Symposium &#8220;Dangerous Conjunctures: Resituating Balibar\/Wallerstein&#8217;s Race, Nation, Class&#8221;, Haus der Kulturen der Welt, Berlin, 03.2018.<\/li>\n\n\n\n<li>&#8220;Carnal Networks: Affective Counterpublics and the Activist Videos of #BlackLivesMatter&#8221;, Leuphana University of L\u00fcneburg, 10.01.2018.<\/li>\n\n\n\n<li>&#8220;Affektive \u00d6ffentlichkeiten: Zur politischen \u00c4sthetik des Online-Videoaktivismus&#8221;, International Research Center Cultural Studies, University of Art and Design Linz in Vienna, 20.11.2017.<\/li>\n\n\n\n<li>&#8220;Geteilte Emp\u00f6rung und gemeinschaftliche Gef\u00fchle: \u00d6ffentlichkeit und Aktivismus auf YouTube&#8221;, Catholic Private University Linz, 16.11.2017.<\/li>\n\n\n\n<li>&#8220;Aktivisten der digitalen Revolution&#8221;, Humanities Festival Vienna, 23.09.2017.<\/li>\n\n\n\n<li>&#8220;&#8216;Realit\u00e4t ist hier zu ihrem k\u00fcnstlichsten geworden&#8217;: Realismus, Affekt und Gegen\u00f6ffentlichkeit im deutschen Autorenfilm&#8221;, Summer Seminar on &#8216;Gender, Affect, Neoliberalism: The Realist Turn in Contemporary German and European Cinemas&#8217;, FU Berlin, 08.2017.<\/li>\n\n\n\n<li>&#8220;Weltgef\u00fchle: Zur Affektpolitik und \u00d6ffentlichkeit aktivistischer Netzvideos&#8221;, Workshop &#8220;Schreiende Minderheiten: Zur peripheren Gemeinschaftlichkeit in digital vernetzten und mobilen Medien&#8221;, University of Konstanz, 14.07.2017.<\/li>\n\n\n\n<li>&#8220;Bewegungs-Bilder 2.0: Videoaktivismus zwischen Social Media und Social Movements&#8221;, VW Foundation, Hanover, 13.06.2017.<\/li>\n\n\n\n<li>&#8220;Bilder in Bewegung, Bewegungen im Bild: Die mobilen Medien des Videoaktivismus 2.0&#8221;, talk as part of the lecture series &#8220;Mobilit\u00e4t und Medialit\u00e4t&#8221;, University of Vienna, 11\/2016.<\/li>\n\n\n\n<li>&#8220;Bewegungsbilder 2.0: \u00d6ffentlichkeit, politische \u00c4sthetik und die neuen Webvideos&#8221;, talk at the IFK, Vienna, 14.11.2016.<\/li>\n\n\n\n<li>&#8220;Smart Activism? Politische Webvideos und das Problem der \u00d6ffentlichkeit&#8221;, University of Art and Design Linz as part of the relatifs series, Linz, 08.11.2016.<\/li>\n\n\n\n<li>&#8220;Video Activism 2.0 and Its Networked Utopias: Poetics, Affects, Counterpublics&#8221;, talk at the international workshop &#8220;Utopia and Reality&#8221;, together with Jens Eder and Britta Hartmann, University of Zurich, 09.09.2016.<\/li>\n\n\n\n<li>&#8220;Embodied Politics: Audiovisual Media and the New Publics&#8221;, Conference &#8220;Embodiment, Perception, and Critical Practice&#8221;, Ruhr-University Bochum 08.-09.07.2016.<\/li>\n\n\n\n<li>&#8220;Zeiten des Aufruhrs: Videoaktivismus und affektive Geschichtsschreibung im Web 2.0&#8221;, guest talk as part of the lecture &#8220;Filmgeschichte am Leitfaden von Schau- und Wahrnehmungsanordnungen&#8221;, FU Berlin, 07.06.2016.<\/li>\n\n\n\n<li>&#8220;Politisches Handeln, Online-Videos und die Fallstricke der Social Media&#8221;, talk at the Institute of Linguistics, Musicology and Media Studies, University of Bonn, 21.01.2016.<\/li>\n\n\n\n<li>&#8220;Zeit unseres Lebens: Kleine Medienanthropologie des Films Boyhood&#8221;, talk in the lecture series &#8220;Deleuze (wieder) Sehen: 1996-2015&#8221;, University of Frankfurt a.M., Hochschule f\u00fcr Gestaltung Offenbach, Deutsches Filmmuseum Frankfurt a.M., 15.11.2015.<\/li>\n\n\n\n<li>&#8220;Wie camp ist der Realismus? Queere Affekte in Todd Haynes&#8217; Miniserie Mildred Pierce&#8221;, talk at the Institute for Film, Theater and Empirical Cultural Studies, Johannes Gutenberg University, Mainz, 09.07.2015.<\/li>\n\n\n\n<li>&#8220;Bewegungsbilder und Protestprojektionen: Videoaktivismus 2.0 und die neuen \u00d6ffentlichkeiten&#8221;, lecture as part of the lecture series &#8220;The Art of Protest&#8221;, FU Berlin, 04.06.2015.<\/li>\n\n\n\n<li>&#8220;Die \u00d6ffentlichkeit des \u00c4sthetischen: Video, Kunst, Aktivismus&#8221;, lecture at the Literature colloquium, University of Duisburg-Essen, 13.05.2015.<\/li>\n\n\n\n<li>&#8220;United in Anger. Aids und New Queer Cinema: Filme, Vortr\u00e4ge und Diskussion&#8221;, together with Julia Leyda, Kinothek General Students&#8217; Committee Nielsen, Frankfurt a.M., 24-03.2015.<\/li>\n\n\n\n<li>&#8220;Mechanische Verlebendigung: Von den Lebensdiskursen zur filmischen Erfahrung&#8221;, talk at the conference &#8220;Black Box Leben: Zwischen Materialismus und Vitalismus&#8221;, Bauhaus University Weimar, 13.12.2013.<\/li>\n\n\n\n<li>&#8220;Das offene Kunstwerk: Filmische Perspektivit\u00e4t und \u00e4sthetisches Urteilen&#8221;, talk at the conference &#8220;Gruppieren, Interferien, \u00dcbertragen: Performative R\u00e4ume zwischen K\u00fcnsten und Medien&#8221;, Heinrich Heine University D\u00fcsseldorf, 24.01.2013.<\/li>\n\n\n\n<li>&#8220;Abrissgeschichte. Klugs analytischer Realismus und die mechanische Verlebendigung im Kino&#8221;, talk at the conference &#8220;Poetik des Unwahrscheinlichen &#8211; Alexander Kluges Geschichte(n)&#8221;, Humboldt University Berlin, 14.12.2012.<\/li>\n\n\n\n<li>&#8220;Queer Trouble, Queer Times: Die Politik negativer Affekte&#8221;, talk at the symposium &#8220;Underground unterwegs&#8221; as part of the festival &#8220;Extra Trouble &#8211; Jack Smith in Frankfurt&#8221;, Mousonturm Frankfurt a.M., 23.12.2012.<\/li>\n\n\n\n<li>&#8220;Feel Bad Movement: Queerer Aktivismus, negative Affekte und politische \u00c4sthetik&#8221;, talk as part of the lecture series &#8220;Geschlecht in Wissenskulturen: Politische Affekte in queer-feministischen Analysen&#8221;, Humboldt University Berlin, 04.07.2012.<\/li>\n\n\n\n<li>&#8220;Afterimages of Activism: AIDS-Documentary and Ghostly Media&#8221;, guest talk at the Institute for British Studies and American Studies, University of Vienna, January 10, 2012.<\/li>\n\n\n\n<li>&#8220;For Crying Out Loud: Wiederholung und Affekt nach dem Melodrama&#8221;, talk as part of the lecture series &#8220;Genre und Serie&#8221;, FU Berlin, 05.01.2012.<\/li>\n\n\n\n<li>&#8220;Im Video-Schneideraum: Zerflie\u00dfende und kontingente Zeit&#8221;, annual conference of the SFB 626 &#8220;Werk, Kontingenz, Relevanz&#8221;, Berlin, November 4-5, 2011.<\/li>\n\n\n\n<li>&#8220;Projecting Life: On Cinematic Historiography&#8221;, talk at the conference &#8220;On the Periphery of Cinema &#8211; Practices, Materials, Objects&#8221;, Weimar, 17-19.06.2010.<\/li>\n\n\n\n<li>&#8220;Die Erfahrung verlorener M\u00f6glichkeiten: Kinematografie und Historiografie bei Kracauer und Benjamin&#8221;, talk at the conference &#8220;Bild \u2013 Raum \u2013 Materie: Film und Geschichte bei Siegfried Kracauer&#8221;, Budapest\/Vienna, 04-07.11.2009.<\/li>\n\n\n\n<li>&#8220;Excitable Spit: Resisting Reversion and Repetition, talk with Bini Adamczak at the festival &#8220;Live Film! Jack Smith! Five Flaming Days in a Rented World!&#8221; Berlin, 28.10.-01.11.2009. <\/li>\n\n\n\n<li>&#8220;Cinematography as Historiography&#8221;, Eugene Lang College, The New School of Liberal Arts, New York, September 22, 2008.<\/li>\n\n\n\n<li>&#8220;Cinema, Biopolitics, and Postvitalist Work of Mourning&#8221;, talk at the Pratt Institute, Department of Social Science and Cultural Studies, New York, September 15, 2008.<\/li>\n\n\n\n<li>&#8220;Lebens-Form Kino. F\u00fcr eine postvitalistische Trauerarbeit&#8221;, talk at the conference &#8220;Waking Life. Cinematic Mediations Between Technique and Life&#8221;, Berlin, July 10-12, 2008.<\/li>\n<\/ol>\n\n\n\n<p class=\"has-big-font-size\"><\/p>\n\n\n\n<p class=\"has-big-font-size\">Further lectures<\/p>\n\n\n\n<ol class=\"wp-block-list\">\n<li>&#8220;Neoliberale Diversit\u00e4t und synchronisierte K\u00f6rper-Arbeit: Apple Fitness+ aus Sicht der kritischen Ph\u00e4nomenologie&#8221;, talk on the panel &#8220;Always On: K\u00f6rper-Arbeit in neoliberalen Plattformkulturen&#8221;, Annual Conference of the Society for Media Studies, Martin Luther University Halle, 30.09.2022.<\/li>\n\n\n\n<li>&#8220;Gegen Nichtdiskriminierung: Iris Marion Young, Affirmative Action und die institutionellen Barrieren der Wissenschaft&#8221;, contribution to the panel &#8220;Mehr als Wissenschaftsfreiheit. Theoretische Perspektiven auf die Debatte um &#8216;Cancel Culture&#8221;&#8221;, Annual Conference of the Society for Media Studies, University of Innsbruck, 23.09.2021.<\/li>\n\n\n\n<li>&#8220;Soziale Videos f\u00fcr soziale Bewegungen? Aufmerksamkeitsstrategien des Videoaktivismus im Social Web&#8221;, annual conference of the Institute for Protest and Movement Research &#8220;Hashtags, Tweets, Protests \u2013 Soziale Bewegungen im digitalen Zeitalter&#8221;, with Jens Eder and Britta Hartmann, 15.11.2019.<\/li>\n\n\n\n<li>&#8220;Industries of Outrage and Hope? Videoaktivismus in den Aufmerksamkeits\u00f6konomien des Social Web&#8221;, panel at the annual conference of the Society for Media Studies, University of Siegen, 26.09.2018.<\/li>\n\n\n\n<li>&#8220;Jetzt ganz anders: Wie Kunst, \u00d6konomie und Aktivismus gesellschaftliche Alternativen denken&#8221;, with Jens Schr\u00f6ter, University of Art and Design Linz, 30.06.2017.<\/li>\n\n\n\n<li>&#8220;The Power of Activist Videos&#8221;, introduction at the conference of the same name, with Jens Eder and Britta Hartmann, ICI Berlin, 12.05.2017.<\/li>\n\n\n\n<li>&#8220;Was in der \u00d6ffentlichkeit auf dem Spiel steht&#8221;, introductory talk as part of the lecture series &#8220;Intime \u00d6ffentlichkeiten: Medien, R\u00e4ume, Gemeinschaften&#8221;, University of Art and Design Linz\/IFK Vienna, 28.03.2017.<\/li>\n\n\n\n<li>&#8220;Dispositive und Praktiken des Videoaktivismus&#8221;, talk, interdisciplinary workshop &#8220;Bewegungs-Bilder 2.0. Videoaktivismus zwischen Social Media und Social Movements&#8221;, 22.04.2016, Department for Technology and Society der TU Berlin.<\/li>\n\n\n\n<li>&#8220;Kamera-Aktivismus und die &#8216;Utopie \u00d6ffentlichkeit'&#8221;, talk at the annual conference of the Society for Media Studies on the topic of utopia, University of Bayreuth, 02.10.2015.<\/li>\n\n\n\n<li>&#8220;Exzellenz und Elend: Gutes wissenschaftliches Arbeiten zwischen Utopie und Wirklichkeit&#8221;, workshop at the annual conference of the Society for Media Studies on the topic of utopias, University of Bayreuth, 01.10.2015.<\/li>\n\n\n\n<li>&#8220;United in Anger: A History of ACT UP&#8221;, short lecture and discussion with Karin Michalski and Todd Sekuler at the colloquium &#8220;Begehren und Sexualit\u00e4ten: Praktiken &#8211; Imaginationen &#8211; Kodierungen&#8221;, HU Berlin, February 6, 2015.<\/li>\n\n\n\n<li>&#8220;Organizing Pessimism: Film and the New Aesthetic Counter-Publics&#8221;, conference &#8220;Critical Theory, Film and Media: Where is &#8216;Frankfurt&#8217; Now?&#8221;, Frankfurt a.M., 21.08.2014.<\/li>\n\n\n\n<li>&#8220;The Politics of Circular Forms: Perspective and Judgment in Contemporary Cinematic Installations&#8221;, Film-Philosophy Conference &#8220;A World of Cinemas&#8221;, Glasgow, 02.07.2014.<\/li>\n\n\n\n<li>&#8220;Mechanical Vitalization: Bergson and Film Experience&#8221;, talk at the SCMS panel &#8220;The Vitality of the Cinematic Image I: Aesthetics, Mood, Fantasy&#8221;, Seattle, 20.03.2014.<\/li>\n\n\n\n<li>&#8220;Of Skylines and Solar Systems: Perspective and the Circular in Contemporary Cinematic Installation&#8221;, talk at the conference &#8220;Post-Cinematic Perspectives&#8221;, ICI Berlin, 23.11.2013.<\/li>\n\n\n\n<li>Introduction to the film program &#8220;Das Kino und das Politische&#8221;, Berlin, Kino Arsenal, 05.07.2013.<\/li>\n\n\n\n<li>&#8220;Screening the Financial Crisis: The Challenge of Political Film Aesthetics&#8221;, talk at the NECS panel &#8220;What&#8217;s the Political in Political Film Aesthetics?&#8221;, Prague, 21.06.2013.<\/li>\n\n\n\n<li>Response to the NECS panel &#8220;Curious Commodities, Concrete Contingencies, Narratives of Nonsolution: Projecting Siegfried Kracauer&#8217;s Politics&#8221;, Prague, 21.06.2013.<\/li>\n\n\n\n<li>&#8220;Realismus und Gegen\u00f6ffentlichkeit in der Krise: Alexander Kluge in Theorie und Praxis&#8221;, as part of the lecture series &#8220;Das Kino und das Politische&#8221;, Berlin, May 24, 2013.<\/li>\n\n\n\n<li>&#8220;Camp Realism: Political Affect, Melodrama and Todd Haynes&#8217; Mildred Pierce&#8221;, contribution to the SCMS panel &#8220;Pink Narcissus, Mildred, and Kaboom: Queer Media, Then and Now&#8221;, Chicago, March 6, 2013.<\/li>\n\n\n\n<li>&#8220;Mechanical Vitalization: History, Affect, and Aesthetic Experience in Cinema&#8221;, talk at the NECS panel &#8220;Remembering Film\/History: Cinematic Recirculation in Film and Television&#8221;, Lisbon, 21.06.2012.<\/li>\n\n\n\n<li>Introduction to the short film program \u201eAnti-Kanon: Spektakel \u2013 Attraktion \u2013 Experiment\u201c, Berlin, Kino Arsenal, 09.12.2011.<\/li>\n\n\n\n<li>&#8220;Rette sich wer kann (das mechanische Leben)&#8221;, lecture on the GfM panel &#8220;Dysfunktionale Organe: Zur Logik des Lebendigen im Kino&#8221;, Potsdam, October 7, 2011.<\/li>\n\n\n\n<li>&#8220;Delayed Presence: Experiencing the Afterimages of AIDS&#8221;, talk at the international conference &#8220;Import &#8211; Export &#8211; Transport: Queer Theory, Queer Critique and Activism in Motion&#8221;, Vienna, 28-30.04.2011.<\/li>\n\n\n\n<li>Introduction to &#8220;N\u00e9nette et Boni&#8221; as part of the Claire Denis retrospective at Kino Arsenal, Berlin, October 15, 2010.<\/li>\n\n\n\n<li>&#8220;Projecting Life (After the Revolution): Walter Benjamin, Judith Butler and Rainer Werner Fassbinder&#8221;, talk at the conference &#8220;Emerging Forms of Sociality&#8221;, Frankfurt a.M., 30.09.-02.10.2010.<\/li>\n\n\n\n<li>&#8220;The Experience of Lost Causes: Postvitalism and Historiography in Cinema&#8221;, talk at the panel &#8220;Lost Causes, Pending Cases: Film Theories of Historicity&#8221;, Network for European Cinema and Media Studies (NECS): Urban Mediations, Istanbul, 24-27. 2010.<\/li>\n\n\n\n<li>Lecture at the panel &#8220;Film Studies Between Text and the Body&#8221;, NECS: Budapest, 19-22.06.2008.<\/li>\n\n\n\n<li>&#8220;Cine-Aesthetic Experience Between Art and Science&#8221;, talk, &#8220;Art and Research &#8211; New Interfaces: European Doctoral Seminar in Culture, Criticism and Creativity&#8221;, Copenhagen, 05-07.06.2008.<\/li>\n\n\n\n<li>&#8220;Queer Life after the &#8216;Crushed Rebellion&#8217;: AIDS and Cinematic Work of Mourning in Todd Haynes&#8217;s &#8216;Safe'&#8221;, talk at the conference &#8220;That&#8217;s What a Chameleon Looks Like: Imagination, Illusion, Immersion&#8221;, Berlin, 31.01.-02.02.2008.<\/li>\n\n\n\n<li>&#8220;Schau und Spiel: \u00dcber das Erkenntnispotential des Kinos&#8221;, talk at the IFK Summer Academy, &#8220;Mind Game Movies: Zur Philosophie einer neuen Filmform&#8221;, Maria Taferl, 12-18.08.2007.<\/li>\n\n\n\n<li>Talk at the 1st colloquium of young scholars at the 12th International Symposium on Film &#8220;Wort und Fleisch: Kino im Spannungsfeld von Text und K\u00f6rper&#8221;, Bremen, January 18-21, 2007.<\/li>\n\n\n\n<li>&#8220;Zuf\u00fcgen, Tilgen und Belassen: \u00dcber die \u00c4sthetik des Unvollkommenen und den Chiasmus der Kinogeschichte&#8221;, talk for the symposium &#8220;Kratzer und Unsch\u00e4rfen: Ann\u00e4herung an eine \u00c4sthetik des Unvollkommenen&#8221;, Giessen, 27-29.10.2006.<\/li>\n<\/ol>\n\n\n\n<p class=\"has-big-font-size\"><\/p>\n\n\n\n<p class=\"has-big-font-size\">Science Communication<\/p>\n\n\n\n<ol class=\"wp-block-list\">\n<li>&#8220;Demokratie im Gespr\u00e4ch: Protest im digitalen Zeitalter&#8221;, Bavarian State Center for Political Education and Bavarian Adult Education Association, online, 14.10.2020.<\/li>\n\n\n\n<li>&#8220;Aufmerksamkeitsstrategien des Videoaktivimus im Social Web&#8221;, NDR Webvideo Days, Hamburg, 05.12.2018.<\/li>\n\n\n\n<li>&#8220;\u00d6ffentlichkeit und Aktivismus auf YouTube&#8221;, discussion round after the lecture as part of the Dies academicus, Catholic Private University Linz, 16.11.2017.<\/li>\n\n\n\n<li>&#8220;Aktivisten der digitalen Revolution&#8221;, conversation with Rainer Sch\u00fcller (Der Standard), Humanities Festival Vienna, 23.09.2017.<\/li>\n\n\n\n<li>&#8220;Was bedeutet Trumps Wahlsieg f\u00fcr den kulturellen Protest?&#8221;, interview in the program &#8220;Kompressor: Das Popkulturmagazin&#8221;, Deutschlandradio Kultur, 14.11.2016.<\/li>\n\n\n\n<li>&#8220;Alltagsrassismus in Deutschland&#8221;, interview with Christine Batty about witness videos and #BlackLivesMatter in the <em>call-in program<\/em>&#8220;Kosmo&#8221;, Funkhaus Europa, 12.07.2016.<\/li>\n\n\n\n<li>&#8220;Die Macht der Augenzeugen: Der Medienwissenschaftler Chris Tedjasukmana analysiert Videoaktivismus im Netz 2.0&#8221;, interview with Ralf Hutter, Neues Deutschland, 06.04.2016.<\/li>\n<\/ol>\n\n\n<\/jgu-base-tabsitem>\n\n<jgu-base-tabsitem react-props=\"{\n    &quot;title&quot;: &quot;Teaching&quot;,\n    &quot;slug&quot;: &quot;teaching&quot;,\n    &quot;align&quot;: &quot;wide&quot;,\n    &quot;customSlug&quot;: false\n}\">\n    \n\t<ol class=\"wp-block-list has-big-font-size\">\n\t\t\t\t\t<li>\n\t\t\t<a href=\"?event_id=395857913296309&amp;skip_groups=false\">\n\t\t\t\tS. Interdisziplin\u00e4r I: Medienkulturen des Bezeugens<\/a><br>\n\t\t\t\tInstructor: Univ.-Prof. Dr. Christian Tedjasukmana\t\t\t\t\t\t<\/li>\n\t\t\t\t\t<li>\n\t\t\t<a href=\"?event_id=395857913168295&amp;skip_groups=false\">\n\t\t\t\tS. Interdisziplin\u00e4r II: \u00a0Medienkulturen des Bezeugens<\/a><br>\n\t\t\t\tInstructor: Univ.-Prof. Dr. Christian Tedjasukmana\t\t\t\t\t\t<\/li>\n\t\t\t\t\t<li>\n\t\t\t<a href=\"?event_id=395864417525286&amp;skip_groups=false\">\n\t\t\t\tS. Theatralit\u00e4t &#8211; Performativit\u00e4t &#8211; Medialit\u00e4t: \u00a0Medienkulturen des Bezeugens<\/a><br>\n\t\t\t\tInstructor: Univ.-Prof. Dr. Christian Tedjasukmana\t\t\t\t\t\t<\/li>\n\t\t\t\t\t<li>\n\t\t\t<a href=\"?event_id=395394492189135&amp;skip_groups=false\">\n\t\t\t\tVL. Medien- und Kulturanalysen (Sommer)<\/a><br>\n\t\t\t\tInstructor: Univ.-Prof. Dr. Christian Tedjasukmana\t\t\t\t\t\t<\/li>\n\t\t\t\t\t<li>\n\t\t\t<a href=\"?event_id=395394492243138&amp;skip_groups=false\">\n\t\t\t\tVL. Medien- und Kulturtheorien (Sommer)<\/a><br>\n\t\t\t\tInstructor: Univ.-Prof. Dr. Christian Tedjasukmana\t\t\t\t\t\t<\/li>\n\t\t<\/ol>\n\t<hr>\n<p>\n\tSoSe 2026\t<\/p>\n\n\n\n<\/jgu-base-tabsitem>\n\n<jgu-base-tabsitem react-props=\"{\n    &quot;title&quot;: &quot;Information for students\\\/graduates&quot;,\n    &quot;slug&quot;: &quot;information-for-students-abs&quot;,\n    &quot;align&quot;: &quot;wide&quot;,\n    &quot;customSlug&quot;: false\n}\">\n    \n\n<p class=\"has-small-font-size\"><strong>Information for students and graduates:<\/strong><\/p>\n\n\n\n<p class=\"has-small-font-size\">If you would like to ask me to be the <strong>supervisor\/evaluator<\/strong> of your bachelor&#8217;s, master&#8217;s degree or doctoral thesis, I am generally happy to guide you through the process. Before you contact me, please make sure that <\/p>\n\n\n\n<ul class=\"wp-block-list has-small-font-size\">\n<li>your planned project roughly overlaps with my research interests and<\/li>\n\n\n\n<li>you explain in a short research proposal (0.5 A4 pages) which topic your work will deal with.<\/li>\n<\/ul>\n\n\n\n<p class=\"has-small-font-size\">For <strong>registrations in Bachelor&#8217;s or Master&#8217;s theses<\/strong>: Please leave your registration form at the Film Studies office for signature, where you can pick it up again. An individual consultation hour is not necessary for second supervisions. <\/p>\n\n\n\n<p class=\"has-small-font-size\">If you need a letter of <strong>recommendation<\/strong>, I will be happy to write it for you. Please understand that you should have attended and actively participated in at least one of my courses so that I have an adequate basis for my assessment. Please contact me 4-6 weeks before the application deadline and include your CV, your letter of motivation and some information about the institution you are applying to.<br \/>Thank you.  <\/p>\n\n\n<\/jgu-base-tabsitem>\n\n<jgu-base-tabsitem react-props=\"{\n    &quot;title&quot;: &quot;Consultation hour&quot;,\n    &quot;slug&quot;: &quot;consultation hour&quot;,\n    &quot;align&quot;: &quot;wide&quot;,\n    &quot;customSlug&quot;: false\n}\">\n    \n\n<p class=\"has-small-font-size\">Consultation hours will always take place digitally. Please log in <a href=\"https:\/\/nuudel.digitalcourage.de\/tzDM1k9Xly9arjnG\" target=\"_blank\" rel=\"noreferrer noopener\">here<\/a> in advance. When registering, you will find a link that will take you to my consultation room on MS Teams. The standard duration of consultation hours is 15 minutes.   <\/p>\n\n\n\n<p class=\"has-small-font-size\">My office is located on the ground floor of JGU Mainz&#8217;s media building (Wallstra\u00dfe 11). The room number is 00-256. <\/p>\n\n\n<\/jgu-base-tabsitem>\n\n<jgu-base-tabsitem react-props=\"{\n    &quot;title&quot;: &quot;Contact&quot;,\n    &quot;slug&quot;: &quot;contact&quot;,\n    &quot;align&quot;: &quot;wide&quot;,\n    &quot;customSlug&quot;: false\n}\">\n    \n\n<p class=\"has-small-font-size\"><strong>Univ.-Prof. Dr. Chris Tedjasukmana<\/strong><br \/>Professorship for Everyday Media and Digital Cultures<br \/>Johannes Gutenberg University Mainz<br \/>Faculty 05<br \/>Institute for Film, Theatre, Media and Cultural Studies<\/p>\n\n\n\n<p class=\"has-small-font-size\">Phone: +49 6131 39-22874<br \/>E-mail: <a href=\"mailto:tedjasukmana@uni-mainz.de\">tedjasukmana@uni-mainz.de<\/a><\/p>\n\n\n<\/jgu-base-tabsitem>\n\n<\/jgu-base-tabs><\/div>\n<\/div>\n<\/div>\n<\/div>\n\n\n\n<div class=\"wp-block-group is-layout-constrained wp-block-group-is-layout-constrained\">\n<div class=\"wp-block-group is-nowrap is-layout-flex wp-container-core-group-is-layout-ad2f72ca wp-block-group-is-layout-flex\">\n<div class=\"wp-block-columns is-layout-flex wp-container-core-columns-is-layout-9d6595d7 wp-block-columns-is-layout-flex\">\n<div class=\"wp-block-column is-layout-flow wp-block-column-is-layout-flow\" style=\"flex-basis:100%\">\n<div class=\"wp-block-group is-layout-constrained wp-block-group-is-layout-constrained\"><\/div>\n<\/div>\n<\/div>\n<\/div>\n<\/div>\n<\/div><\/div>\n<\/jgu-base-section><\/div>\n<\/div>\n    <div style=\"display: none\">\n        \n    <\/div>","protected":false},"excerpt":{"rendered":"","protected":false},"author":2184,"featured_media":0,"parent":0,"menu_order":0,"comment_status":"closed","ping_status":"closed","template":"","meta":{"footnotes":""},"categories":[],"tags":[],"class_list":["post-11866","page","type-page","status-publish","hentry"],"content_raw":"<!-- wp:columns {\"className\":\"\"} -->\n<div class=\"wp-block-columns\"><!-- wp:column {\"width\":\"100%\"} -->\n<div class=\"wp-block-column\" style=\"flex-basis:100%\"><!-- wp:jgu\/section {\"color\":\"dark\"} -->\n<div class=\"jgu-bgsection bg bg-dark \"><div class=\"content padding-medium\"><!-- wp:jgu\/heading {\"index\":\"Professor for Everyday Media and Digital Cultures\",\"color\":\"default\",\"tags\":{\"htmlTag\":\"h2\",\"classTag\":\"\",\"tag\":\"h2\"},\"heading\":\"Prof. Dr. Chris Tedjasukmana\\u003cbr\\u003e\"} \/-->\n\n<!-- wp:columns {\"className\":\"\"} -->\n<div class=\"wp-block-columns\"><!-- wp:column {\"width\":\"100%\"} -->\n<div class=\"wp-block-column\" style=\"flex-basis:100%\"><!-- wp:columns {\"className\":\"\"} -->\n<div class=\"wp-block-columns\"><!-- wp:column {\"width\":\"20%\",\"layout\":{\"type\":\"constrained\"}} -->\n<div class=\"wp-block-column\" style=\"flex-basis:20%\"><!-- wp:jgu\/image {\"align\":\"left\",\"image\":{\"url\":null,\"id\":11412},\"width\":0} \/--><\/div>\n<!-- \/wp:column -->\n\n<!-- wp:column {\"width\":\"70%\"} -->\n<div class=\"wp-block-column\" style=\"flex-basis:70%\"><!-- wp:paragraph {\"translatedWithWPMLTM\":\"1\"} -->\n<p class=\"has-big-font-size\"><strong>Chris Tedjasukmana (Dr. phil.)<\/strong> is Professor of Everyday Media and Digital Cultures at Johannes Gutenberg University Mainz and Director for Research Training Group 3064 \u201cTechnologies of Witnessing: Media and Cultural Practices\u201d. He is a member of the faculty council 05: Philosophy and Philology and one of the ombudspersons for BIPOC, FLINTA* and LGBTQIA+ as well as for disabled, neurodivergent and chronically ill students at the FTMK. <\/p>\n<!-- \/wp:paragraph -->\n\n<!-- wp:spacer -->\n<div style=\"height:90px\" aria-hidden=\"true\" class=\"wp-block-spacer\"><\/div>\n<!-- \/wp:spacer -->\n\n<!-- wp:jgu\/tabs {\"stackMobile\":true,\"hasAllOpenButton\":false,\"onlyOne\":true,\"enableSearch\":true,\"layout\":{\"type\":\"flex\",\"flexWrap\":\"nowrap\",\"justifyContent\":\"left\",\"orientation\":\"vertical\"}} -->\n<!-- wp:jgu\/tabs-item {\"title\":\"CV\",\"slug\":\"CV\"} -->\n<!-- wp:paragraph {\"translatedWithWPMLTM\":\"1\"} -->\n<p class=\"has-big-font-size\">CV<\/p>\n<!-- \/wp:paragraph -->\n\n<!-- wp:paragraph {\"fontSize\":\"small\",\"translatedWithWPMLTM\":\"1\"} -->\n<p class=\"has-small-font-size\">2026: Spokesperson of the Research Training Group \"Technics of Witnessing: Witnessing as a Media and Cultural Practice\"<\/p>\n<!-- \/wp:paragraph -->\n\n<!-- wp:paragraph {\"fontSize\":\"small\",\"translatedWithWPMLTM\":\"1\"} -->\n<p class=\"has-small-font-size\">Since 2020\/21: Professor of Everyday Media and Digital Cultures at the Institute for Film, Theater, Media and Cultural Studies at Johannes Gutenberg University Mainz<\/p>\n<!-- \/wp:paragraph -->\n\n<!-- wp:paragraph {\"fontSize\":\"small\",\"translatedWithWPMLTM\":\"1\"} -->\n<p class=\"has-small-font-size\">2018-2023: Principal Investigator of the research group <a href=\"http:\/\/videoactivism.net\">\"Attention Strategies of Video Activism on the Social Web\";<\/a> funded by the Volkswagen Foundation<\/p>\n<!-- \/wp:paragraph -->\n\n<!-- wp:paragraph {\"fontSize\":\"small\",\"translatedWithWPMLTM\":\"1\"} -->\n<p class=\"has-small-font-size\">2018-2019: Visiting professor for Media Philosophy at the Department of Philosophy at the University of Vienna<\/p>\n<!-- \/wp:paragraph -->\n\n<!-- wp:paragraph {\"fontSize\":\"small\",\"translatedWithWPMLTM\":\"1\"} -->\n<p class=\"has-small-font-size\">2016-2018: Principal Investigator of the research group \"Bewegungsbilder 2.0: Videoaktivismus zwischen Social Media und Social Movements\"; FU Berlin, Uni Bonn, Filmuni Babelsberg; Grant: Volkswagen Foundation<\/p>\n<!-- \/wp:paragraph -->\n\n<!-- wp:paragraph {\"fontSize\":\"small\",\"translatedWithWPMLTM\":\"1\"} -->\n<p class=\"has-small-font-size\">2017-2018: Guest of the Director at the International Research Center for Cultural Studies (IFK), University of Art and Design Linz in Vienna<\/p>\n<!-- \/wp:paragraph -->\n\n<!-- wp:paragraph {\"fontSize\":\"small\",\"translatedWithWPMLTM\":\"1\"} -->\n<p class=\"has-small-font-size\">2016-2017: Visiting professor for media theories at the University of Art and Design Linz (interim professorship and head of department)<\/p>\n<!-- \/wp:paragraph -->\n\n<!-- wp:paragraph {\"fontSize\":\"small\",\"translatedWithWPMLTM\":\"1\"} -->\n<p class=\"has-small-font-size\">2016-2017: Research Fellow at the IFK in Vienna (did not attend)<\/p>\n<!-- \/wp:paragraph -->\n\n<!-- wp:paragraph {\"fontSize\":\"small\",\"translatedWithWPMLTM\":\"1\"} -->\n<p class=\"has-small-font-size\">2015-2016: Part-time adjunct lecturer for media theory at the Institute for Theater, Film and Media Studies, University of Vienna<\/p>\n<!-- \/wp:paragraph -->\n\n<!-- wp:paragraph {\"fontSize\":\"small\",\"translatedWithWPMLTM\":\"1\"} -->\n<p class=\"has-small-font-size\">2011-2019: Academic staff member at the Seminar for Film Studies, FU Berlin<\/p>\n<!-- \/wp:paragraph -->\n\n<!-- wp:paragraph {\"fontSize\":\"small\",\"translatedWithWPMLTM\":\"1\"} -->\n<p class=\"has-small-font-size\">2009-2014: Academic staff member at the Collaborative Research Center 626 \"\u00c4sthetosche Erfahrung im Zeichen der Entgrenzung der K\u00fcnste\", Subproject B3 \"Zur Illusion und Fiktion in der Film\u00e4sthetik\"; Subproject \"Zur perspektivischen Entgrenzung im Experimentalfilm und Post-Cinema\", FU Berlin<\/p>\n<!-- \/wp:paragraph -->\n\n<!-- wp:paragraph {\"fontSize\":\"small\",\"translatedWithWPMLTM\":\"1\"} -->\n<p class=\"has-small-font-size\">2009: Guest Researcher at the Copenhagen Doctoral School in Cultural Studies<\/p>\n<!-- \/wp:paragraph -->\n\n<!-- wp:paragraph {\"fontSize\":\"small\",\"translatedWithWPMLTM\":\"1\"} -->\n<p class=\"has-small-font-size\">2008: Visiting Scholar at the Pratt Institute, New York City<\/p>\n<!-- \/wp:paragraph -->\n\n<!-- wp:paragraph {\"fontSize\":\"small\",\"translatedWithWPMLTM\":\"1\"} -->\n<p class=\"has-small-font-size\">2006-2009: Doctoral scholarship at the International Research Training Group \"InterArt\", FU Berlin<\/p>\n<!-- \/wp:paragraph -->\n\n<!-- wp:paragraph {\"fontSize\":\"small\",\"translatedWithWPMLTM\":\"1\"} -->\n<p class=\"has-small-font-size\">2006: Doctoral scholarship at the Research Training Group \"Bild - K\u00f6rper - Medium. Eine anthropologische Perspektive\", Karlsruhe University of Arts and Design (did not attend)<\/p>\n<!-- \/wp:paragraph -->\n\n<!-- wp:paragraph {\"fontSize\":\"small\",\"translatedWithWPMLTM\":\"1\"} -->\n<p class=\"has-small-font-size\">2005-2006: Student assistant for Prof. Dr. Martin Seel, Institute for Philosophy, University of Frankfurt a.M.<\/p>\n<!-- \/wp:paragraph -->\n\n<!-- wp:paragraph {\"fontSize\":\"small\",\"translatedWithWPMLTM\":\"1\"} -->\n<p class=\"has-small-font-size\">2004-2006: Student assistant at the Research Training Group \"Zeiterfahrung und \u00e4sthetische Wahrnehmung\", University of Frankfurt a.M.<\/p>\n<!-- \/wp:paragraph -->\n\n<!-- wp:paragraph {\"fontSize\":\"small\",\"translatedWithWPMLTM\":\"1\"} -->\n<p class=\"has-small-font-size\">2003-2004: Student research scholarship at the Research Training Group \"Zeiterfahrung und \u00e4sthetische Wahrnehmung\", University of Frankfurt a.M.<\/p>\n<!-- \/wp:paragraph -->\n\n<!-- wp:paragraph {\"fontSize\":\"small\",\"translatedWithWPMLTM\":\"1\"} -->\n<p class=\"has-small-font-size\">2000-2006: Study scholarship from the Rosa Luxemburg Foundation<\/p>\n<!-- \/wp:paragraph -->\n\n<!-- wp:paragraph {\"fontSize\":\"small\",\"translatedWithWPMLTM\":\"1\"} -->\n<p class=\"has-small-font-size\">2003: Student assistant for Prof. Dr. Axel Honneth and Prof. Dr. Gary Gutting, Institute of Philosophy, University of Frankfurt a.M.<\/p>\n<!-- \/wp:paragraph -->\n\n<!-- wp:paragraph {\"fontSize\":\"small\",\"translatedWithWPMLTM\":\"1\"} -->\n<p class=\"has-small-font-size\">2001: Student assistant at the Academic (University) Senate of the University of Frankfurt a.M.<br \/><\/p>\n<!-- \/wp:paragraph -->\n\n<!-- wp:paragraph -->\n<p class=\"has-big-font-size\"><\/p>\n<!-- \/wp:paragraph -->\n\n<!-- wp:paragraph -->\n<p class=\"has-big-font-size\"><\/p>\n<!-- \/wp:paragraph -->\n\n<!-- wp:paragraph {\"translatedWithWPMLTM\":\"1\"} -->\n<p class=\"has-big-font-size\">Stays abroad<\/p>\n<!-- \/wp:paragraph -->\n\n<!-- wp:paragraph {\"fontSize\":\"small\",\"translatedWithWPMLTM\":\"1\"} -->\n<p class=\"has-small-font-size\">2017-2018: Guest of the Director at the International Research Center for Cultural Studies (IFK), University of Art and Design Linz in Vienna<\/p>\n<!-- \/wp:paragraph -->\n\n<!-- wp:paragraph {\"fontSize\":\"small\",\"translatedWithWPMLTM\":\"1\"} -->\n<p class=\"has-small-font-size\">2009: Guest Researcher at the Copenhagen Doctoral School in Cultural Studies<\/p>\n<!-- \/wp:paragraph -->\n\n<!-- wp:paragraph {\"fontSize\":\"small\",\"translatedWithWPMLTM\":\"1\"} -->\n<p class=\"has-small-font-size\">2008: Visiting Scholar at the Pratt Institute, New York City<br \/><\/p>\n<!-- \/wp:paragraph -->\n\n<!-- wp:paragraph -->\n<p class=\"has-big-font-size\"><\/p>\n<!-- \/wp:paragraph -->\n\n<!-- wp:paragraph -->\n<p class=\"has-big-font-size\"><\/p>\n<!-- \/wp:paragraph -->\n\n<!-- wp:paragraph {\"translatedWithWPMLTM\":\"1\"} -->\n<p class=\"has-big-font-size\">Awards<\/p>\n<!-- \/wp:paragraph -->\n\n<!-- wp:paragraph {\"fontSize\":\"small\",\"translatedWithWPMLTM\":\"1\"} -->\n<p class=\"has-small-font-size\">2014: Karsten Witte Prize of the Society for Media Studies (GfM) for the best film studies essay of the year<\/p>\n<!-- \/wp:paragraph -->\n\n<!-- wp:paragraph {\"translatedWithWPMLTM\":\"1\"} -->\n<p class=\"has-big-font-size\"><br \/><\/p>\n<!-- \/wp:paragraph -->\n\n<!-- wp:paragraph {\"translatedWithWPMLTM\":\"1\"} -->\n<p class=\"has-big-font-size\">Functions in scientific societies<\/p>\n<!-- \/wp:paragraph -->\n\n<!-- wp:paragraph {\"fontSize\":\"small\",\"translatedWithWPMLTM\":\"1\"} -->\n<p class=\"has-small-font-size\">2015-2018: Founding spokesperson of the commission for good work in science at the board of the Society for Media Studies (GfM)<\/p>\n<!-- \/wp:paragraph -->\n\n<!-- wp:paragraph {\"fontSize\":\"small\",\"translatedWithWPMLTM\":\"1\"} -->\n<p class=\"has-small-font-size\">2016-2018: Spokesperson of the work group Political Theory and Media Studies (GfM)<\/p>\n<!-- \/wp:paragraph -->\n\n<!-- wp:paragraph {\"fontSize\":\"small\",\"translatedWithWPMLTM\":\"1\"} -->\n<p class=\"has-small-font-size\">Since 2015: Expert reviewer and liaison lecturer for the Rosa Luxemburg Foundation in the field of arts, cultural and media studies<\/p>\n<!-- \/wp:paragraph -->\n\n<!-- wp:paragraph {\"fontSize\":\"small\",\"translatedWithWPMLTM\":\"1\"} -->\n<p class=\"has-small-font-size\">2014-2020: Co-editor of Montage AV: Zeitschrift f\u00fcr Theorie und Geschichte audiovisueller Kommunikation<br \/><\/p>\n<!-- \/wp:paragraph -->\n\n<!-- wp:paragraph -->\n<p class=\"has-big-font-size\"><\/p>\n<!-- \/wp:paragraph -->\n\n<!-- wp:paragraph {\"translatedWithWPMLTM\":\"1\"} -->\n<p class=\"has-big-font-size\">Memberships<\/p>\n<!-- \/wp:paragraph -->\n\n<!-- wp:paragraph {\"fontSize\":\"small\",\"translatedWithWPMLTM\":\"1\"} -->\n<p class=\"has-small-font-size\">Since 2013: Society for Cinema and Media Studies (SCMS)<\/p>\n<!-- \/wp:paragraph -->\n\n<!-- wp:paragraph {\"fontSize\":\"small\",\"translatedWithWPMLTM\":\"1\"} -->\n<p class=\"has-small-font-size\">Since 2011: Society for Media Studies (GfM):<\/p>\n<!-- \/wp:paragraph -->\n\n<!-- wp:list -->\n<ul class=\"wp-block-list\"><!-- wp:list-item {\"translatedWithWPMLTM\":\"1\"} -->\n<li>Since 2015 Commission for Good Work in Science<\/li>\n<!-- \/wp:list-item -->\n\n<!-- wp:list-item {\"translatedWithWPMLTM\":\"1\"} -->\n<li>Since 2015 AG Gender\/Queer Studies and Media Studies<\/li>\n<!-- \/wp:list-item -->\n\n<!-- wp:list-item {\"translatedWithWPMLTM\":\"1\"} -->\n<li>Since 2014 Working Group Data and Networks<\/li>\n<!-- \/wp:list-item -->\n\n<!-- wp:list-item {\"translatedWithWPMLTM\":\"1\"} -->\n<li>Since 2013 AG Film Studies<\/li>\n<!-- \/wp:list-item -->\n\n<!-- wp:list-item {\"translatedWithWPMLTM\":\"1\"} -->\n<li>Since 2012 Working Group Political Theory and Media Studies<\/li>\n<!-- \/wp:list-item --><\/ul>\n<!-- \/wp:list -->\n\n<!-- wp:paragraph {\"fontSize\":\"small\",\"translatedWithWPMLTM\":\"1\"} -->\n<p class=\"has-small-font-size\">Since 2008: Network for European Cinema and Media Studies (NECS)<\/p>\n<!-- \/wp:paragraph -->\n<!-- \/wp:jgu\/tabs-item -->\n\n<!-- wp:jgu\/tabs-item {\"title\":\"Research\",\"slug\":\"research\"} -->\n<!-- wp:paragraph {\"translatedWithWPMLTM\":\"1\"} -->\n<p class=\"has-big-font-size\">Ongoing research projects:<\/p>\n<!-- \/wp:paragraph -->\n\n<!-- wp:list -->\n<ul class=\"wp-block-list\"><!-- wp:list-item {\"translatedWithWPMLTM\":\"1\"} -->\n<li>Spokesperson of Research Training Group \"Technologies of Witnessing: Media and Cultural Practices\u201c \"; funded by the German Research Foundation (DFG)<\/li>\n<!-- \/wp:list-item --><\/ul>\n<!-- \/wp:list -->\n\n<!-- wp:paragraph -->\n<p class=\"has-big-font-size\"><\/p>\n<!-- \/wp:paragraph -->\n\n<!-- wp:paragraph {\"translatedWithWPMLTM\":\"1\"} -->\n<p class=\"has-big-font-size\">Completed research projects:<\/p>\n<!-- \/wp:paragraph -->\n\n<!-- wp:list -->\n<ul class=\"wp-block-list\"><!-- wp:list-item {\"translatedWithWPMLTM\":\"1\"} -->\n<li>Project manager of the research group <a href=\"http:\/\/videoactivism.net\">\"Attention Strategies of Video Activism on the Social Web\";<\/a> funded by the Volkswagen Foundation<\/li>\n<!-- \/wp:list-item -->\n\n<!-- wp:list-item {\"translatedWithWPMLTM\":\"1\"} -->\n<li>Project manager of the research group \"Movement Images 2.0: Video Activism between Social Media and Social Movements\"; funded by the Volkswagen Foundation<\/li>\n<!-- \/wp:list-item -->\n\n<!-- wp:list-item {\"translatedWithWPMLTM\":\"1\"} -->\n<li>Academic staff member in Collaborative Research Center 626 \"Aesthetic Experience in the Context of the Dissolution of Boundaries in the Arts\", subproject B3 \"On Illusion and Fiction in Film Aesthetics\"; subproject \"On the Dissolution of Perspective in Experimental Film and Post-Cinema\", Freie Universit\u00e4t Berlin; funded by the German Research Foundation (DFG)<\/li>\n<!-- \/wp:list-item --><\/ul>\n<!-- \/wp:list -->\n\n<!-- wp:paragraph -->\n<p class=\"has-big-font-size\"><\/p>\n<!-- \/wp:paragraph -->\n\n<!-- wp:paragraph {\"translatedWithWPMLTM\":\"1\"} -->\n<p class=\"has-big-font-size\">Main research areas:<\/p>\n<!-- \/wp:paragraph -->\n\n<!-- wp:list -->\n<ul class=\"wp-block-list\"><!-- wp:list-item {\"translatedWithWPMLTM\":\"1\"} -->\n<li>Medial witnessing<\/li>\n<!-- \/wp:list-item -->\n\n<!-- wp:list-item {\"translatedWithWPMLTM\":\"1\"} -->\n<li>Video activism on social media<\/li>\n<!-- \/wp:list-item -->\n\n<!-- wp:list-item {\"translatedWithWPMLTM\":\"1\"} -->\n<li>Food as an item of the diaspora<\/li>\n<!-- \/wp:list-item --><\/ul>\n<!-- \/wp:list -->\n\n<!-- wp:paragraph -->\n<p class=\"has-big-font-size\"><\/p>\n<!-- \/wp:paragraph -->\n\n<!-- wp:paragraph {\"translatedWithWPMLTM\":\"1\"} -->\n<p class=\"has-big-font-size\">Further focal points:  <\/p>\n<!-- \/wp:paragraph -->\n\n<!-- wp:list -->\n<ul class=\"wp-block-list\"><!-- wp:list-item {\"translatedWithWPMLTM\":\"1\"} -->\n<li>Film theory<\/li>\n<!-- \/wp:list-item -->\n\n<!-- wp:list-item {\"translatedWithWPMLTM\":\"1\"} -->\n<li>Fitness and mindfulness apps<\/li>\n<!-- \/wp:list-item -->\n\n<!-- wp:list-item -->\n<li>Gender\/Queer Studies<\/li>\n<!-- \/wp:list-item -->\n\n<!-- wp:list-item {\"translatedWithWPMLTM\":\"1\"} -->\n<li>Critical theory<\/li>\n<!-- \/wp:list-item -->\n\n<!-- wp:list-item {\"translatedWithWPMLTM\":\"1\"} -->\n<li>Critical phenomenology<\/li>\n<!-- \/wp:list-item -->\n\n<!-- wp:list-item {\"translatedWithWPMLTM\":\"1\"} -->\n<li>Media memory cultures<\/li>\n<!-- \/wp:list-item -->\n\n<!-- wp:list-item {\"translatedWithWPMLTM\":\"1\"} -->\n<li>Platform research<\/li>\n<!-- \/wp:list-item -->\n\n<!-- wp:list-item {\"translatedWithWPMLTM\":\"1\"} -->\n<li>Political aesthetics<\/li>\n<!-- \/wp:list-item -->\n\n<!-- wp:list-item -->\n<li>Social Media \/ Social Videos<\/li>\n<!-- \/wp:list-item -->\n\n<!-- wp:list-item {\"translatedWithWPMLTM\":\"1\"} -->\n<li>Theories of the public sphere<\/li>\n<!-- \/wp:list-item -->\n\n<!-- wp:list-item {\"translatedWithWPMLTM\":\"1\"} -->\n<li>Theories of the body<\/li>\n<!-- \/wp:list-item --><\/ul>\n<!-- \/wp:list -->\n\n<!-- wp:paragraph -->\n<p class=\"has-big-font-size\"><\/p>\n<!-- \/wp:paragraph -->\n\n<!-- wp:paragraph {\"translatedWithWPMLTM\":\"1\"} -->\n<p class=\"has-big-font-size\">Other academic functions:<\/p>\n<!-- \/wp:paragraph -->\n\n<!-- wp:list -->\n<ul class=\"wp-block-list\"><!-- wp:list-item {\"translatedWithWPMLTM\":\"1\"} -->\n<li>Since 2024: Member of the Georg Forster Forum, core research area Humanities and Social Sciences at Johannes Gutenberg University Mainz (JGU)<\/li>\n<!-- \/wp:list-item -->\n\n<!-- wp:list-item {\"translatedWithWPMLTM\":\"1\"} -->\n<li>2024: Head organizer of the 2024 annual conference of the Society for Media Studies (GfM) at JGU Mainz<\/li>\n<!-- \/wp:list-item -->\n\n<!-- wp:list-item {\"translatedWithWPMLTM\":\"1\"} -->\n<li>2023-2025: Managing director of the Institute for Film, Theater, Media and Cultural Studies (FTMK), JGU Mainz<\/li>\n<!-- \/wp:list-item -->\n\n<!-- wp:list-item {\"translatedWithWPMLTM\":\"1\"} -->\n<li>2023-2024: Member of the selection jury in the Volkswagen Foundation's funding line \"Aufbruch - New Research Spaces for the Humanities and Cultural Studies\"<\/li>\n<!-- \/wp:list-item -->\n\n<!-- wp:list-item {\"translatedWithWPMLTM\":\"1\"} -->\n<li>Since 2023: Member of the Philosophy and Philology faculty council, JGU Mainz<\/li>\n<!-- \/wp:list-item -->\n\n<!-- wp:list-item {\"translatedWithWPMLTM\":\"1\"} -->\n<li>Since 2021: Member of the executive committee of the FTMK Institute, JGU Mainz<\/li>\n<!-- \/wp:list-item -->\n\n<!-- wp:list-item {\"translatedWithWPMLTM\":\"1\"} -->\n<li>2015-2018: Founding spokesperson of the commission for good work in science at the board of the Society for Media Studies (GfM)<\/li>\n<!-- \/wp:list-item -->\n\n<!-- wp:list-item {\"translatedWithWPMLTM\":\"1\"} -->\n<li>2016-2018: Spokesperson of the work group Political Theory and Media Studies (GfM)<\/li>\n<!-- \/wp:list-item -->\n\n<!-- wp:list-item {\"translatedWithWPMLTM\":\"1\"} -->\n<li>2014-2023: Co-editor of Montage AV: Journal for Theory and History of Audiovisual Communication<\/li>\n<!-- \/wp:list-item --><\/ul>\n<!-- \/wp:list -->\n<!-- \/wp:jgu\/tabs-item -->\n\n<!-- wp:jgu\/tabs-item {\"title\":\"Publications\",\"slug\":\"publications\"} -->\n<!-- wp:paragraph {\"translatedWithWPMLTM\":\"1\"} -->\n<p class=\"has-big-font-size\">Books<\/p>\n<!-- \/wp:paragraph -->\n\n<!-- wp:list {\"ordered\":true} -->\n<ol class=\"wp-block-list\"><!-- wp:list-item -->\n<li>Jens Eder, Britta Hartmann, Chris Tedjasukmana: Understanding Video Activism on Social Media, London 2025. <a href=\"https:\/\/intellectdiscover.com\/content\/books\/9781835950821\">[Open Access.]<\/a><\/li>\n<!-- \/wp:list-item -->\n\n<!-- wp:list-item {\"translatedWithWPMLTM\":\"1\"} -->\n<li>Guido Kirsten, Chris Tedjasukmana (eds.): Klassische Filmtheorien, Mainz 2021.<\/li>\n<!-- \/wp:list-item -->\n\n<!-- wp:list-item {\"translatedWithWPMLTM\":\"1\"} -->\n<li>Jens Eder, Britta Hartmann, Chris Tedjasukmana: Bewegungsbilder: Politische Videos in Sozialen Medien, Berlin 2020. <a href=\"https:\/\/www.bertz-fischer.de\/Bewegungsbilder\">[https:\/\/www.bertz-fischer.de\/Bewegungsbilder]<\/a>.<\/li>\n<!-- \/wp:list-item -->\n\n<!-- wp:list-item {\"translatedWithWPMLTM\":\"1\"} -->\n<li><a href=\"https:\/\/montage-av.de\/25-2-2016\/\" data-type=\"link\" data-id=\"https:\/\/montage-av.de\/25-2-2016\/\">Themenheft 1992, Montage AV<\/a>: Zeitschrift f\u00fcr Theorie und Geschichte audiovisueller Kommunikation, Vol. 25, No. 2, 2016; ed. by Stephen Lowry, Chris Tedjasukmana.  <\/li>\n<!-- \/wp:list-item -->\n\n<!-- wp:list-item {\"translatedWithWPMLTM\":\"1\"} -->\n<li>Adina Lauenburger, Chris Tedjasukmana, Lisa \u00c5kervall, Sulgi Lie (eds.): Waking Life. Kino zwischen Technik und Leben, Berlin 2016. <\/li>\n<!-- \/wp:list-item -->\n\n<!-- wp:list-item {\"translatedWithWPMLTM\":\"1\"} -->\n<li>Chris Tedjasukmana: Mechanische Verlebendigung: \u00c4sthetische Erfahrung im Kino, Film Denken series, Paderborn 2014.<\/li>\n<!-- \/wp:list-item -->\n\n<!-- wp:list-item {\"translatedWithWPMLTM\":\"1\"} -->\n<li><a href=\"https:\/\/montage-av.de\/23-2-2014\/\" data-type=\"link\" data-id=\"https:\/\/montage-av.de\/23-2-2014\/\">Themenheft Politik, Montage AV<\/a>: Zeitschrift f\u00fcr Theorie und Geschichte audiovisueller Kommunikation, Vol. 23, No. 2, 2014; ed. by Guido Kirsten, Chris Tedjasukmana, Julia Zutavern.  <\/li>\n<!-- \/wp:list-item --><\/ol>\n<!-- \/wp:list -->\n\n<!-- wp:paragraph -->\n<p class=\"has-big-font-size\"><\/p>\n<!-- \/wp:paragraph -->\n\n<!-- wp:paragraph {\"translatedWithWPMLTM\":\"1\"} -->\n<p class=\"has-big-font-size\">Essays<\/p>\n<!-- \/wp:paragraph -->\n\n<!-- wp:list {\"ordered\":true} -->\n<ol class=\"wp-block-list\"><!-- wp:list-item {\"translatedWithWPMLTM\":\"1\"} -->\n<li>Guido Kirsten, Chris Tedjasukmana: Film und Ideologie, in: Britta Hartmann, Ursula von Keitz, Markus Kuhn, Thomas Schick, Michael Wedel (eds.): Handbuch Filmwissenschaft, Stuttgart 2021 [article submitted and edited].<\/li>\n<!-- \/wp:list-item -->\n\n<!-- wp:list-item {\"translatedWithWPMLTM\":\"1\"} -->\n<li>Chris Tedjasukmana: Soziologische Filmtheorien, in: Guido Kirsten, Chris Tedjasukmana (eds.): Klassische Filmtheorie, Mainz 2021<a href=\"https:\/\/www.ventil-verlag.de\/titel\/1885\/klassische-filmtheorie\">[https:\/\/www.ventil-verlag.de\/titel\/1885\/klassische-filmtheorie]<\/a>.<\/li>\n<!-- \/wp:list-item -->\n\n<!-- wp:list-item -->\n<li>Chris Tedjasukmana: Metropolis (D 1927, Fritz Lang), in: Klassische Filmtheorie, Mainz 2021.<\/li>\n<!-- \/wp:list-item -->\n\n<!-- wp:list-item -->\n<li>Chris Tedjasukmana: Klassische Filmtheorien \u2013 Eine Einleitung, in: Klassische Filmtheorie, Mainz 2021.<\/li>\n<!-- \/wp:list-item -->\n\n<!-- wp:list-item {\"translatedWithWPMLTM\":\"1\"} -->\n<li>Chris Tedjasukmana, Jens Eder: Video Activism on the Social Web, in: Steve Presence, Mike Wayne, Jack Newsinger (eds.): Contemporary Radical Film Culture: Networks, Organizations and Activists, London, New York 2020.<\/li>\n<!-- \/wp:list-item -->\n\n<!-- wp:list-item {\"translatedWithWPMLTM\":\"1\"} -->\n<li>Julia Leyda, Chris Tedjasukmana: <a href=\"https:\/\/necsus-ejms.org\/film-studies-feminism-and-film-curating-in-germany-an-interview-with-heide-schlupmann-and-karola-gramann\/\">Film studies, feminism, and film curating in Germany: An interview with Heide Schl\u00fcpmann and Karola Gramann<\/a>, in: NECSUS. European Journal of Media Studies, 1, 2020. <\/li>\n<!-- \/wp:list-item -->\n\n<!-- wp:list-item {\"translatedWithWPMLTM\":\"1\"} -->\n<li>Jens Eder, Britta Hartmann, Chris Tedjasukmana: Bewegungsbilder 2.0: Videoaktivismus zwischen Social Media und Social Movements. A work report, in: Augenblick.  Konstanzer Hefte zur Medienwissenschaft, No. 72, 2018.<\/li>\n<!-- \/wp:list-item -->\n\n<!-- wp:list-item {\"translatedWithWPMLTM\":\"1\"} -->\n<li>Chris Tedjasukmana: Das Netzvideo als Flaschenpost: Sylvia Rivera und queere Filmgeschichte, in: Simon Dickel, Dagmar Brunow (eds.): Queer Cinema, Mainz 2018.<\/li>\n<!-- \/wp:list-item -->\n\n<!-- wp:list-item {\"translatedWithWPMLTM\":\"1\"} -->\n<li>Chris Tedjasukmana: Double-edged visibility. Race, Camera Publicity and The Bodyguard, in: <a href=\"https:\/\/montage-av.de\/25-2-2016\/\" data-type=\"link\" data-id=\"https:\/\/montage-av.de\/25-2-2016\/\">Montage AV: 1992<\/a>, Vol. 25, No. 2, 2016.  <\/li>\n<!-- \/wp:list-item -->\n\n<!-- wp:list-item {\"translatedWithWPMLTM\":\"1\"} -->\n<li>Chris Tedjasukmana: Queere Theorie und Filmtheorie in: Bernhard Gro\u00df, Thomas Morsch (eds.): Handbuch Filmtheorie, Wiesbaden 2016.<\/li>\n<!-- \/wp:list-item -->\n\n<!-- wp:list-item {\"translatedWithWPMLTM\":\"1\"} -->\n<li>Chris Tedjasukmana: Bergson, das Kino und der Postvitalismus, in: Maria Muhle, Christiane Voss (eds.): Black Box Leben: Zwischen Materialismus und Vitalismus, Berlin 2016.<\/li>\n<!-- \/wp:list-item -->\n\n<!-- wp:list-item {\"translatedWithWPMLTM\":\"1\"} -->\n<li>Chris Tedjasukmana: Kino, Leben, Melancholie, in: Chris Tedjasukmana, Adina Lauenburger, Lisa \u00c5kervall, Sulgi Lie (Hg.): Waking Life: Kino zwischen Technik und Leben, Berlin 2016.<\/li>\n<!-- \/wp:list-item -->\n\n<!-- wp:list-item {\"translatedWithWPMLTM\":\"1\"} -->\n<li>Chris Tedjasukmana: Negative Solidarit\u00e4t: Zur Aktualit\u00e4t Rainer Werner Fassbinders, in: Text + Kritik. Zeitschrift f\u00fcr Literatur: Rainer Werner Fassbinder, Nr. 103, second edition. New version 2015.  <\/li>\n<!-- \/wp:list-item -->\n\n<!-- wp:list-item -->\n<li>Chris Tedjasukmana: Camp Realismus: Affekt, Wiederholung und die Politik des Melodrams in Todd Haynes\u2019 Mildred Pierce, in: Thomas Morsch (Hg.): Genre und Serie, Paderborn 2015.<\/li>\n<!-- \/wp:list-item -->\n\n<!-- wp:list-item {\"translatedWithWPMLTM\":\"1\"} -->\n<li>Chris Tedjasukmana: Feel Bad Movement: Affekt, Aktivismus und queere Gegen\u00f6ffentlichkeit, in: K\u00e4the von Bose, Ulrike Kl\u00f6ppel, Katrin K\u00f6ppert, Karin Michalski, Pat Treusch (eds.): I is for Impasse. Affektive Queerverbindungen in Theorie_Aktivismus_Kunst, Berlin 2015. <\/li>\n<!-- \/wp:list-item -->\n\n<!-- wp:list-item {\"translatedWithWPMLTM\":\"1\"} -->\n<li>Chris Tedjasukmana: The Public Sphere of Cinema: Political Aesthetics in Times of Turmoil, in <a href=\"https:\/\/montage-av.de\/23-2-2014\/\">Montage AV: Politics<\/a>, Vol. 23, No. 2, 2014.   <\/li>\n<!-- \/wp:list-item -->\n\n<!-- wp:list-item {\"translatedWithWPMLTM\":\"1\"} -->\n<li>Guido Kirsten, Chris Tedjasukmana, Julia Zutavern: Editorial, in: <a href=\"https:\/\/montage-av.de\/23-2-2014\/\" data-type=\"link\" data-id=\"https:\/\/montage-av.de\/23-2-2014\/\">Montage AV: Politics<\/a>, Vol. 23, No. 2, 2014. <\/li>\n<!-- \/wp:list-item -->\n\n<!-- wp:list-item {\"translatedWithWPMLTM\":\"1\"} -->\n<li>Chris Tedjasukmana: Rauschen und Rotation. Phantasmagorien der Geschichte, in: Jeronimo Voss (Hg.): Phantasmagorical Horizon, Berlin 2014. <\/li>\n<!-- \/wp:list-item -->\n\n<!-- wp:list-item {\"translatedWithWPMLTM\":\"1\"} -->\n<li>Chris Tedjasukmana: Noise and Rotation. Phantasmagorias of History, in: Jeronimo Voss (ed.): Phantasmagorical Horizon, Berlin 2014. <\/li>\n<!-- \/wp:list-item -->\n\n<!-- wp:list-item {\"translatedWithWPMLTM\":\"1\"} -->\n<li>Chris Tedjasukmana: Mechanische Verlebendigung: Eine Genealogie des Kinos, in: Annette Brauerhoch, Nobert Otto Eke, Renate Wieser, Anke Zechner (Hg.): Entautomatisierung, Munich 2014.<\/li>\n<!-- \/wp:list-item -->\n\n<!-- wp:list-item {\"translatedWithWPMLTM\":\"1\"} -->\n<li>Chris Tedjasukmana: Die Erfahrung verlorener M\u00f6glichkeiten: Kracauer, Benjamin und die queere Geschichtsschreibung des Kinos, in: Drehli Robnik, Am\u00e1lia Kerekes, Katalin Teller (eds.): Film als Loch in der Wand. Kino und Geschichte bei Siegfried Kracauer, Wien, Berlin 2013. <\/li>\n<!-- \/wp:list-item -->\n\n<!-- wp:list-item {\"translatedWithWPMLTM\":\"1\"} -->\n<li>Chris Tedjasukmana: How bad are the bad feelings in cinema? Political Emotions, Negative Affects and Aesthetic Experience, in: <a href=\"https:\/\/montage-av.de\/21-2-2012\/\">Montage AV: Bad Feelings<\/a>, Vol. 21, No. 2, 2012.  <\/li>\n<!-- \/wp:list-item -->\n\n<!-- wp:list-item {\"translatedWithWPMLTM\":\"1\"} -->\n<li>Bini Adamczak, Mike Laufenberg, Felicita Reuschling, Sarah Speck, Chris Tedjasukmana: Einleitung, in Silvia Federici: Aufstand aus der K\u00fcche. Reproduktionsarbeit im globalen Kapitalismus und die unvollendete feministische Revolution, volume 1 in the series Kitchen Politics \u2013 Queerfeministische Interventionen, M\u00fcnster 2012. <\/li>\n<!-- \/wp:list-item -->\n\n<!-- wp:list-item {\"translatedWithWPMLTM\":\"1\"} -->\n<li>Christian Tedjasukmana: Postvitalism and Cinematic Experience: Cinema, Life, Melancholia, in: Stefanie Kiwi Menrath, Alexander Schwinghammer (eds.): What does a Chameleon Look Like? Topographies of Immersion, Cologne 2011. <\/li>\n<!-- \/wp:list-item -->\n\n<!-- wp:list-item {\"translatedWithWPMLTM\":\"1\"} -->\n<li>Christian Tedjasukmana: Queer Life in Dark Rooms: AIDS, Melancholie und die \u00f6ffentliche Intimit\u00e4t des Kinos, in: Doris Kern \/ Sabine Nessel (eds.): Unerh\u00f6rte Erfahrung. Texte zum Kino, Basel, Frankfurt am Main 2008. <\/li>\n<!-- \/wp:list-item -->\n\n<!-- wp:list-item -->\n<li>Chris Tedjasukmana: Unter die Haut gehen, zur Welt sein und anders werden: Die Politik der K\u00f6rper bei Claire Denis, Maurice Merleau-Ponty und Michel Foucault, in: Nach dem Film: Kino zwischen Text und K\u00f6rper, Nr. 10, 2008. [<a href=\"https:\/\/www.nachdemfilm.de\/issues\/text\/unter-die-haut-gehen-zur-welt-sein-und-anders-werden\">https:\/\/www.nachdemfilm.de\/issues\/text\/unter-die-haut-gehen-zur-welt-sein-und-anders-werden<\/a>]<\/li>\n<!-- \/wp:list-item --><\/ol>\n<!-- \/wp:list -->\n\n<!-- wp:paragraph -->\n<p class=\"has-big-font-size\"><\/p>\n<!-- \/wp:paragraph -->\n\n<!-- wp:paragraph {\"translatedWithWPMLTM\":\"1\"} -->\n<p class=\"has-big-font-size\">Smaller works<\/p>\n<!-- \/wp:paragraph -->\n\n<!-- wp:list {\"ordered\":true} -->\n<ol class=\"wp-block-list\"><!-- wp:list-item {\"translatedWithWPMLTM\":\"1\"} -->\n<li>Chris Tedjasukmana: Videos in Close Up: Planka.nu, available at: <a href=\"http:\/\/videoactivism.net\/planka-nu\/\">http:\/\/videoactivism.net\/planka-nu\/ (English and German)<\/a><\/li>\n<!-- \/wp:list-item -->\n\n<!-- wp:list-item {\"translatedWithWPMLTM\":\"1\"} -->\n<li>Chris Tedjasukmana: Videos in Close Up: Y'All Better Quiet Down, available at: <a href=\"http:\/\/videoactivism.net\/yall-better-quiet\/\">http:\/\/videoactivism.net\/yall-better-quiet\/ (English and German)<\/a><\/li>\n<!-- \/wp:list-item -->\n\n<!-- wp:list-item {\"translatedWithWPMLTM\":\"1\"} -->\n<li>Maja Figge, Guido Kirsten, Chris Tedjasukmana, Julia Zutavern: Exzellenz und Elend: F\u00fcr gute Arbeit in der Wissenschaft, in: Zeitschrift f\u00fcr Medienwissenschaft, No. 14, 1\/2016.<\/li>\n<!-- \/wp:list-item -->\n\n<!-- wp:list-item {\"translatedWithWPMLTM\":\"1\"} -->\n<li>Chris Tedjasukmana: Kaugummi, in: Marius B\u00f6ttcher, Dennis G\u00f6ttel, Friederike Horstmann, Jan Philip M\u00fcller, Volker Pantenburg, Linda Waack, Regina Wuzella (eds.): W\u00f6rterbuch kinematographischer Objekte, Berlin 2014.<\/li>\n<!-- \/wp:list-item -->\n\n<!-- wp:list-item {\"translatedWithWPMLTM\":\"1\"} -->\n<li>Chris Tedjasukmana: \u201eCansei de ser sexy\u201c. Queere R\u00e4ume zwischen Ereignis und Alltag im Film Shortbus, in: diskus, Nr. 1, Jg. 55, 2007, also: online archive under <a href=\"http:\/\/www.copyriot.com\/diskus\/07-1\/cdss.pdf\">http:\/\/www.copyriot.com\/diskus\/07-1\/cdss.pdf<\/a> [05\/2011].  <\/li>\n<!-- \/wp:list-item -->\n\n<!-- wp:list-item {\"translatedWithWPMLTM\":\"1\"} -->\n<li>Chris Tedjasukmana, Johannes Wilhelm: Sur l\u2019eau et surplus. Utopie bei Adorno und Hardt\/Negri, in: UNLiKE, Nr. 01, 2006. <\/li>\n<!-- \/wp:list-item -->\n\n<!-- wp:list-item {\"translatedWithWPMLTM\":\"1\"} -->\n<li>Chris Tedjasukmana: X Machina and the World of Tomorrow: Kino Kommunismus Wunschmaschinen, in: diskus, No. 02, Vol. 54, 2005 (with Dennis G\u00f6ttel). <\/li>\n<!-- \/wp:list-item --><\/ol>\n<!-- \/wp:list -->\n\n<!-- wp:paragraph -->\n<p class=\"has-big-font-size\"><\/p>\n<!-- \/wp:paragraph -->\n\n<!-- wp:paragraph {\"translatedWithWPMLTM\":\"1\"} -->\n<p class=\"has-big-font-size\">Book Reviews<\/p>\n<!-- \/wp:paragraph -->\n\n<!-- wp:list {\"ordered\":true} -->\n<ol class=\"wp-block-list\"><!-- wp:list-item -->\n<li>Serjoscha Wiemer: Das ge\u00f6ffnete Intervall: Medientheorie und \u00c4sthetik des Videospiels, Paderborn: Wilhelm Fink 2014, in: Zeitschrift f\u00fcr Medienwissenschaft Online.<\/li>\n<!-- \/wp:list-item --><\/ol>\n<!-- \/wp:list -->\n\n<!-- wp:paragraph -->\n<p class=\"has-big-font-size\"><\/p>\n<!-- \/wp:paragraph -->\n\n<!-- wp:paragraph {\"translatedWithWPMLTM\":\"1\"} -->\n<p class=\"has-big-font-size\">Translations<\/p>\n<!-- \/wp:paragraph -->\n\n<!-- wp:list {\"ordered\":true} -->\n<ol class=\"wp-block-list\"><!-- wp:list-item {\"translatedWithWPMLTM\":\"1\"} -->\n<li>Hongwei Bao: Guerilla-Taktiken: Das Beijing Queer Film Festival und radikale Filmkultur, in: Montage AV: N\u00e4he und Distanz, Vol. 28, Nr. 2, 2019; with Stephen Lowery. [<a href=\"https:\/\/montage-av.de\/a_2019_2_28.html\">https:\/\/montage-av.de\/a_2019_2_28.html<\/a>]<\/li>\n<!-- \/wp:list-item -->\n\n<!-- wp:list-item {\"translatedWithWPMLTM\":\"1\"} -->\n<li>Jonas Mekas: Cinedance, in: Montage AV: Choreographie, Vol. 24, No. 2, 2015.<a href=\"https:\/\/montage-av.de\/a_2015_2_24.html\">[https:\/\/montage-av.de\/a_2015_2_24.html]<\/a><\/li>\n<!-- \/wp:list-item -->\n\n<!-- wp:list-item {\"translatedWithWPMLTM\":\"1\"} -->\n<li>Olga Kourelou, Mariana Liz und Bel\u00e9n Vidal: Krise und Kreativit\u00e4t: Zum Neuen Kino in Portugal, Griechenland und Spanien, in: Montage AV: Politik, Jg. 23, Nr. 2, 2014; with Guido Kirsten. [<a href=\"https:\/\/montage-av.de\/a_2014_2_23.html\">https:\/\/montage-av.de\/a_2014_2_23.html<\/a>]<\/li>\n<!-- \/wp:list-item --><\/ol>\n<!-- \/wp:list -->\n\n<!-- wp:paragraph -->\n<p class=\"has-big-font-size\"><\/p>\n<!-- \/wp:paragraph -->\n\n<!-- wp:paragraph {\"translatedWithWPMLTM\":\"1\"} -->\n<p class=\"has-big-font-size\">Other editorships and editorial employees<\/p>\n<!-- \/wp:paragraph -->\n\n<!-- wp:list {\"ordered\":true} -->\n<ol class=\"wp-block-list\"><!-- wp:list-item {\"translatedWithWPMLTM\":\"1\"} -->\n<li>Melinda Cooper, Catherine Waldby, Felicita Reuschling, Susanne Schultz (Hg.): Sie nennen es Leben, wir nennen es Arbeit: Biotechnologie, Reproduktion und Familie im 21. Jahrhundert, volume 3 in the series Kitchen Politics: Queerfeministische Interventionen, M\u00fcnster 2015.<\/li>\n<!-- \/wp:list-item -->\n\n<!-- wp:list-item {\"translatedWithWPMLTM\":\"1\"} -->\n<li>Silvia Federici: Aufstand aus der K\u00fcche: Reproduktionsarbeit im globalen Kapitalismus und die unvollendete feministische Revolution, volume 1 in the series Kitchen Politics: Queerfeministische Interventionen, M\u00fcnster 2012.<\/li>\n<!-- \/wp:list-item -->\n\n<!-- wp:list-item -->\n<li>Martin Seel: Die Macht des Erscheinens, Frankfurt a.M. 2007.<\/li>\n<!-- \/wp:list-item -->\n\n<!-- wp:list-item -->\n<li>Andreas Becker et al (Hg.): Mimikry | Mimese: Gef\u00e4hrlicher Luxus zwischen Natur und Kultur, Schliengen 2006.<\/li>\n<!-- \/wp:list-item -->\n\n<!-- wp:list-item {\"translatedWithWPMLTM\":\"1\"} -->\n<li>Georg Bertram et al (eds.): Die Artikulation der Welt, Berlin 2006.<\/li>\n<!-- \/wp:list-item -->\n\n<!-- wp:list-item -->\n<li>Martin Seel: Paradoxien der Erf\u00fcllung, Frankfurt a.M. 2006.<\/li>\n<!-- \/wp:list-item -->\n\n<!-- wp:list-item {\"translatedWithWPMLTM\":\"1\"} -->\n<li>Andreas Becker et al (eds.): Reste: Zum Umgang mit einem Randph\u00e4nomen, Bielefeld 2005.<\/li>\n<!-- \/wp:list-item -->\n\n<!-- wp:list-item -->\n<li>Nikolaus M\u00fcller-Sch\u00f6ll, Saskia Reither (Hg.): Aisthesis: Zur Erfahrung von Raum, Zeit, Text und Kunst, Schliengen 2004.<\/li>\n<!-- \/wp:list-item --><\/ol>\n<!-- \/wp:list -->\n<!-- \/wp:jgu\/tabs-item -->\n\n<!-- wp:jgu\/tabs-item {\"title\":\"Presentations\",\"slug\":\"lecture\"} -->\n<!-- wp:paragraph {\"translatedWithWPMLTM\":\"1\"} -->\n<p class=\"has-big-font-size\">Keynotes and invited talks<\/p>\n<!-- \/wp:paragraph -->\n\n<!-- wp:list {\"ordered\":true} -->\n<ol class=\"wp-block-list\"><!-- wp:list-item {\"translatedWithWPMLTM\":\"1\"} -->\n<li>\"From ICE Raids to #DeportationTok: Media Witnessing as Embodied Critique in the Age of AI Authoritarianism\", Conference \"The Power and Norms of Critique\", Freie Universit\u00e4t Berlin, Ufer Studios Berlin, February 11-13, 2026.<\/li>\n<!-- \/wp:list-item -->\n\n<!-- wp:list-item {\"translatedWithWPMLTM\":\"1\"} -->\n<li>\"Bezeugende Bilder im Tech-Autoritarismus\", Final Conference of the Priority Programme \"Das digitale Bild: Digitale Bilder und der Authoritarian Turn. Visualization, Manipulation, Control\", University of Marburg, 12-14.11.2025.<\/li>\n<!-- \/wp:list-item -->\n\n<!-- wp:list-item {\"translatedWithWPMLTM\":\"1\"} -->\n<li>\u201eDe\/Familiarisierungen des Wissens: Zeugenschaft im digitalen Wandel\u201c, lecture series \u201eDe\/Familiarizing: Intimit\u00e4t, Archive und \u00e4sthetische Praktiken\u201c, University of Zurich, 05.11.2025.<\/li>\n<!-- \/wp:list-item -->\n\n<!-- wp:list-item {\"translatedWithWPMLTM\":\"1\"} -->\n<li>\"Unordentliche Wissenspraktiken - Wie ver\u00e4ndert sich der Umgang mit Wissen?\", Keynote at the <a href=\"https:\/\/www.wikimedia.de\/zukunftskongress\/aufzeichnungen\/was-braucht-die-welt-von-uns\/\">Wikipedia Future Congress 2024<\/a>, Nuremberg, 07 - 09.06.2024. <\/li>\n<!-- \/wp:list-item -->\n\n<!-- wp:list-item {\"translatedWithWPMLTM\":\"1\"} -->\n<li>\"Outside Eyes\", roundtable discussion with Omar Kasmani and M. Ty as part of the workshop <a href=\"https:\/\/blogs.hu-berlin.de\/todo\/events\/anyone-anywhere-all-the-time\/\">\"Anyone Anywhere All the Time: Simultaneity, Disconnect, and the Queer Diasporic Ordinary\",<\/a> Humboldt University, Berlin, 06 - 07.10.2023. <\/li>\n<!-- \/wp:list-item -->\n\n<!-- wp:list-item {\"translatedWithWPMLTM\":\"1\"} -->\n<li>\"Aufmerksamkeitsstrategien des Videoaktivismus im Social Web\", joint talk with Jens Eder and Britta Hartmann at the \"Forum Originalit\u00e4tsverdacht\" of the Volkswagen Foundation, Hanover, November 8-9, 2022.<\/li>\n<!-- \/wp:list-item -->\n\n<!-- wp:list-item {\"translatedWithWPMLTM\":\"1\"} -->\n<li>\"Kritische Ph\u00e4nomenologie - Neue Perspektiven f\u00fcr die Medienwissenschaft?\", talk at the workshop \"Kritik\" of the AG Political Theory und Media Studies, Film University Babelsberg Konrad Wolf (online), August 15-16, 2022.<\/li>\n<!-- \/wp:list-item -->\n\n<!-- wp:list-item {\"translatedWithWPMLTM\":\"1\"} -->\n<li>\"AIDS Crisis Revisitation\", short talk and discussion with Alexandra Juhasz at the international conference \"Jean Carlomusto Made Me Queer\", Johann Wolfgang Goethe University Frankfurt a.M., 14-16.07.2022.<\/li>\n<!-- \/wp:list-item -->\n\n<!-- wp:list-item {\"translatedWithWPMLTM\":\"1\"} -->\n<li>Response at the workshop \"Future as Catastrophe: Trust and Conflict under Conditions of Disastrous Future Expectations\", Johann Wolfgang Goethe University Frankfurt a.M., 07.-08.07.2022.<\/li>\n<!-- \/wp:list-item -->\n\n<!-- wp:list-item {\"translatedWithWPMLTM\":\"1\"} -->\n<li>\"'Celebrating Unity, Solidarity, Health, and Wellness': Neoliberal Diversity als Farce bei Apple Fitness+\", joint talk with Leopold Lippert at the conference \"Pop und Post. Feminismus im Zeitalter der Digitalisierung\", Fernuniversit\u00e4t Hagen, Campus Berlin, 02.-03.06.2022.<\/li>\n<!-- \/wp:list-item -->\n\n<!-- wp:list-item {\"translatedWithWPMLTM\":\"1\"} -->\n<li>\"'Let's Honor the Latinx Community by Working Hard': K\u00f6rpersynchronisierung, Diversit\u00e4t und neoliberale Farce bei Apple Fitness+\", joint talk with Leopold Lippert at the international conference \"(Neu-)Aufteilungen des Sinnlichen? \u00dcber die Politik der Sinne im Kontext (digitaler) Medien\", Heinrich Heine University D\u00fcsseldorf, 20-21 May 2022.<\/li>\n<!-- \/wp:list-item -->\n\n<!-- wp:list-item {\"translatedWithWPMLTM\":\"1\"} -->\n<li>\"Politische Performances: Digitaler Videoaktivismus auf TikTok\", Institute of Musicology, University of Vienna (online), 12.05.2022.<\/li>\n<!-- \/wp:list-item -->\n\n<!-- wp:list-item {\"translatedWithWPMLTM\":\"1\"} -->\n<li>\"Fragile Practices of Witnessing\", talk as part of \"Imagining the Situation: How Knowledge is Re\/Produced, Witnessed, and Performed. A Workshop with Walid Raad\", together with Benjamin Whistutz, Kunsthalle Mainz, 09.05.2022.<\/li>\n<!-- \/wp:list-item -->\n\n<!-- wp:list-item {\"translatedWithWPMLTM\":\"1\"} -->\n<li>\"Political Videos on Social Media: Strategies and Challenges\", joint talk with Jens Eder and Britta Hartmann at the international conference \"Activating Attention: Political Videos on Social Media\", online, January 20-21, 2022.<\/li>\n<!-- \/wp:list-item -->\n\n<!-- wp:list-item {\"translatedWithWPMLTM\":\"1\"} -->\n<li>\"Aktivistische Videos und Black Lives Matter\", guest talk in the master seminar \"Inszenierung von Politik\" by Benjamin Whistutz, Johannes Gutenberg University Mainz (online), 15.06.2021.<\/li>\n<!-- \/wp:list-item -->\n\n<!-- wp:list-item {\"translatedWithWPMLTM\":\"1\"} -->\n<li>\"\u00dcberall wo's stinkt: Fassbender und die Cancel Culture\", Masterclass \"B\u00fchnenbesetzungen. Die Aff\u00e4re(n) um Rainer Werner Fassbinders St\u00fcck Der M\u00fcll, die Stadt und der Tod\" of the Theater Studies at Goethe University Frankfurt a.M. in cooperation with the Jewish Museum, the Fritz Bauer Institute, the Schauspiel Frankfurt and the Deutsches Filmmuseum, 23.04.2021.<\/li>\n<!-- \/wp:list-item -->\n\n<!-- wp:list-item {\"translatedWithWPMLTM\":\"1\"} -->\n<li>\"Open Table: Filmwissenschaftliche Fachzeitschriften\", roundtable discussion with Annette Brauerhoch, Rasmus Greiner, Laura Katharina M\u00fccke, Linda Waack, Alexander Zons at the 34th Film- und Fernsehwissenschaftliches Kolloquium (FFK), Bauhaus-Universit\u00e4t Weiomar (online), 25.03.2021.<\/li>\n<!-- \/wp:list-item -->\n\n<!-- wp:list-item {\"translatedWithWPMLTM\":\"1\"} -->\n<li>\"Videoaktivismus\", lecture series \"Bildkulturen des Digitalen\", University of Dresden, 11.01.2021.<a href=\"https:\/\/www.youtube.com\/watch?v=3Cdq53VR0Wo\">[https:\/\/www.youtube.com\/watch?v=3Cdq53VR0Wo]<\/a>.<\/li>\n<!-- \/wp:list-item -->\n\n<!-- wp:list-item {\"translatedWithWPMLTM\":\"1\"} -->\n<li>\"Grausame \u00d6ffentlichkeiten: Von Whitney Houston zu Black Lives Matter\", symposium \"Intime \u00d6ffentlichekeiten: Klatsch und Skandal in Celebrity Cultures\", Heinrich Heine University D\u00fcsseldorf, 02.07.2019.<\/li>\n<!-- \/wp:list-item -->\n\n<!-- wp:list-item {\"translatedWithWPMLTM\":\"1\"} -->\n<li>\"Lob des Eskapismus: Kino als Befreiung vom Identit\u00e4tszwang\", conference \"Kinophilosophie und Kinopraxis\", Freie Universit\u00e4t Berlin, 28.06.2019.<\/li>\n<!-- \/wp:list-item -->\n\n<!-- wp:list-item {\"translatedWithWPMLTM\":\"1\"} -->\n<li>\"Attention Strategies of Video Activism on the Social Web\", together with Jens Eder and Britta Hartmann, Radical Film Network Meeting, Kulturquartier Silent Green, Berlin, 04.05.2019.<\/li>\n<!-- \/wp:list-item -->\n\n<!-- wp:list-item {\"translatedWithWPMLTM\":\"1\"} -->\n<li>\"Visual Strategies in Online Activism\", together with Jens Eder and Britta Hartmann, Institute for Protest and Movement Research, Technical University Berlin, 15.04.2019.<\/li>\n<!-- \/wp:list-item -->\n\n<!-- wp:list-item {\"translatedWithWPMLTM\":\"1\"} -->\n<li>\"Aufmerksamkeitsstrategien des Videoaktivimus im Social Web\", NDR Webvideo Days, Hamburg, 05.12.2018.<\/li>\n<!-- \/wp:list-item -->\n\n<!-- wp:list-item {\"translatedWithWPMLTM\":\"1\"} -->\n<li>\"On Social Reproduction: Gender and Sexual Politics\", with Kalindi Vora, Symposium \"Dangerous Conjunctures: Resituating Balibar\/Wallerstein's Race, Nation, Class\", Haus der Kulturen der Welt, Berlin, 03.2018.<\/li>\n<!-- \/wp:list-item -->\n\n<!-- wp:list-item {\"translatedWithWPMLTM\":\"1\"} -->\n<li>\"Carnal Networks: Affective Counterpublics and the Activist Videos of #BlackLivesMatter\", Leuphana University of L\u00fcneburg, 10.01.2018.<\/li>\n<!-- \/wp:list-item -->\n\n<!-- wp:list-item {\"translatedWithWPMLTM\":\"1\"} -->\n<li>\"Affektive \u00d6ffentlichkeiten: Zur politischen \u00c4sthetik des Online-Videoaktivismus\", International Research Center Cultural Studies, University of Art and Design Linz in Vienna, 20.11.2017.<\/li>\n<!-- \/wp:list-item -->\n\n<!-- wp:list-item {\"translatedWithWPMLTM\":\"1\"} -->\n<li>\"Geteilte Emp\u00f6rung und gemeinschaftliche Gef\u00fchle: \u00d6ffentlichkeit und Aktivismus auf YouTube\", Catholic Private University Linz, 16.11.2017.<\/li>\n<!-- \/wp:list-item -->\n\n<!-- wp:list-item {\"translatedWithWPMLTM\":\"1\"} -->\n<li>\"Aktivisten der digitalen Revolution\", Humanities Festival Vienna, 23.09.2017.<\/li>\n<!-- \/wp:list-item -->\n\n<!-- wp:list-item {\"translatedWithWPMLTM\":\"1\"} -->\n<li>\"'Realit\u00e4t ist hier zu ihrem k\u00fcnstlichsten geworden': Realismus, Affekt und Gegen\u00f6ffentlichkeit im deutschen Autorenfilm\", Summer Seminar on 'Gender, Affect, Neoliberalism: The Realist Turn in Contemporary German and European Cinemas', FU Berlin, 08.2017.<\/li>\n<!-- \/wp:list-item -->\n\n<!-- wp:list-item {\"translatedWithWPMLTM\":\"1\"} -->\n<li>\"Weltgef\u00fchle: Zur Affektpolitik und \u00d6ffentlichkeit aktivistischer Netzvideos\", Workshop \"Schreiende Minderheiten: Zur peripheren Gemeinschaftlichkeit in digital vernetzten und mobilen Medien\", University of Konstanz, 14.07.2017.<\/li>\n<!-- \/wp:list-item -->\n\n<!-- wp:list-item {\"translatedWithWPMLTM\":\"1\"} -->\n<li>\"Bewegungs-Bilder 2.0: Videoaktivismus zwischen Social Media und Social Movements\", VW Foundation, Hanover, 13.06.2017.<\/li>\n<!-- \/wp:list-item -->\n\n<!-- wp:list-item {\"translatedWithWPMLTM\":\"1\"} -->\n<li>\"Bilder in Bewegung, Bewegungen im Bild: Die mobilen Medien des Videoaktivismus 2.0\", talk as part of the lecture series \"Mobilit\u00e4t und Medialit\u00e4t\", University of Vienna, 11\/2016.<\/li>\n<!-- \/wp:list-item -->\n\n<!-- wp:list-item {\"translatedWithWPMLTM\":\"1\"} -->\n<li>\"Bewegungsbilder 2.0: \u00d6ffentlichkeit, politische \u00c4sthetik und die neuen Webvideos\", talk at the IFK, Vienna, 14.11.2016.<\/li>\n<!-- \/wp:list-item -->\n\n<!-- wp:list-item {\"translatedWithWPMLTM\":\"1\"} -->\n<li>\"Smart Activism? Politische Webvideos und das Problem der \u00d6ffentlichkeit\", University of Art and Design Linz as part of the relatifs series, Linz, 08.11.2016.<\/li>\n<!-- \/wp:list-item -->\n\n<!-- wp:list-item {\"translatedWithWPMLTM\":\"1\"} -->\n<li>\"Video Activism 2.0 and Its Networked Utopias: Poetics, Affects, Counterpublics\", talk at the international workshop \"Utopia and Reality\", together with Jens Eder and Britta Hartmann, University of Zurich, 09.09.2016.<\/li>\n<!-- \/wp:list-item -->\n\n<!-- wp:list-item {\"translatedWithWPMLTM\":\"1\"} -->\n<li>\"Embodied Politics: Audiovisual Media and the New Publics\", Conference \"Embodiment, Perception, and Critical Practice\", Ruhr-University Bochum 08.-09.07.2016.<\/li>\n<!-- \/wp:list-item -->\n\n<!-- wp:list-item {\"translatedWithWPMLTM\":\"1\"} -->\n<li>\"Zeiten des Aufruhrs: Videoaktivismus und affektive Geschichtsschreibung im Web 2.0\", guest talk as part of the lecture \"Filmgeschichte am Leitfaden von Schau- und Wahrnehmungsanordnungen\", FU Berlin, 07.06.2016.<\/li>\n<!-- \/wp:list-item -->\n\n<!-- wp:list-item {\"translatedWithWPMLTM\":\"1\"} -->\n<li>\"Politisches Handeln, Online-Videos und die Fallstricke der Social Media\", talk at the Institute of Linguistics, Musicology and Media Studies, University of Bonn, 21.01.2016.<\/li>\n<!-- \/wp:list-item -->\n\n<!-- wp:list-item {\"translatedWithWPMLTM\":\"1\"} -->\n<li>\"Zeit unseres Lebens: Kleine Medienanthropologie des Films Boyhood\", talk in the lecture series \"Deleuze (wieder) Sehen: 1996-2015\", University of Frankfurt a.M., Hochschule f\u00fcr Gestaltung Offenbach, Deutsches Filmmuseum Frankfurt a.M., 15.11.2015.<\/li>\n<!-- \/wp:list-item -->\n\n<!-- wp:list-item {\"translatedWithWPMLTM\":\"1\"} -->\n<li>\"Wie camp ist der Realismus? Queere Affekte in Todd Haynes' Miniserie Mildred Pierce\", talk at the Institute for Film, Theater and Empirical Cultural Studies, Johannes Gutenberg University, Mainz, 09.07.2015.<\/li>\n<!-- \/wp:list-item -->\n\n<!-- wp:list-item {\"translatedWithWPMLTM\":\"1\"} -->\n<li>\"Bewegungsbilder und Protestprojektionen: Videoaktivismus 2.0 und die neuen \u00d6ffentlichkeiten\", lecture as part of the lecture series \"The Art of Protest\", FU Berlin, 04.06.2015.<\/li>\n<!-- \/wp:list-item -->\n\n<!-- wp:list-item {\"translatedWithWPMLTM\":\"1\"} -->\n<li>\"Die \u00d6ffentlichkeit des \u00c4sthetischen: Video, Kunst, Aktivismus\", lecture at the Literature colloquium, University of Duisburg-Essen, 13.05.2015.<\/li>\n<!-- \/wp:list-item -->\n\n<!-- wp:list-item {\"translatedWithWPMLTM\":\"1\"} -->\n<li>\"United in Anger. Aids und New Queer Cinema: Filme, Vortr\u00e4ge und Diskussion\", together with Julia Leyda, Kinothek General Students' Committee Nielsen, Frankfurt a.M., 24-03.2015.<\/li>\n<!-- \/wp:list-item -->\n\n<!-- wp:list-item {\"translatedWithWPMLTM\":\"1\"} -->\n<li>\"Mechanische Verlebendigung: Von den Lebensdiskursen zur filmischen Erfahrung\", talk at the conference \"Black Box Leben: Zwischen Materialismus und Vitalismus\", Bauhaus University Weimar, 13.12.2013.<\/li>\n<!-- \/wp:list-item -->\n\n<!-- wp:list-item {\"translatedWithWPMLTM\":\"1\"} -->\n<li>\"Das offene Kunstwerk: Filmische Perspektivit\u00e4t und \u00e4sthetisches Urteilen\", talk at the conference \"Gruppieren, Interferien, \u00dcbertragen: Performative R\u00e4ume zwischen K\u00fcnsten und Medien\", Heinrich Heine University D\u00fcsseldorf, 24.01.2013.<\/li>\n<!-- \/wp:list-item -->\n\n<!-- wp:list-item {\"translatedWithWPMLTM\":\"1\"} -->\n<li>\"Abrissgeschichte. Klugs analytischer Realismus und die mechanische Verlebendigung im Kino\", talk at the conference \"Poetik des Unwahrscheinlichen - Alexander Kluges Geschichte(n)\", Humboldt University Berlin, 14.12.2012.<\/li>\n<!-- \/wp:list-item -->\n\n<!-- wp:list-item {\"translatedWithWPMLTM\":\"1\"} -->\n<li>\"Queer Trouble, Queer Times: Die Politik negativer Affekte\", talk at the symposium \"Underground unterwegs\" as part of the festival \"Extra Trouble - Jack Smith in Frankfurt\", Mousonturm Frankfurt a.M., 23.12.2012.<\/li>\n<!-- \/wp:list-item -->\n\n<!-- wp:list-item {\"translatedWithWPMLTM\":\"1\"} -->\n<li>\"Feel Bad Movement: Queerer Aktivismus, negative Affekte und politische \u00c4sthetik\", talk as part of the lecture series \"Geschlecht in Wissenskulturen: Politische Affekte in queer-feministischen Analysen\", Humboldt University Berlin, 04.07.2012.<\/li>\n<!-- \/wp:list-item -->\n\n<!-- wp:list-item {\"translatedWithWPMLTM\":\"1\"} -->\n<li>\"Afterimages of Activism: AIDS-Documentary and Ghostly Media\", guest talk at the Institute for British Studies and American Studies, University of Vienna, January 10, 2012.<\/li>\n<!-- \/wp:list-item -->\n\n<!-- wp:list-item {\"translatedWithWPMLTM\":\"1\"} -->\n<li>\"For Crying Out Loud: Wiederholung und Affekt nach dem Melodrama\", talk as part of the lecture series \"Genre und Serie\", FU Berlin, 05.01.2012.<\/li>\n<!-- \/wp:list-item -->\n\n<!-- wp:list-item {\"translatedWithWPMLTM\":\"1\"} -->\n<li>\"Im Video-Schneideraum: Zerflie\u00dfende und kontingente Zeit\", annual conference of the SFB 626 \"Werk, Kontingenz, Relevanz\", Berlin, November 4-5, 2011.<\/li>\n<!-- \/wp:list-item -->\n\n<!-- wp:list-item {\"translatedWithWPMLTM\":\"1\"} -->\n<li>\"Projecting Life: On Cinematic Historiography\", talk at the conference \"On the Periphery of Cinema - Practices, Materials, Objects\", Weimar, 17-19.06.2010.<\/li>\n<!-- \/wp:list-item -->\n\n<!-- wp:list-item {\"translatedWithWPMLTM\":\"1\"} -->\n<li>\"Die Erfahrung verlorener M\u00f6glichkeiten: Kinematografie und Historiografie bei Kracauer und Benjamin\", talk at the conference \"Bild \u2013 Raum \u2013 Materie: Film und Geschichte bei Siegfried Kracauer\", Budapest\/Vienna, 04-07.11.2009.<\/li>\n<!-- \/wp:list-item -->\n\n<!-- wp:list-item {\"translatedWithWPMLTM\":\"1\"} -->\n<li>\"Excitable Spit: Resisting Reversion and Repetition, talk with Bini Adamczak at the festival \"Live Film! Jack Smith! Five Flaming Days in a Rented World!\" Berlin, 28.10.-01.11.2009. <\/li>\n<!-- \/wp:list-item -->\n\n<!-- wp:list-item {\"translatedWithWPMLTM\":\"1\"} -->\n<li>\"Cinematography as Historiography\", Eugene Lang College, The New School of Liberal Arts, New York, September 22, 2008.<\/li>\n<!-- \/wp:list-item -->\n\n<!-- wp:list-item {\"translatedWithWPMLTM\":\"1\"} -->\n<li>\"Cinema, Biopolitics, and Postvitalist Work of Mourning\", talk at the Pratt Institute, Department of Social Science and Cultural Studies, New York, September 15, 2008.<\/li>\n<!-- \/wp:list-item -->\n\n<!-- wp:list-item {\"translatedWithWPMLTM\":\"1\"} -->\n<li>\"Lebens-Form Kino. F\u00fcr eine postvitalistische Trauerarbeit\", talk at the conference \"Waking Life. Cinematic Mediations Between Technique and Life\", Berlin, July 10-12, 2008.<\/li>\n<!-- \/wp:list-item --><\/ol>\n<!-- \/wp:list -->\n\n<!-- wp:paragraph -->\n<p class=\"has-big-font-size\"><\/p>\n<!-- \/wp:paragraph -->\n\n<!-- wp:paragraph {\"translatedWithWPMLTM\":\"1\"} -->\n<p class=\"has-big-font-size\">Further lectures<\/p>\n<!-- \/wp:paragraph -->\n\n<!-- wp:list {\"ordered\":true} -->\n<ol class=\"wp-block-list\"><!-- wp:list-item {\"translatedWithWPMLTM\":\"1\"} -->\n<li>\"Neoliberale Diversit\u00e4t und synchronisierte K\u00f6rper-Arbeit: Apple Fitness+ aus Sicht der kritischen Ph\u00e4nomenologie\", talk on the panel \"Always On: K\u00f6rper-Arbeit in neoliberalen Plattformkulturen\", Annual Conference of the Society for Media Studies, Martin Luther University Halle, 30.09.2022.<\/li>\n<!-- \/wp:list-item -->\n\n<!-- wp:list-item {\"translatedWithWPMLTM\":\"1\"} -->\n<li>\"Gegen Nichtdiskriminierung: Iris Marion Young, Affirmative Action und die institutionellen Barrieren der Wissenschaft\", contribution to the panel \"Mehr als Wissenschaftsfreiheit. Theoretische Perspektiven auf die Debatte um 'Cancel Culture''\", Annual Conference of the Society for Media Studies, University of Innsbruck, 23.09.2021.<\/li>\n<!-- \/wp:list-item -->\n\n<!-- wp:list-item {\"translatedWithWPMLTM\":\"1\"} -->\n<li>\"Soziale Videos f\u00fcr soziale Bewegungen? Aufmerksamkeitsstrategien des Videoaktivismus im Social Web\", annual conference of the Institute for Protest and Movement Research \"Hashtags, Tweets, Protests \u2013 Soziale Bewegungen im digitalen Zeitalter\", with Jens Eder and Britta Hartmann, 15.11.2019.<\/li>\n<!-- \/wp:list-item -->\n\n<!-- wp:list-item {\"translatedWithWPMLTM\":\"1\"} -->\n<li>\"Industries of Outrage and Hope? Videoaktivismus in den Aufmerksamkeits\u00f6konomien des Social Web\", panel at the annual conference of the Society for Media Studies, University of Siegen, 26.09.2018.<\/li>\n<!-- \/wp:list-item -->\n\n<!-- wp:list-item {\"translatedWithWPMLTM\":\"1\"} -->\n<li>\"Jetzt ganz anders: Wie Kunst, \u00d6konomie und Aktivismus gesellschaftliche Alternativen denken\", with Jens Schr\u00f6ter, University of Art and Design Linz, 30.06.2017.<\/li>\n<!-- \/wp:list-item -->\n\n<!-- wp:list-item {\"translatedWithWPMLTM\":\"1\"} -->\n<li>\"The Power of Activist Videos\", introduction at the conference of the same name, with Jens Eder and Britta Hartmann, ICI Berlin, 12.05.2017.<\/li>\n<!-- \/wp:list-item -->\n\n<!-- wp:list-item {\"translatedWithWPMLTM\":\"1\"} -->\n<li>\"Was in der \u00d6ffentlichkeit auf dem Spiel steht\", introductory talk as part of the lecture series \"Intime \u00d6ffentlichkeiten: Medien, R\u00e4ume, Gemeinschaften\", University of Art and Design Linz\/IFK Vienna, 28.03.2017.<\/li>\n<!-- \/wp:list-item -->\n\n<!-- wp:list-item {\"translatedWithWPMLTM\":\"1\"} -->\n<li>\"Dispositive und Praktiken des Videoaktivismus\", talk, interdisciplinary workshop \"Bewegungs-Bilder 2.0. Videoaktivismus zwischen Social Media und Social Movements\", 22.04.2016, Department for Technology and Society der TU Berlin.<\/li>\n<!-- \/wp:list-item -->\n\n<!-- wp:list-item {\"translatedWithWPMLTM\":\"1\"} -->\n<li>\"Kamera-Aktivismus und die 'Utopie \u00d6ffentlichkeit'\", talk at the annual conference of the Society for Media Studies on the topic of utopia, University of Bayreuth, 02.10.2015.<\/li>\n<!-- \/wp:list-item -->\n\n<!-- wp:list-item {\"translatedWithWPMLTM\":\"1\"} -->\n<li>\"Exzellenz und Elend: Gutes wissenschaftliches Arbeiten zwischen Utopie und Wirklichkeit\", workshop at the annual conference of the Society for Media Studies on the topic of utopias, University of Bayreuth, 01.10.2015.<\/li>\n<!-- \/wp:list-item -->\n\n<!-- wp:list-item {\"translatedWithWPMLTM\":\"1\"} -->\n<li>\"United in Anger: A History of ACT UP\", short lecture and discussion with Karin Michalski and Todd Sekuler at the colloquium \"Begehren und Sexualit\u00e4ten: Praktiken - Imaginationen - Kodierungen\", HU Berlin, February 6, 2015.<\/li>\n<!-- \/wp:list-item -->\n\n<!-- wp:list-item {\"translatedWithWPMLTM\":\"1\"} -->\n<li>\"Organizing Pessimism: Film and the New Aesthetic Counter-Publics\", conference \"Critical Theory, Film and Media: Where is 'Frankfurt' Now?\", Frankfurt a.M., 21.08.2014.<\/li>\n<!-- \/wp:list-item -->\n\n<!-- wp:list-item {\"translatedWithWPMLTM\":\"1\"} -->\n<li>\"The Politics of Circular Forms: Perspective and Judgment in Contemporary Cinematic Installations\", Film-Philosophy Conference \"A World of Cinemas\", Glasgow, 02.07.2014.<\/li>\n<!-- \/wp:list-item -->\n\n<!-- wp:list-item {\"translatedWithWPMLTM\":\"1\"} -->\n<li>\"Mechanical Vitalization: Bergson and Film Experience\", talk at the SCMS panel \"The Vitality of the Cinematic Image I: Aesthetics, Mood, Fantasy\", Seattle, 20.03.2014.<\/li>\n<!-- \/wp:list-item -->\n\n<!-- wp:list-item {\"translatedWithWPMLTM\":\"1\"} -->\n<li>\"Of Skylines and Solar Systems: Perspective and the Circular in Contemporary Cinematic Installation\", talk at the conference \"Post-Cinematic Perspectives\", ICI Berlin, 23.11.2013.<\/li>\n<!-- \/wp:list-item -->\n\n<!-- wp:list-item {\"translatedWithWPMLTM\":\"1\"} -->\n<li>Introduction to the film program \"Das Kino und das Politische\", Berlin, Kino Arsenal, 05.07.2013.<\/li>\n<!-- \/wp:list-item -->\n\n<!-- wp:list-item {\"translatedWithWPMLTM\":\"1\"} -->\n<li>\"Screening the Financial Crisis: The Challenge of Political Film Aesthetics\", talk at the NECS panel \"What's the Political in Political Film Aesthetics?\", Prague, 21.06.2013.<\/li>\n<!-- \/wp:list-item -->\n\n<!-- wp:list-item {\"translatedWithWPMLTM\":\"1\"} -->\n<li>Response to the NECS panel \"Curious Commodities, Concrete Contingencies, Narratives of Nonsolution: Projecting Siegfried Kracauer's Politics\", Prague, 21.06.2013.<\/li>\n<!-- \/wp:list-item -->\n\n<!-- wp:list-item {\"translatedWithWPMLTM\":\"1\"} -->\n<li>\"Realismus und Gegen\u00f6ffentlichkeit in der Krise: Alexander Kluge in Theorie und Praxis\", as part of the lecture series \"Das Kino und das Politische\", Berlin, May 24, 2013.<\/li>\n<!-- \/wp:list-item -->\n\n<!-- wp:list-item {\"translatedWithWPMLTM\":\"1\"} -->\n<li>\"Camp Realism: Political Affect, Melodrama and Todd Haynes' Mildred Pierce\", contribution to the SCMS panel \"Pink Narcissus, Mildred, and Kaboom: Queer Media, Then and Now\", Chicago, March 6, 2013.<\/li>\n<!-- \/wp:list-item -->\n\n<!-- wp:list-item {\"translatedWithWPMLTM\":\"1\"} -->\n<li>\"Mechanical Vitalization: History, Affect, and Aesthetic Experience in Cinema\", talk at the NECS panel \"Remembering Film\/History: Cinematic Recirculation in Film and Television\", Lisbon, 21.06.2012.<\/li>\n<!-- \/wp:list-item -->\n\n<!-- wp:list-item {\"translatedWithWPMLTM\":\"1\"} -->\n<li>Introduction to the short film program \u201eAnti-Kanon: Spektakel \u2013 Attraktion \u2013 Experiment\u201c, Berlin, Kino Arsenal, 09.12.2011.<\/li>\n<!-- \/wp:list-item -->\n\n<!-- wp:list-item {\"translatedWithWPMLTM\":\"1\"} -->\n<li>\"Rette sich wer kann (das mechanische Leben)\", lecture on the GfM panel \"Dysfunktionale Organe: Zur Logik des Lebendigen im Kino\", Potsdam, October 7, 2011.<\/li>\n<!-- \/wp:list-item -->\n\n<!-- wp:list-item {\"translatedWithWPMLTM\":\"1\"} -->\n<li>\"Delayed Presence: Experiencing the Afterimages of AIDS\", talk at the international conference \"Import - Export - Transport: Queer Theory, Queer Critique and Activism in Motion\", Vienna, 28-30.04.2011.<\/li>\n<!-- \/wp:list-item -->\n\n<!-- wp:list-item {\"translatedWithWPMLTM\":\"1\"} -->\n<li>Introduction to \"N\u00e9nette et Boni\" as part of the Claire Denis retrospective at Kino Arsenal, Berlin, October 15, 2010.<\/li>\n<!-- \/wp:list-item -->\n\n<!-- wp:list-item {\"translatedWithWPMLTM\":\"1\"} -->\n<li>\"Projecting Life (After the Revolution): Walter Benjamin, Judith Butler and Rainer Werner Fassbinder\", talk at the conference \"Emerging Forms of Sociality\", Frankfurt a.M., 30.09.-02.10.2010.<\/li>\n<!-- \/wp:list-item -->\n\n<!-- wp:list-item {\"translatedWithWPMLTM\":\"1\"} -->\n<li>\"The Experience of Lost Causes: Postvitalism and Historiography in Cinema\", talk at the panel \"Lost Causes, Pending Cases: Film Theories of Historicity\", Network for European Cinema and Media Studies (NECS): Urban Mediations, Istanbul, 24-27. 2010.<\/li>\n<!-- \/wp:list-item -->\n\n<!-- wp:list-item {\"translatedWithWPMLTM\":\"1\"} -->\n<li>Lecture at the panel \"Film Studies Between Text and the Body\", NECS: Budapest, 19-22.06.2008.<\/li>\n<!-- \/wp:list-item -->\n\n<!-- wp:list-item {\"translatedWithWPMLTM\":\"1\"} -->\n<li>\"Cine-Aesthetic Experience Between Art and Science\", talk, \"Art and Research - New Interfaces: European Doctoral Seminar in Culture, Criticism and Creativity\", Copenhagen, 05-07.06.2008.<\/li>\n<!-- \/wp:list-item -->\n\n<!-- wp:list-item {\"translatedWithWPMLTM\":\"1\"} -->\n<li>\"Queer Life after the 'Crushed Rebellion': AIDS and Cinematic Work of Mourning in Todd Haynes's 'Safe'\", talk at the conference \"That's What a Chameleon Looks Like: Imagination, Illusion, Immersion\", Berlin, 31.01.-02.02.2008.<\/li>\n<!-- \/wp:list-item -->\n\n<!-- wp:list-item {\"translatedWithWPMLTM\":\"1\"} -->\n<li>\"Schau und Spiel: \u00dcber das Erkenntnispotential des Kinos\", talk at the IFK Summer Academy, \"Mind Game Movies: Zur Philosophie einer neuen Filmform\", Maria Taferl, 12-18.08.2007.<\/li>\n<!-- \/wp:list-item -->\n\n<!-- wp:list-item {\"translatedWithWPMLTM\":\"1\"} -->\n<li>Talk at the 1st colloquium of young scholars at the 12th International Symposium on Film \"Wort und Fleisch: Kino im Spannungsfeld von Text und K\u00f6rper\", Bremen, January 18-21, 2007.<\/li>\n<!-- \/wp:list-item -->\n\n<!-- wp:list-item {\"translatedWithWPMLTM\":\"1\"} -->\n<li>\"Zuf\u00fcgen, Tilgen und Belassen: \u00dcber die \u00c4sthetik des Unvollkommenen und den Chiasmus der Kinogeschichte\", talk for the symposium \"Kratzer und Unsch\u00e4rfen: Ann\u00e4herung an eine \u00c4sthetik des Unvollkommenen\", Giessen, 27-29.10.2006.<\/li>\n<!-- \/wp:list-item --><\/ol>\n<!-- \/wp:list -->\n\n<!-- wp:paragraph -->\n<p class=\"has-big-font-size\"><\/p>\n<!-- \/wp:paragraph -->\n\n<!-- wp:paragraph {\"translatedWithWPMLTM\":\"1\"} -->\n<p class=\"has-big-font-size\">Science Communication<\/p>\n<!-- \/wp:paragraph -->\n\n<!-- wp:list {\"ordered\":true} -->\n<ol class=\"wp-block-list\"><!-- wp:list-item {\"translatedWithWPMLTM\":\"1\"} -->\n<li>\"Demokratie im Gespr\u00e4ch: Protest im digitalen Zeitalter\", Bavarian State Center for Political Education and Bavarian Adult Education Association, online, 14.10.2020.<\/li>\n<!-- \/wp:list-item -->\n\n<!-- wp:list-item {\"translatedWithWPMLTM\":\"1\"} -->\n<li>\"Aufmerksamkeitsstrategien des Videoaktivimus im Social Web\", NDR Webvideo Days, Hamburg, 05.12.2018.<\/li>\n<!-- \/wp:list-item -->\n\n<!-- wp:list-item {\"translatedWithWPMLTM\":\"1\"} -->\n<li>\"\u00d6ffentlichkeit und Aktivismus auf YouTube\", discussion round after the lecture as part of the Dies academicus, Catholic Private University Linz, 16.11.2017.<\/li>\n<!-- \/wp:list-item -->\n\n<!-- wp:list-item {\"translatedWithWPMLTM\":\"1\"} -->\n<li>\"Aktivisten der digitalen Revolution\", conversation with Rainer Sch\u00fcller (Der Standard), Humanities Festival Vienna, 23.09.2017.<\/li>\n<!-- \/wp:list-item -->\n\n<!-- wp:list-item {\"translatedWithWPMLTM\":\"1\"} -->\n<li>\"Was bedeutet Trumps Wahlsieg f\u00fcr den kulturellen Protest?\", interview in the program \"Kompressor: Das Popkulturmagazin\", Deutschlandradio Kultur, 14.11.2016.<\/li>\n<!-- \/wp:list-item -->\n\n<!-- wp:list-item {\"translatedWithWPMLTM\":\"1\"} -->\n<li>\"Alltagsrassismus in Deutschland\", interview with Christine Batty about witness videos and #BlackLivesMatter in the <em>call-in program<\/em>\"Kosmo\", Funkhaus Europa, 12.07.2016.<\/li>\n<!-- \/wp:list-item -->\n\n<!-- wp:list-item {\"translatedWithWPMLTM\":\"1\"} -->\n<li>\"Die Macht der Augenzeugen: Der Medienwissenschaftler Chris Tedjasukmana analysiert Videoaktivismus im Netz 2.0\", interview with Ralf Hutter, Neues Deutschland, 06.04.2016.<\/li>\n<!-- \/wp:list-item --><\/ol>\n<!-- \/wp:list -->\n<!-- \/wp:jgu\/tabs-item -->\n\n<!-- wp:jgu\/tabs-item {\"title\":\"Teaching\",\"slug\":\"teaching\"} -->\n<!-- wp:jgu\/jogustine {\"instructor\":\"Tedjasukmana\"} \/-->\n<!-- \/wp:jgu\/tabs-item -->\n\n<!-- wp:jgu\/tabs-item {\"title\":\"Information for students\/graduates\",\"slug\":\"information-for-students-abs\"} -->\n<!-- wp:paragraph {\"fontSize\":\"small\",\"translatedWithWPMLTM\":\"1\"} -->\n<p class=\"has-small-font-size\"><strong>Information for students and graduates:<\/strong><\/p>\n<!-- \/wp:paragraph -->\n\n<!-- wp:paragraph {\"fontSize\":\"small\",\"translatedWithWPMLTM\":\"1\"} -->\n<p class=\"has-small-font-size\">If you would like to ask me to be the <strong>supervisor\/evaluator<\/strong> of your bachelor's, master's degree or doctoral thesis, I am generally happy to guide you through the process. Before you contact me, please make sure that <\/p>\n<!-- \/wp:paragraph -->\n\n<!-- wp:list {\"fontSize\":\"small\"} -->\n<ul class=\"wp-block-list has-small-font-size\"><!-- wp:list-item {\"translatedWithWPMLTM\":\"1\"} -->\n<li>your planned project roughly overlaps with my research interests and<\/li>\n<!-- \/wp:list-item -->\n\n<!-- wp:list-item {\"translatedWithWPMLTM\":\"1\"} -->\n<li>you explain in a short research proposal (0.5 A4 pages) which topic your work will deal with.<\/li>\n<!-- \/wp:list-item --><\/ul>\n<!-- \/wp:list -->\n\n<!-- wp:paragraph {\"fontSize\":\"small\",\"translatedWithWPMLTM\":\"1\"} -->\n<p class=\"has-small-font-size\">For <strong>registrations in Bachelor's or Master's theses<\/strong>: Please leave your registration form at the Film Studies office for signature, where you can pick it up again. An individual consultation hour is not necessary for second supervisions. <\/p>\n<!-- \/wp:paragraph -->\n\n<!-- wp:paragraph {\"fontSize\":\"small\",\"translatedWithWPMLTM\":\"1\"} -->\n<p class=\"has-small-font-size\">If you need a letter of <strong>recommendation<\/strong>, I will be happy to write it for you. Please understand that you should have attended and actively participated in at least one of my courses so that I have an adequate basis for my assessment. Please contact me 4-6 weeks before the application deadline and include your CV, your letter of motivation and some information about the institution you are applying to.<br \/>Thank you.  <\/p>\n<!-- \/wp:paragraph -->\n<!-- \/wp:jgu\/tabs-item -->\n\n<!-- wp:jgu\/tabs-item {\"title\":\"Consultation hour\",\"slug\":\"consultation hour\"} -->\n<!-- wp:paragraph {\"fontSize\":\"small\",\"translatedWithWPMLTM\":\"1\"} -->\n<p class=\"has-small-font-size\">Consultation hours will always take place digitally. Please log in <a href=\"https:\/\/nuudel.digitalcourage.de\/tzDM1k9Xly9arjnG\" target=\"_blank\" rel=\"noreferrer noopener\">here<\/a> in advance. When registering, you will find a link that will take you to my consultation room on MS Teams. The standard duration of consultation hours is 15 minutes.   <\/p>\n<!-- \/wp:paragraph -->\n\n<!-- wp:paragraph {\"fontSize\":\"small\",\"translatedWithWPMLTM\":\"1\"} -->\n<p class=\"has-small-font-size\">My office is located on the ground floor of JGU Mainz's media building (Wallstra\u00dfe 11). The room number is 00-256. <\/p>\n<!-- \/wp:paragraph -->\n<!-- \/wp:jgu\/tabs-item -->\n\n<!-- wp:jgu\/tabs-item {\"title\":\"Contact\",\"slug\":\"contact\"} -->\n<!-- wp:paragraph {\"fontSize\":\"small\",\"translatedWithWPMLTM\":\"1\"} -->\n<p class=\"has-small-font-size\"><strong>Univ.-Prof. Dr. Chris Tedjasukmana<\/strong><br \/>Professorship for Everyday Media and Digital Cultures<br \/>Johannes Gutenberg University Mainz<br \/>Faculty 05<br \/>Institute for Film, Theatre, Media and Cultural Studies<\/p>\n<!-- \/wp:paragraph -->\n\n<!-- wp:paragraph {\"fontSize\":\"small\",\"translatedWithWPMLTM\":\"1\"} -->\n<p class=\"has-small-font-size\">Phone: +49 6131 39-22874<br \/>E-mail: <a href=\"mailto:tedjasukmana@uni-mainz.de\">tedjasukmana@uni-mainz.de<\/a><\/p>\n<!-- \/wp:paragraph -->\n<!-- \/wp:jgu\/tabs-item -->\n<!-- \/wp:jgu\/tabs --><\/div>\n<!-- \/wp:column --><\/div>\n<!-- \/wp:columns --><\/div>\n<!-- \/wp:column --><\/div>\n<!-- \/wp:columns -->\n\n<!-- wp:group {\"layout\":{\"type\":\"constrained\"}} -->\n<div class=\"wp-block-group\"><!-- wp:group {\"layout\":{\"type\":\"flex\",\"flexWrap\":\"nowrap\"}} -->\n<div class=\"wp-block-group\"><!-- wp:columns {\"className\":\"\"} -->\n<div class=\"wp-block-columns\"><!-- wp:column {\"width\":\"100%\"} -->\n<div class=\"wp-block-column\" style=\"flex-basis:100%\"><!-- wp:group {\"layout\":{\"type\":\"constrained\"}} -->\n<div class=\"wp-block-group\"><\/div>\n<!-- \/wp:group --><\/div>\n<!-- \/wp:column --><\/div>\n<!-- \/wp:columns --><\/div>\n<!-- \/wp:group --><\/div>\n<!-- \/wp:group --><\/div><\/div>\n<!-- \/wp:jgu\/section --><\/div>\n<!-- \/wp:column --><\/div>\n<!-- \/wp:columns -->","_links":{"self":[{"href":"https:\/\/alltagsmedien.ftmk.uni-mainz.de\/en\/wp-json\/wp\/v2\/pages\/11866","targetHints":{"allow":["GET"]}}],"collection":[{"href":"https:\/\/alltagsmedien.ftmk.uni-mainz.de\/en\/wp-json\/wp\/v2\/pages"}],"about":[{"href":"https:\/\/alltagsmedien.ftmk.uni-mainz.de\/en\/wp-json\/wp\/v2\/types\/page"}],"author":[{"embeddable":true,"href":"https:\/\/alltagsmedien.ftmk.uni-mainz.de\/en\/wp-json\/wp\/v2\/users\/2184"}],"replies":[{"embeddable":true,"href":"https:\/\/alltagsmedien.ftmk.uni-mainz.de\/en\/wp-json\/wp\/v2\/comments?post=11866"}],"version-history":[{"count":15,"href":"https:\/\/alltagsmedien.ftmk.uni-mainz.de\/en\/wp-json\/wp\/v2\/pages\/11866\/revisions"}],"predecessor-version":[{"id":12360,"href":"https:\/\/alltagsmedien.ftmk.uni-mainz.de\/en\/wp-json\/wp\/v2\/pages\/11866\/revisions\/12360"}],"wp:attachment":[{"href":"https:\/\/alltagsmedien.ftmk.uni-mainz.de\/en\/wp-json\/wp\/v2\/media?parent=11866"}],"wp:term":[{"taxonomy":"category","embeddable":true,"href":"https:\/\/alltagsmedien.ftmk.uni-mainz.de\/en\/wp-json\/wp\/v2\/categories?post=11866"},{"taxonomy":"post_tag","embeddable":true,"href":"https:\/\/alltagsmedien.ftmk.uni-mainz.de\/en\/wp-json\/wp\/v2\/tags?post=11866"}],"curies":[{"name":"wp","href":"https:\/\/api.w.org\/{rel}","templated":true}]}}